{"id":163,"date":"2025-07-14T06:59:14","date_gmt":"2025-07-14T06:59:14","guid":{"rendered":"https:\/\/brueckenbauer.kulturundwir.de\/?page_id=163"},"modified":"2025-12-30T09:30:10","modified_gmt":"2025-12-30T09:30:10","slug":"louis-lamm","status":"publish","type":"page","link":"https:\/\/brueckenbauer.kulturundwir.de\/index.php\/louis-lamm\/","title":{"rendered":"LOUIS LAMM"},"content":{"rendered":"<div id=\"pl-163\"  class=\"panel-layout\" ><div id=\"pg-163-0\"  class=\"panel-grid panel-no-style\" ><div id=\"pgc-163-0-0\"  class=\"panel-grid-cell\" ><div id=\"panel-163-0-0-0\" class=\"so-panel widget widget_sow-editor panel-first-child panel-last-child\" data-index=\"0\" ><div\n\t\t\t\n\t\t\tclass=\"so-widget-sow-editor so-widget-sow-editor-base\"\n\t\t\t\n\t\t><h3 class=\"widget-title\">LOUIS LAMM<\/h3>\n<div class=\"siteorigin-widget-tinymce textwidget\">\n\t<p><strong><span class=\"fontstyle0\">*1871 \u20201943<\/span><\/strong><\/p>\n<p><span class=\"fontstyle0\">Aufgewachsen in <strong>Buttenwiesen, <\/strong><\/span><span class=\"fontstyle0\">Buchh\u00e4ndler, Antiquar und <\/span><span class=\"fontstyle0\">Verleger<\/span>.<\/p>\n<\/div>\n<\/div><\/div><\/div><\/div><div id=\"pg-163-1\"  class=\"panel-grid panel-has-style\" ><div class=\"panel-row-style panel-row-style-for-163-1\" ><div id=\"pgc-163-1-0\"  class=\"panel-grid-cell panel-grid-cell-empty\" ><\/div><\/div><\/div><div id=\"pg-163-2\"  class=\"panel-grid panel-no-style\" ><div id=\"pgc-163-2-0\"  class=\"panel-grid-cell\" ><div id=\"panel-163-2-0-0\" class=\"so-panel widget widget_sow-image panel-first-child panel-last-child\" data-index=\"1\" ><div\n\t\t\t\n\t\t\tclass=\"so-widget-sow-image so-widget-sow-image-default-8b5b6f678277-163\"\n\t\t\t\n\t\t>\n<div class=\"sow-image-container\">\n\t\t<img \n\tsrc=\"https:\/\/brueckenbauer.kulturundwir.de\/wp-content\/uploads\/2025\/07\/Louis-Lamm-1.png\" width=\"363\" height=\"512\" srcset=\"https:\/\/brueckenbauer.kulturundwir.de\/wp-content\/uploads\/2025\/07\/Louis-Lamm-1.png 363w, https:\/\/brueckenbauer.kulturundwir.de\/wp-content\/uploads\/2025\/07\/Louis-Lamm-1-213x300.png 213w\" sizes=\"(max-width: 363px) 100vw, 363px\" title=\"Luis Lamm\" alt=\"\" \t\tclass=\"so-widget-image\"\/>\n\t<\/div>\n\n<\/div><\/div><\/div><div id=\"pgc-163-2-1\"  class=\"panel-grid-cell\" ><div id=\"panel-163-2-1-0\" class=\"so-panel widget widget_sow-image panel-first-child\" data-index=\"2\" ><div\n\t\t\t\n\t\t\tclass=\"so-widget-sow-image so-widget-sow-image-default-8b5b6f678277-163\"\n\t\t\t\n\t\t>\n<div class=\"sow-image-container\">\n\t\t<img \n\tsrc=\"https:\/\/brueckenbauer.kulturundwir.de\/wp-content\/uploads\/2025\/10\/lamm-c215.jpg\" width=\"1000\" height=\"1333\" srcset=\"https:\/\/brueckenbauer.kulturundwir.de\/wp-content\/uploads\/2025\/10\/lamm-c215.jpg 1000w, https:\/\/brueckenbauer.kulturundwir.de\/wp-content\/uploads\/2025\/10\/lamm-c215-225x300.jpg 225w, https:\/\/brueckenbauer.kulturundwir.de\/wp-content\/uploads\/2025\/10\/lamm-c215-768x1024.jpg 768w\" sizes=\"(max-width: 1000px) 100vw, 1000px\" alt=\"\" \t\tclass=\"so-widget-image\"\/>\n\t<\/div>\n\n<\/div><\/div><div id=\"panel-163-2-1-1\" class=\"so-panel widget widget_sow-editor panel-last-child\" data-index=\"3\" ><div\n\t\t\t\n\t\t\tclass=\"so-widget-sow-editor so-widget-sow-editor-base\"\n\t\t\t\n\t\t><h3 class=\"widget-title\">Louis Lamm<\/h3>\n<div class=\"siteorigin-widget-tinymce textwidget\">\n\t<p>Bildnis von Louis Lamm vom franz\u00f6sischen Streetart-K\u00fcnstler\u00a0<a href=\"https:\/\/brueckenbauer.kulturundwir.de\/index.php\/c215\/\">Christian Gu\u00e9my alias C215<\/a> in Streetart-Schablonentechnik am 30. September 2025 in Buttenwiesen, Herdweg 15 gefertigt.<\/p>\n<\/div>\n<\/div><\/div><\/div><\/div><div id=\"pg-163-3\"  class=\"panel-grid panel-has-style\" ><div class=\"panel-row-style panel-row-style-for-163-3\" ><div id=\"pgc-163-3-0\"  class=\"panel-grid-cell panel-grid-cell-empty\" ><\/div><\/div><\/div><div id=\"pg-163-4\"  class=\"panel-grid panel-no-style\" ><div id=\"pgc-163-4-0\"  class=\"panel-grid-cell\" ><div id=\"panel-163-4-0-0\" class=\"so-panel widget widget_sow-image panel-first-child panel-last-child\" data-index=\"4\" ><div\n\t\t\t\n\t\t\tclass=\"so-widget-sow-image so-widget-sow-image-default-8b5b6f678277-163\"\n\t\t\t\n\t\t>\n<div class=\"sow-image-container\">\n\t\t<img \n\tsrc=\"https:\/\/brueckenbauer.kulturundwir.de\/wp-content\/uploads\/2025\/12\/DSCF5022-001.jpg\" width=\"403\" height=\"603\" srcset=\"https:\/\/brueckenbauer.kulturundwir.de\/wp-content\/uploads\/2025\/12\/DSCF5022-001.jpg 403w, https:\/\/brueckenbauer.kulturundwir.de\/wp-content\/uploads\/2025\/12\/DSCF5022-001-200x300.jpg 200w\" sizes=\"(max-width: 403px) 100vw, 403px\" title=\"RSM Lamm\" alt=\"\" \t\tclass=\"so-widget-image\"\/>\n\t<\/div>\n\n<\/div><\/div><\/div><div id=\"pgc-163-4-1\"  class=\"panel-grid-cell\" ><div id=\"panel-163-4-1-0\" class=\"so-panel widget widget_sow-image panel-first-child panel-last-child\" data-index=\"5\" ><div\n\t\t\t\n\t\t\tclass=\"so-widget-sow-image so-widget-sow-image-default-8b5b6f678277-163\"\n\t\t\t\n\t\t>\n<div class=\"sow-image-container\">\n\t\t<img \n\tsrc=\"https:\/\/brueckenbauer.kulturundwir.de\/wp-content\/uploads\/2025\/12\/DSCF5027-001.jpg\" width=\"402\" height=\"602\" srcset=\"https:\/\/brueckenbauer.kulturundwir.de\/wp-content\/uploads\/2025\/12\/DSCF5027-001.jpg 402w, https:\/\/brueckenbauer.kulturundwir.de\/wp-content\/uploads\/2025\/12\/DSCF5027-001-200x300.jpg 200w\" sizes=\"(max-width: 402px) 100vw, 402px\" title=\"RSM Lamm\" alt=\"\" \t\tclass=\"so-widget-image\"\/>\n\t<\/div>\n\n<\/div><\/div><\/div><\/div><div id=\"pg-163-5\"  class=\"panel-grid panel-no-style\" ><div id=\"pgc-163-5-0\"  class=\"panel-grid-cell\" ><div id=\"panel-163-5-0-0\" class=\"so-panel widget widget_sow-editor panel-first-child panel-last-child\" data-index=\"6\" ><div\n\t\t\t\n\t\t\tclass=\"so-widget-sow-editor so-widget-sow-editor-base\"\n\t\t\t\n\t\t>\n<div class=\"siteorigin-widget-tinymce textwidget\">\n\t<p>Diese Streetart-Werke wurden von Sch\u00fclerinnen und Sch\u00fclern der <strong>Max-Josef-Metzger-Realschule Meitingen<\/strong> gestaltet.<\/p>\n<p>Mehr zur Schule und den Standorten <a href=\"https:\/\/brueckenbauer.kulturundwir.de\/index.php\/dr-max-josef-metzger-realschule-meitingen\/\">hier...<\/a><\/p>\n<\/div>\n<\/div><\/div><\/div><\/div><div id=\"pg-163-6\"  class=\"panel-grid panel-has-style\" ><div class=\"panel-row-style panel-row-style-for-163-6\" ><div id=\"pgc-163-6-0\"  class=\"panel-grid-cell panel-grid-cell-empty\" ><\/div><\/div><\/div><div id=\"pg-163-7\"  class=\"panel-grid panel-no-style\" ><div id=\"pgc-163-7-0\"  class=\"panel-grid-cell\" ><div id=\"panel-163-7-0-0\" class=\"so-panel widget widget_sow-editor panel-first-child panel-last-child\" data-index=\"7\" ><div\n\t\t\t\n\t\t\tclass=\"so-widget-sow-editor so-widget-sow-editor-base\"\n\t\t\t\n\t\t><h3 class=\"widget-title\">LOUIS LAMM<\/h3>\n<div class=\"siteorigin-widget-tinymce textwidget\">\n\t<p>*1871 \u2020 19. November 1943 im Konzentrationslager Auschwitz<\/p>\n<p>Deutscher Buchh\u00e4ndler, Antiquar und Verleger j\u00fcdischen Glaubens. Louis wuchs mit sechs Geschwistern auf. 1874 kam er mit seiner Familie nach Buttenwiesen. Er f\u00fchrte ab 1903 in Berlin eines der wichtigsten Antiquariate in Deutschland. Und nicht zuletzt wirkte L. Lamm als Autor in seinem Verlag vorwiegend mit Themen \u00fcber das Judentum in Deutschland, \u00fcber sein Wirken als Antiquar und auch als Autor und Herausgeber von Antiquariatskatalogen.<\/p>\n<p>Mehr zu Louis Lamm bei Wikipedia <a href=\"https:\/\/de.wikipedia.org\/wiki\/Louis_Lamm\" target=\"_blank\" rel=\"noopener\">hier...<\/a><\/p>\n<\/div>\n<\/div><\/div><\/div><\/div><div id=\"pg-163-8\"  class=\"panel-grid panel-has-style\" ><div class=\"panel-row-style panel-row-style-for-163-8\" ><div id=\"pgc-163-8-0\"  class=\"panel-grid-cell panel-grid-cell-empty\" ><\/div><\/div><\/div><\/div>","protected":false},"excerpt":{"rendered":"<p>*1871 \u20201943 Aufgewachsen in Buttenwiesen, Buchh\u00e4ndler, Antiquar und Verleger.<\/p>\n","protected":false},"author":1,"featured_media":0,"parent":0,"menu_order":0,"comment_status":"closed","ping_status":"closed","template":"","meta":{"footnotes":""},"class_list":["post-163","page","type-page","status-publish","hentry","post"],"_links":{"self":[{"href":"https:\/\/brueckenbauer.kulturundwir.de\/index.php\/wp-json\/wp\/v2\/pages\/163","targetHints":{"allow":["GET"]}}],"collection":[{"href":"https:\/\/brueckenbauer.kulturundwir.de\/index.php\/wp-json\/wp\/v2\/pages"}],"about":[{"href":"https:\/\/brueckenbauer.kulturundwir.de\/index.php\/wp-json\/wp\/v2\/types\/page"}],"author":[{"embeddable":true,"href":"https:\/\/brueckenbauer.kulturundwir.de\/index.php\/wp-json\/wp\/v2\/users\/1"}],"replies":[{"embeddable":true,"href":"https:\/\/brueckenbauer.kulturundwir.de\/index.php\/wp-json\/wp\/v2\/comments?post=163"}],"version-history":[{"count":9,"href":"https:\/\/brueckenbauer.kulturundwir.de\/index.php\/wp-json\/wp\/v2\/pages\/163\/revisions"}],"predecessor-version":[{"id":760,"href":"https:\/\/brueckenbauer.kulturundwir.de\/index.php\/wp-json\/wp\/v2\/pages\/163\/revisions\/760"}],"wp:attachment":[{"href":"https:\/\/brueckenbauer.kulturundwir.de\/index.php\/wp-json\/wp\/v2\/media?parent=163"}],"curies":[{"name":"wp","href":"https:\/\/api.w.org\/{rel}","templated":true}]}}