{"id":30,"date":"2025-07-11T14:05:30","date_gmt":"2025-07-11T14:05:30","guid":{"rendered":"https:\/\/brueckenbauer.kulturundwir.de\/?page_id=30"},"modified":"2026-01-15T08:39:18","modified_gmt":"2026-01-15T08:39:18","slug":"sponsoren","status":"publish","type":"page","link":"https:\/\/brueckenbauer.kulturundwir.de\/index.php\/sponsoren\/","title":{"rendered":"SPONSOREN"},"content":{"rendered":"<div id=\"pl-30\"  class=\"panel-layout\" ><div id=\"pg-30-0\"  class=\"panel-grid panel-no-style\" ><div id=\"pgc-30-0-0\"  class=\"panel-grid-cell\" ><div id=\"panel-30-0-0-0\" class=\"so-panel widget widget_sow-editor panel-first-child panel-last-child\" data-index=\"0\" ><div\n\t\t\t\n\t\t\tclass=\"so-widget-sow-editor so-widget-sow-editor-base\"\n\t\t\t\n\t\t>\n<div class=\"siteorigin-widget-tinymce textwidget\">\n\t<h4>Ein Projekt dieser Gr\u00f6\u00dfenordnung kann nur gelingen, wenn die gro\u00dfz\u00fcgige Unterst\u00fctzung von Sponsoren vorhanden ist.<\/h4>\n<h4>Wir danken allen, die mit Geld und Sachleistungen das Projekt \"Br\u00fcckenbauer\" erm\u00f6glichen.<\/h4>\n<\/div>\n<\/div><\/div><\/div><\/div><div id=\"pg-30-1\"  class=\"panel-grid panel-has-style\" ><div class=\"panel-row-style panel-row-style-for-30-1\" ><div id=\"pgc-30-1-0\"  class=\"panel-grid-cell panel-grid-cell-empty\" ><\/div><\/div><\/div><div id=\"pg-30-2\"  class=\"panel-grid panel-no-style\" ><div id=\"pgc-30-2-0\"  class=\"panel-grid-cell\" ><div id=\"panel-30-2-0-0\" class=\"so-panel widget widget_sow-editor panel-first-child panel-last-child\" data-index=\"1\" ><div\n\t\t\t\n\t\t\tclass=\"so-widget-sow-editor so-widget-sow-editor-base\"\n\t\t\t\n\t\t><h3 class=\"widget-title\">Landkreis Dillingen a.d.Donau<\/h3>\n<div class=\"siteorigin-widget-tinymce textwidget\">\n\t<p>Unterst\u00fctzer, F\u00f6rderer<\/p>\n<p><a href=\"https:\/\/www.landkreis-dillingen.de\" target=\"_blank\" rel=\"noopener\">https:\/\/www.landkreis-dillingen.de<\/a><\/p>\n<\/div>\n<\/div><\/div><\/div><div id=\"pgc-30-2-1\"  class=\"panel-grid-cell\" ><div id=\"panel-30-2-1-0\" class=\"so-panel widget widget_sow-image panel-first-child panel-last-child\" data-index=\"2\" ><div\n\t\t\t\n\t\t\tclass=\"so-widget-sow-image so-widget-sow-image-default-4e6925654b7a-30\"\n\t\t\t\n\t\t>\n<div class=\"sow-image-container\">\n\t\t\t<a href=\"https:\/\/www.landkreis-dillingen.de\"\n\t\t\ttarget=\"_blank\" rel=\"noopener noreferrer\" \t\t>\n\t\t\t<img \n\tsrc=\"https:\/\/brueckenbauer.kulturundwir.de\/wp-content\/uploads\/2025\/07\/Landkreis-DILLINGEN_Logo_rgb_800px-300x253.png\" width=\"200\" height=\"169\" srcset=\"https:\/\/brueckenbauer.kulturundwir.de\/wp-content\/uploads\/2025\/07\/Landkreis-DILLINGEN_Logo_rgb_800px-300x253.png 300w, https:\/\/brueckenbauer.kulturundwir.de\/wp-content\/uploads\/2025\/07\/Landkreis-DILLINGEN_Logo_rgb_800px-768x647.png 768w, https:\/\/brueckenbauer.kulturundwir.de\/wp-content\/uploads\/2025\/07\/Landkreis-DILLINGEN_Logo_rgb_800px.png 800w\" sizes=\"(max-width: 200px) 100vw, 200px\" title=\"Landkreis DILLINGEN_Logo_rgb_800px\" alt=\"\" \t\tclass=\"so-widget-image\"\/>\n\t\t\t<\/a><\/div>\n\n<\/div><\/div><\/div><\/div><div id=\"pg-30-3\"  class=\"panel-grid panel-has-style\" ><div class=\"panel-row-style panel-row-style-for-30-3\" ><div id=\"pgc-30-3-0\"  class=\"panel-grid-cell panel-grid-cell-empty\" ><\/div><\/div><\/div><div id=\"pg-30-4\"  class=\"panel-grid panel-no-style\" ><div id=\"pgc-30-4-0\"  class=\"panel-grid-cell panel-grid-cell-mobile-last\" ><div id=\"panel-30-4-0-0\" class=\"so-panel widget widget_sow-editor panel-first-child panel-last-child\" data-index=\"3\" ><div\n\t\t\t\n\t\t\tclass=\"so-widget-sow-editor so-widget-sow-editor-base\"\n\t\t\t\n\t\t><h3 class=\"widget-title\">Landrat Markus M\u00fcller<\/h3>\n<div class=\"siteorigin-widget-tinymce textwidget\">\n\t<p>Schirmherr, Unterst\u00fctzer<\/p>\n<p><a href=\"https:\/\/www.landkreis-dillingen.de\/landkreis-buergerservice\/landkreis\/grusswort\" target=\"_blank\" rel=\"noopener\">Landrat Markus M\u00fcller<\/a><\/p>\n<\/div>\n<\/div><\/div><\/div><div id=\"pgc-30-4-1\"  class=\"panel-grid-cell panel-grid-cell-empty\" ><\/div><\/div><div id=\"pg-30-5\"  class=\"panel-grid panel-has-style\" ><div class=\"panel-row-style panel-row-style-for-30-5\" ><div id=\"pgc-30-5-0\"  class=\"panel-grid-cell panel-grid-cell-empty\" ><\/div><\/div><\/div><div id=\"pg-30-6\"  class=\"panel-grid panel-no-style\" ><div id=\"pgc-30-6-0\"  class=\"panel-grid-cell\" ><div id=\"panel-30-6-0-0\" class=\"so-panel widget widget_sow-editor panel-first-child panel-last-child\" data-index=\"4\" ><div\n\t\t\t\n\t\t\tclass=\"so-widget-sow-editor so-widget-sow-editor-base\"\n\t\t\t\n\t\t><h3 class=\"widget-title\">DLG \u2013 Kultur und Wir e.V.<\/h3>\n<div class=\"siteorigin-widget-tinymce textwidget\">\n\t<p>Veranstalter<br \/>\n<a href=\"https:\/\/kulturundwir.de\" target=\"_blank\" rel=\"noopener\">https:\/\/kulturundwir.de<\/a><\/p>\n<\/div>\n<\/div><\/div><\/div><div id=\"pgc-30-6-1\"  class=\"panel-grid-cell\" ><div id=\"panel-30-6-1-0\" class=\"so-panel widget widget_sow-image panel-first-child panel-last-child\" data-index=\"5\" ><div\n\t\t\t\n\t\t\tclass=\"so-widget-sow-image so-widget-sow-image-default-8b5b6f678277-30\"\n\t\t\t\n\t\t>\n<div class=\"sow-image-container\">\n\t\t<img \n\tsrc=\"https:\/\/brueckenbauer.kulturundwir.de\/wp-content\/uploads\/2025\/07\/Logo_kultur-und-wir_4C-k-300x186.jpg\" width=\"300\" height=\"186\" srcset=\"https:\/\/brueckenbauer.kulturundwir.de\/wp-content\/uploads\/2025\/07\/Logo_kultur-und-wir_4C-k-300x186.jpg 300w, https:\/\/brueckenbauer.kulturundwir.de\/wp-content\/uploads\/2025\/07\/Logo_kultur-und-wir_4C-k-768x475.jpg 768w, https:\/\/brueckenbauer.kulturundwir.de\/wp-content\/uploads\/2025\/07\/Logo_kultur-und-wir_4C-k.jpg 1000w\" sizes=\"(max-width: 300px) 100vw, 300px\" alt=\"\" \t\tclass=\"so-widget-image\"\/>\n\t<\/div>\n\n<\/div><\/div><\/div><\/div><div id=\"pg-30-7\"  class=\"panel-grid panel-has-style\" ><div class=\"panel-row-style panel-row-style-for-30-7\" ><div id=\"pgc-30-7-0\"  class=\"panel-grid-cell panel-grid-cell-empty\" ><\/div><\/div><\/div><div id=\"pg-30-8\"  class=\"panel-grid panel-no-style\" ><div id=\"pgc-30-8-0\"  class=\"panel-grid-cell\" ><div id=\"panel-30-8-0-0\" class=\"so-panel widget widget_sow-editor panel-first-child panel-last-child\" data-index=\"6\" ><div\n\t\t\t\n\t\t\tclass=\"so-widget-sow-editor so-widget-sow-editor-base\"\n\t\t\t\n\t\t><h3 class=\"widget-title\">Sparkasse Nordschwaben<\/h3>\n<div class=\"siteorigin-widget-tinymce textwidget\">\n\t<p>Sponsor<\/p>\n<p><a href=\"https:\/\/www.sparkasse-nordschwaben.de\" target=\"_blank\" rel=\"noopener\">https:\/\/www.sparkasse-nordschwaben.de<\/a><\/p>\n<\/div>\n<\/div><\/div><\/div><div id=\"pgc-30-8-1\"  class=\"panel-grid-cell\" ><div id=\"panel-30-8-1-0\" class=\"so-panel widget widget_sow-image panel-first-child panel-last-child\" data-index=\"7\" ><div\n\t\t\t\n\t\t\tclass=\"so-widget-sow-image so-widget-sow-image-default-8b5b6f678277-30\"\n\t\t\t\n\t\t>\n<div class=\"sow-image-container\">\n\t\t\t<a href=\"https:\/\/www.sparkasse-nordschwaben.de\"\n\t\t\ttarget=\"_blank\" rel=\"noopener noreferrer\" \t\t>\n\t\t\t<img \n\tsrc=\"https:\/\/brueckenbauer.kulturundwir.de\/wp-content\/uploads\/2025\/07\/Sparkasse-Institutsmarke_SPK-NSW_WT_RHiGru-Kopie-300x112.jpg\" width=\"300\" height=\"112\" srcset=\"https:\/\/brueckenbauer.kulturundwir.de\/wp-content\/uploads\/2025\/07\/Sparkasse-Institutsmarke_SPK-NSW_WT_RHiGru-Kopie-300x112.jpg 300w, https:\/\/brueckenbauer.kulturundwir.de\/wp-content\/uploads\/2025\/07\/Sparkasse-Institutsmarke_SPK-NSW_WT_RHiGru-Kopie-768x286.jpg 768w, https:\/\/brueckenbauer.kulturundwir.de\/wp-content\/uploads\/2025\/07\/Sparkasse-Institutsmarke_SPK-NSW_WT_RHiGru-Kopie.jpg 952w\" sizes=\"(max-width: 300px) 100vw, 300px\" title=\"Sparkasse Institutsmarke_SPK-NSW_WT_RHiGru &#8211; Kopie\" alt=\"\" \t\tclass=\"so-widget-image\"\/>\n\t\t\t<\/a><\/div>\n\n<\/div><\/div><\/div><\/div><div id=\"pg-30-9\"  class=\"panel-grid panel-has-style\" ><div class=\"panel-row-style panel-row-style-for-30-9\" ><div id=\"pgc-30-9-0\"  class=\"panel-grid-cell panel-grid-cell-empty\" ><\/div><\/div><\/div><div id=\"pg-30-10\"  class=\"panel-grid panel-no-style\" ><div id=\"pgc-30-10-0\"  class=\"panel-grid-cell\" ><div id=\"panel-30-10-0-0\" class=\"so-panel widget widget_sow-editor panel-first-child panel-last-child\" data-index=\"8\" ><div\n\t\t\t\n\t\t\tclass=\"so-widget-sow-editor so-widget-sow-editor-base\"\n\t\t\t\n\t\t><h3 class=\"widget-title\">Rotary Club Dillingen<\/h3>\n<div class=\"siteorigin-widget-tinymce textwidget\">\n\t<p>Sponsor<\/p>\n<p><a href=\"https:\/\/dillingen-donau.rotary.de\" target=\"_blank\" rel=\"noopener\">https:\/\/dillingen-donau.rotary.de<\/a><\/p>\n<\/div>\n<\/div><\/div><\/div><div id=\"pgc-30-10-1\"  class=\"panel-grid-cell\" ><div id=\"panel-30-10-1-0\" class=\"so-panel widget widget_sow-image panel-first-child panel-last-child\" data-index=\"9\" ><div\n\t\t\t\n\t\t\tclass=\"so-widget-sow-image so-widget-sow-image-default-8b5b6f678277-30\"\n\t\t\t\n\t\t>\n<div class=\"sow-image-container\">\n\t\t<img \n\tsrc=\"https:\/\/brueckenbauer.kulturundwir.de\/wp-content\/uploads\/2025\/07\/312_dillingen-donau-300x91.png\" width=\"300\" height=\"91\" srcset=\"https:\/\/brueckenbauer.kulturundwir.de\/wp-content\/uploads\/2025\/07\/312_dillingen-donau-300x91.png 300w, https:\/\/brueckenbauer.kulturundwir.de\/wp-content\/uploads\/2025\/07\/312_dillingen-donau.png 310w\" sizes=\"(max-width: 300px) 100vw, 300px\" alt=\"\" \t\tclass=\"so-widget-image\"\/>\n\t<\/div>\n\n<\/div><\/div><\/div><\/div><div id=\"pg-30-11\"  class=\"panel-grid panel-has-style\" ><div class=\"panel-row-style panel-row-style-for-30-11\" ><div id=\"pgc-30-11-0\"  class=\"panel-grid-cell panel-grid-cell-empty\" ><\/div><\/div><\/div><div id=\"pg-30-12\"  class=\"panel-grid panel-no-style\" ><div id=\"pgc-30-12-0\"  class=\"panel-grid-cell\" ><div id=\"panel-30-12-0-0\" class=\"so-panel widget widget_sow-editor panel-first-child panel-last-child\" data-index=\"10\" ><div\n\t\t\t\n\t\t\tclass=\"so-widget-sow-editor so-widget-sow-editor-base\"\n\t\t\t\n\t\t><h3 class=\"widget-title\">Sparkassen Stiftung Bayern<\/h3>\n<div class=\"siteorigin-widget-tinymce textwidget\">\n\t<p>Sponsor<\/p>\n<p><a href=\"https:\/\/bayerische-sparkassenstiftung.de\" target=\"_blank\" rel=\"noopener\">https:\/\/bayerische-sparkassenstiftung.de<\/a><\/p>\n<\/div>\n<\/div><\/div><\/div><div id=\"pgc-30-12-1\"  class=\"panel-grid-cell\" ><div id=\"panel-30-12-1-0\" class=\"so-panel widget widget_sow-image panel-first-child panel-last-child\" data-index=\"11\" ><div\n\t\t\t\n\t\t\tclass=\"so-widget-sow-image so-widget-sow-image-default-8b5b6f678277-30\"\n\t\t\t\n\t\t>\n<div class=\"sow-image-container\">\n\t\t<img \n\tsrc=\"https:\/\/brueckenbauer.kulturundwir.de\/wp-content\/uploads\/2025\/07\/0724_PS-Sparen_Logo_rot_RGB_kl_Sparkassenstiftung-300x42.png\" width=\"300\" height=\"42\" srcset=\"https:\/\/brueckenbauer.kulturundwir.de\/wp-content\/uploads\/2025\/07\/0724_PS-Sparen_Logo_rot_RGB_kl_Sparkassenstiftung-300x42.png 300w, https:\/\/brueckenbauer.kulturundwir.de\/wp-content\/uploads\/2025\/07\/0724_PS-Sparen_Logo_rot_RGB_kl_Sparkassenstiftung-1024x145.png 1024w, https:\/\/brueckenbauer.kulturundwir.de\/wp-content\/uploads\/2025\/07\/0724_PS-Sparen_Logo_rot_RGB_kl_Sparkassenstiftung-768x108.png 768w, https:\/\/brueckenbauer.kulturundwir.de\/wp-content\/uploads\/2025\/07\/0724_PS-Sparen_Logo_rot_RGB_kl_Sparkassenstiftung-1536x217.png 1536w, https:\/\/brueckenbauer.kulturundwir.de\/wp-content\/uploads\/2025\/07\/0724_PS-Sparen_Logo_rot_RGB_kl_Sparkassenstiftung-2048x289.png 2048w\" sizes=\"(max-width: 300px) 100vw, 300px\" title=\"0724_PS-Sparen_Logo_rot_RGB_kl_Sparkassenstiftung\" alt=\"\" \t\tclass=\"so-widget-image\"\/>\n\t<\/div>\n\n<\/div><\/div><\/div><\/div><div id=\"pg-30-13\"  class=\"panel-grid panel-has-style\" ><div class=\"panel-row-style panel-row-style-for-30-13\" ><div id=\"pgc-30-13-0\"  class=\"panel-grid-cell panel-grid-cell-empty\" ><\/div><\/div><\/div><div id=\"pg-30-14\"  class=\"panel-grid panel-no-style\" ><div id=\"pgc-30-14-0\"  class=\"panel-grid-cell\" ><div id=\"panel-30-14-0-0\" class=\"so-panel widget widget_sow-editor panel-first-child panel-last-child\" data-index=\"12\" ><div\n\t\t\t\n\t\t\tclass=\"so-widget-sow-editor so-widget-sow-editor-base\"\n\t\t\t\n\t\t><h3 class=\"widget-title\">Sparkassen Stiftung Nordschwaben<\/h3>\n<div class=\"siteorigin-widget-tinymce textwidget\">\n\t<p>Sponsor<\/p>\n<p>&nbsp;<\/p>\n<\/div>\n<\/div><\/div><\/div><div id=\"pgc-30-14-1\"  class=\"panel-grid-cell\" ><div id=\"panel-30-14-1-0\" class=\"so-panel widget widget_sow-image panel-first-child panel-last-child\" data-index=\"13\" ><div\n\t\t\t\n\t\t\tclass=\"so-widget-sow-image so-widget-sow-image-default-8b5b6f678277-30\"\n\t\t\t\n\t\t>\n<div class=\"sow-image-container\">\n\t\t<img \n\tsrc=\"https:\/\/brueckenbauer.kulturundwir.de\/wp-content\/uploads\/2025\/08\/gefoerdert_von_der_Logo_Sparkassenstiftung_rot_pfade_-300x101.jpg\" width=\"300\" height=\"101\" srcset=\"https:\/\/brueckenbauer.kulturundwir.de\/wp-content\/uploads\/2025\/08\/gefoerdert_von_der_Logo_Sparkassenstiftung_rot_pfade_-300x101.jpg 300w, https:\/\/brueckenbauer.kulturundwir.de\/wp-content\/uploads\/2025\/08\/gefoerdert_von_der_Logo_Sparkassenstiftung_rot_pfade_-1024x344.jpg 1024w, https:\/\/brueckenbauer.kulturundwir.de\/wp-content\/uploads\/2025\/08\/gefoerdert_von_der_Logo_Sparkassenstiftung_rot_pfade_-768x258.jpg 768w, https:\/\/brueckenbauer.kulturundwir.de\/wp-content\/uploads\/2025\/08\/gefoerdert_von_der_Logo_Sparkassenstiftung_rot_pfade_-1536x515.jpg 1536w, https:\/\/brueckenbauer.kulturundwir.de\/wp-content\/uploads\/2025\/08\/gefoerdert_von_der_Logo_Sparkassenstiftung_rot_pfade_.jpg 1779w\" sizes=\"(max-width: 300px) 100vw, 300px\" alt=\"\" \t\tclass=\"so-widget-image\"\/>\n\t<\/div>\n\n<\/div><\/div><\/div><\/div><div id=\"pg-30-15\"  class=\"panel-grid panel-has-style\" ><div class=\"panel-row-style panel-row-style-for-30-15\" ><div id=\"pgc-30-15-0\"  class=\"panel-grid-cell panel-grid-cell-empty\" ><\/div><\/div><\/div><div id=\"pg-30-16\"  class=\"panel-grid panel-no-style\" ><div id=\"pgc-30-16-0\"  class=\"panel-grid-cell\" ><div id=\"panel-30-16-0-0\" class=\"so-panel widget widget_sow-editor panel-first-child panel-last-child\" data-index=\"14\" ><div\n\t\t\t\n\t\t\tclass=\"so-widget-sow-editor so-widget-sow-editor-base\"\n\t\t\t\n\t\t><h3 class=\"widget-title\">LEW Augsburg<\/h3>\n<div class=\"siteorigin-widget-tinymce textwidget\">\n\t<p>Projektpartner, Unterst\u00fctzer<br \/>\n<strong><a href=\"https:\/\/www.lew.de\">https:\/\/www.lew.de<\/a><\/strong><\/p>\n<\/div>\n<\/div><\/div><\/div><div id=\"pgc-30-16-1\"  class=\"panel-grid-cell\" ><div id=\"panel-30-16-1-0\" class=\"so-panel widget widget_sow-image panel-first-child panel-last-child\" data-index=\"15\" ><div\n\t\t\t\n\t\t\tclass=\"so-widget-sow-image so-widget-sow-image-default-8b5b6f678277-30\"\n\t\t\t\n\t\t>\n<div class=\"sow-image-container\">\n\t\t<img \n\tsrc=\"https:\/\/brueckenbauer.kulturundwir.de\/wp-content\/uploads\/2025\/07\/LEW-Logo-RGB-300x103.png\" width=\"200\" height=\"69\" srcset=\"https:\/\/brueckenbauer.kulturundwir.de\/wp-content\/uploads\/2025\/07\/LEW-Logo-RGB-300x103.png 300w, https:\/\/brueckenbauer.kulturundwir.de\/wp-content\/uploads\/2025\/07\/LEW-Logo-RGB-1024x350.png 1024w, https:\/\/brueckenbauer.kulturundwir.de\/wp-content\/uploads\/2025\/07\/LEW-Logo-RGB-768x263.png 768w, https:\/\/brueckenbauer.kulturundwir.de\/wp-content\/uploads\/2025\/07\/LEW-Logo-RGB-1536x525.png 1536w, https:\/\/brueckenbauer.kulturundwir.de\/wp-content\/uploads\/2025\/07\/LEW-Logo-RGB-2048x700.png 2048w\" sizes=\"(max-width: 200px) 100vw, 200px\" title=\"LEW-Logo-RGB\" alt=\"\" \t\tclass=\"so-widget-image\"\/>\n\t<\/div>\n\n<\/div><\/div><\/div><\/div><div id=\"pg-30-17\"  class=\"panel-grid panel-has-style\" ><div class=\"panel-row-style panel-row-style-for-30-17\" ><div id=\"pgc-30-17-0\"  class=\"panel-grid-cell panel-grid-cell-empty\" ><\/div><\/div><\/div><div id=\"pg-30-18\"  class=\"panel-grid panel-no-style\" ><div id=\"pgc-30-18-0\"  class=\"panel-grid-cell\" ><div id=\"panel-30-18-0-0\" class=\"so-panel widget widget_sow-editor panel-first-child panel-last-child\" data-index=\"16\" ><div\n\t\t\t\n\t\t\tclass=\"so-widget-sow-editor so-widget-sow-editor-base\"\n\t\t\t\n\t\t><h3 class=\"widget-title\">TSB Beitinger<\/h3>\n<div class=\"siteorigin-widget-tinymce textwidget\">\n\t<p>Unterst\u00fctzer<\/p>\n<p><a href=\"https:\/\/www.tsb-spedition.com\" target=\"_blank\" rel=\"noopener\">https:\/\/www.tsb-spedition.com<\/a><\/p>\n<\/div>\n<\/div><\/div><\/div><div id=\"pgc-30-18-1\"  class=\"panel-grid-cell\" ><div id=\"panel-30-18-1-0\" class=\"so-panel widget widget_sow-image panel-first-child panel-last-child\" data-index=\"17\" ><div\n\t\t\t\n\t\t\tclass=\"so-widget-sow-image so-widget-sow-image-default-8b5b6f678277-30\"\n\t\t\t\n\t\t>\n<div class=\"sow-image-container\">\n\t\t<img \n\tsrc=\"https:\/\/brueckenbauer.kulturundwir.de\/wp-content\/uploads\/2025\/07\/TSB-Logo-300x61.jpg\" width=\"300\" height=\"61\" srcset=\"https:\/\/brueckenbauer.kulturundwir.de\/wp-content\/uploads\/2025\/07\/TSB-Logo-300x61.jpg 300w, https:\/\/brueckenbauer.kulturundwir.de\/wp-content\/uploads\/2025\/07\/TSB-Logo-1024x207.jpg 1024w, https:\/\/brueckenbauer.kulturundwir.de\/wp-content\/uploads\/2025\/07\/TSB-Logo-768x155.jpg 768w, https:\/\/brueckenbauer.kulturundwir.de\/wp-content\/uploads\/2025\/07\/TSB-Logo-1536x310.jpg 1536w, https:\/\/brueckenbauer.kulturundwir.de\/wp-content\/uploads\/2025\/07\/TSB-Logo-2048x414.jpg 2048w\" sizes=\"(max-width: 300px) 100vw, 300px\" title=\"TSB Logo\" alt=\"\" \t\tclass=\"so-widget-image\"\/>\n\t<\/div>\n\n<\/div><\/div><\/div><\/div><div id=\"pg-30-19\"  class=\"panel-grid panel-has-style\" ><div class=\"panel-row-style panel-row-style-for-30-19\" ><div id=\"pgc-30-19-0\"  class=\"panel-grid-cell panel-grid-cell-empty\" ><\/div><\/div><\/div><div id=\"pg-30-20\"  class=\"panel-grid panel-no-style\" ><div id=\"pgc-30-20-0\"  class=\"panel-grid-cell\" ><div id=\"panel-30-20-0-0\" class=\"so-panel widget widget_sow-editor panel-first-child panel-last-child\" data-index=\"18\" ><div\n\t\t\t\n\t\t\tclass=\"so-widget-sow-editor so-widget-sow-editor-base\"\n\t\t\t\n\t\t><h3 class=\"widget-title\">DSDL<\/h3>\n<div class=\"siteorigin-widget-tinymce textwidget\">\n\t<p>Projektpartner, Unterst\u00fctzer<br \/>\n<a href=\"https:\/\/www.dsdl.de\" target=\"_blank\" rel=\"noopener\">https:\/\/www.dsdl.de<\/a><\/p>\n<\/div>\n<\/div><\/div><\/div><div id=\"pgc-30-20-1\"  class=\"panel-grid-cell\" ><div id=\"panel-30-20-1-0\" class=\"so-panel widget widget_sow-image panel-first-child panel-last-child\" data-index=\"19\" ><div\n\t\t\t\n\t\t\tclass=\"so-widget-sow-image so-widget-sow-image-default-8b5b6f678277-30\"\n\t\t\t\n\t\t>\n<div class=\"sow-image-container\">\n\t\t<img \n\tsrc=\"https:\/\/brueckenbauer.kulturundwir.de\/wp-content\/uploads\/2025\/07\/DSDL-Logo-Neu-400-dpi-300x120.jpg\" width=\"300\" height=\"120\" srcset=\"https:\/\/brueckenbauer.kulturundwir.de\/wp-content\/uploads\/2025\/07\/DSDL-Logo-Neu-400-dpi-300x120.jpg 300w, https:\/\/brueckenbauer.kulturundwir.de\/wp-content\/uploads\/2025\/07\/DSDL-Logo-Neu-400-dpi.jpg 529w\" sizes=\"(max-width: 300px) 100vw, 300px\" title=\"DSDL Logo Neu 400 dpi\" alt=\"\" \t\tclass=\"so-widget-image\"\/>\n\t<\/div>\n\n<\/div><\/div><\/div><\/div><div id=\"pg-30-21\"  class=\"panel-grid panel-has-style\" ><div class=\"panel-row-style panel-row-style-for-30-21\" ><div id=\"pgc-30-21-0\"  class=\"panel-grid-cell panel-grid-cell-empty\" ><\/div><\/div><\/div><div id=\"pg-30-22\"  class=\"panel-grid panel-no-style\" ><div id=\"pgc-30-22-0\"  class=\"panel-grid-cell panel-grid-cell-mobile-last\" ><div id=\"panel-30-22-0-0\" class=\"so-panel widget widget_sow-editor panel-first-child panel-last-child\" data-index=\"20\" ><div\n\t\t\t\n\t\t\tclass=\"so-widget-sow-editor so-widget-sow-editor-base\"\n\t\t\t\n\t\t><h3 class=\"widget-title\">Kulturring Dillingen<\/h3>\n<div class=\"siteorigin-widget-tinymce textwidget\">\n\t<p>Unterst\u00fctzer<\/p>\n<p><a href=\"https:\/\/www.dillingen-kulturring.de\" target=\"_blank\" rel=\"noopener\">https:\/\/www.dillingen-kulturring.de<\/a><\/p>\n<\/div>\n<\/div><\/div><\/div><div id=\"pgc-30-22-1\"  class=\"panel-grid-cell panel-grid-cell-empty\" ><\/div><\/div><div id=\"pg-30-23\"  class=\"panel-grid panel-has-style\" ><div class=\"panel-row-style panel-row-style-for-30-23\" ><div id=\"pgc-30-23-0\"  class=\"panel-grid-cell panel-grid-cell-empty\" ><\/div><\/div><\/div><div id=\"pg-30-24\"  class=\"panel-grid panel-no-style\" ><div id=\"pgc-30-24-0\"  class=\"panel-grid-cell\" ><div id=\"panel-30-24-0-0\" class=\"so-panel widget widget_sow-editor panel-first-child panel-last-child\" data-index=\"21\" ><div\n\t\t\t\n\t\t\tclass=\"so-widget-sow-editor so-widget-sow-editor-base\"\n\t\t\t\n\t\t><h3 class=\"widget-title\">Kulturfonds Bayern<\/h3>\n<div class=\"siteorigin-widget-tinymce textwidget\">\n\t<p>Das Projekt wird \u00fcber den Kulturfonds Bayern gef\u00f6rdert.<\/p>\n<p>Mehr dazu <a href=\"https:\/\/brueckenbauer.kulturundwir.de\/index.php\/kulturfonds-bayern\/\" target=\"_blank\" rel=\"noopener\">hier...<\/a><\/p>\n<\/div>\n<\/div><\/div><\/div><div id=\"pgc-30-24-1\"  class=\"panel-grid-cell\" ><div id=\"panel-30-24-1-0\" class=\"so-panel widget widget_sow-image panel-first-child panel-last-child\" data-index=\"22\" ><div\n\t\t\t\n\t\t\tclass=\"so-widget-sow-image so-widget-sow-image-default-8b5b6f678277-30\"\n\t\t\t\n\t\t>\n<div class=\"sow-image-container\">\n\t\t<img \n\tsrc=\"https:\/\/brueckenbauer.kulturundwir.de\/wp-content\/uploads\/2025\/07\/Logo-KF-farbig_freigestellt-300x160.png\" width=\"300\" height=\"160\" srcset=\"https:\/\/brueckenbauer.kulturundwir.de\/wp-content\/uploads\/2025\/07\/Logo-KF-farbig_freigestellt-300x160.png 300w, https:\/\/brueckenbauer.kulturundwir.de\/wp-content\/uploads\/2025\/07\/Logo-KF-farbig_freigestellt-768x409.png 768w, https:\/\/brueckenbauer.kulturundwir.de\/wp-content\/uploads\/2025\/07\/Logo-KF-farbig_freigestellt.png 886w\" sizes=\"(max-width: 300px) 100vw, 300px\" title=\"Logo KF farbig_freigestellt\" alt=\"\" \t\tclass=\"so-widget-image\"\/>\n\t<\/div>\n\n<\/div><\/div><\/div><\/div><\/div>","protected":false},"excerpt":{"rendered":"<p>Ein Projekt dieser Gr\u00f6\u00dfenordnung kann nur gelingen, wenn die gro\u00dfz\u00fcgige Unterst\u00fctzung von Sponsoren vorhanden ist. Wir danken allen, die mit Geld und Sachleistungen das Projekt &#8222;Br\u00fcckenbauer&#8220; erm\u00f6glichen.<\/p>\n","protected":false},"author":1,"featured_media":0,"parent":0,"menu_order":0,"comment_status":"closed","ping_status":"closed","template":"","meta":{"footnotes":""},"class_list":["post-30","page","type-page","status-publish","hentry","post"],"_links":{"self":[{"href":"https:\/\/brueckenbauer.kulturundwir.de\/index.php\/wp-json\/wp\/v2\/pages\/30","targetHints":{"allow":["GET"]}}],"collection":[{"href":"https:\/\/brueckenbauer.kulturundwir.de\/index.php\/wp-json\/wp\/v2\/pages"}],"about":[{"href":"https:\/\/brueckenbauer.kulturundwir.de\/index.php\/wp-json\/wp\/v2\/types\/page"}],"author":[{"embeddable":true,"href":"https:\/\/brueckenbauer.kulturundwir.de\/index.php\/wp-json\/wp\/v2\/users\/1"}],"replies":[{"embeddable":true,"href":"https:\/\/brueckenbauer.kulturundwir.de\/index.php\/wp-json\/wp\/v2\/comments?post=30"}],"version-history":[{"count":16,"href":"https:\/\/brueckenbauer.kulturundwir.de\/index.php\/wp-json\/wp\/v2\/pages\/30\/revisions"}],"predecessor-version":[{"id":921,"href":"https:\/\/brueckenbauer.kulturundwir.de\/index.php\/wp-json\/wp\/v2\/pages\/30\/revisions\/921"}],"wp:attachment":[{"href":"https:\/\/brueckenbauer.kulturundwir.de\/index.php\/wp-json\/wp\/v2\/media?parent=30"}],"curies":[{"name":"wp","href":"https:\/\/api.w.org\/{rel}","templated":true}]}}