{"id":432,"date":"2025-08-30T07:07:58","date_gmt":"2025-08-30T07:07:58","guid":{"rendered":"https:\/\/brueckenbauer.kulturundwir.de\/?page_id=432"},"modified":"2025-08-30T14:10:09","modified_gmt":"2025-08-30T14:10:09","slug":"projekt-brueckenbauer","status":"publish","type":"page","link":"https:\/\/brueckenbauer.kulturundwir.de\/index.php\/projekt-brueckenbauer\/","title":{"rendered":"\u00dcBER DAS PROJEKT"},"content":{"rendered":"<div id=\"pl-432\"  class=\"panel-layout\" ><div id=\"pg-432-0\"  class=\"panel-grid panel-no-style\" ><div id=\"pgc-432-0-0\"  class=\"panel-grid-cell panel-grid-cell-mobile-last\" ><div id=\"panel-432-0-0-0\" class=\"so-panel widget widget_sow-editor panel-first-child panel-last-child\" data-index=\"0\" ><div\n\t\t\t\n\t\t\tclass=\"so-widget-sow-editor so-widget-sow-editor-base\"\n\t\t\t\n\t\t><h3 class=\"widget-title\">ALLES \u00dcBER DAS PROJEKT<\/h3>\n<div class=\"siteorigin-widget-tinymce textwidget\">\n\t<p><img loading=\"lazy\" decoding=\"async\" class=\"alignnone size-medium wp-image-486\" src=\"https:\/\/brueckenbauer.kulturundwir.de\/wp-content\/uploads\/2025\/08\/Brueckenbauer-Weiss-300x70.png\" alt=\"\" width=\"300\" height=\"70\" srcset=\"https:\/\/brueckenbauer.kulturundwir.de\/wp-content\/uploads\/2025\/08\/Brueckenbauer-Weiss-300x70.png 300w, https:\/\/brueckenbauer.kulturundwir.de\/wp-content\/uploads\/2025\/08\/Brueckenbauer-Weiss-1024x239.png 1024w, https:\/\/brueckenbauer.kulturundwir.de\/wp-content\/uploads\/2025\/08\/Brueckenbauer-Weiss-768x179.png 768w, https:\/\/brueckenbauer.kulturundwir.de\/wp-content\/uploads\/2025\/08\/Brueckenbauer-Weiss-1536x358.png 1536w, https:\/\/brueckenbauer.kulturundwir.de\/wp-content\/uploads\/2025\/08\/Brueckenbauer-Weiss-2048x477.png 2048w\" sizes=\"auto, (max-width: 300px) 100vw, 300px\" \/><\/p>\n<\/div>\n<\/div><\/div><\/div><div id=\"pgc-432-0-1\"  class=\"panel-grid-cell panel-grid-cell-empty\" ><\/div><\/div><div id=\"pg-432-1\"  class=\"panel-grid panel-has-style\" ><div class=\"panel-row-style panel-row-style-for-432-1\" ><div id=\"pgc-432-1-0\"  class=\"panel-grid-cell panel-grid-cell-empty\" ><\/div><\/div><\/div><div id=\"pg-432-2\"  class=\"panel-grid panel-no-style\" ><div id=\"pgc-432-2-0\"  class=\"panel-grid-cell\" ><div id=\"panel-432-2-0-0\" class=\"so-panel widget widget_sow-editor panel-first-child\" data-index=\"1\" ><div\n\t\t\t\n\t\t\tclass=\"so-widget-sow-editor so-widget-sow-editor-base\"\n\t\t\t\n\t\t>\n<div class=\"siteorigin-widget-tinymce textwidget\">\n\t<p>Organisiert vom Verein DLG \u2013 Kultur und Wir e.V. verbindet \u201eBr\u00fcckenbauer\u201c die Werke des international renommierten K\u00fcnstlers Christian Gu\u00e9my mit der Geschichte Nordschwabens. Ziel ist es, Pers\u00f6nlichkeiten aus der Region, die in ihrem Leben Br\u00fccken zwischen Kulturen, Religionen oder Wissenschaften geschlagen haben, wieder sichtbar zu machen \u2013 und das direkt im \u00f6ffentlichen Raum.<\/p>\n<\/div>\n<\/div><\/div><div id=\"panel-432-2-0-1\" class=\"so-panel widget widget_sow-editor panel-last-child\" data-index=\"2\" ><div\n\t\t\t\n\t\t\tclass=\"so-widget-sow-editor so-widget-sow-editor-base\"\n\t\t\t\n\t\t>\n<div class=\"siteorigin-widget-tinymce textwidget\">\n\t<p>Das Projekt zeigt, dass Heimatgeschichte weit \u00fcber traditionelle Bilder von Brauchtum hinausgeht. Viele der ausgew\u00e4hlten Pers\u00f6nlichkeiten \u2013 wie Dr. Barbara Renz, die erste promovierte Frau aus S\u00fcddeutschland, der j\u00fcdische Verleger Louis Lamm aus Butten-wiesen oder der Stenografie-Pionier Joseph Mindler \u2013 \u00f6ffneten bewusst den Blick \u00fcber die Grenzen hinaus und schufen Verbindungen in andere L\u00e4nder und Kulturen.<\/p>\n<\/div>\n<\/div><\/div><\/div><div id=\"pgc-432-2-1\"  class=\"panel-grid-cell\" ><div id=\"panel-432-2-1-0\" class=\"so-panel widget widget_sow-image panel-first-child panel-last-child\" data-index=\"3\" ><div\n\t\t\t\n\t\t\tclass=\"so-widget-sow-image so-widget-sow-image-default-8b5b6f678277-432\"\n\t\t\t\n\t\t>\n<div class=\"sow-image-container\">\n\t\t<img \n\tsrc=\"https:\/\/brueckenbauer.kulturundwir.de\/wp-content\/uploads\/2025\/08\/Spruehdose-212x300.png\" width=\"212\" height=\"300\" srcset=\"https:\/\/brueckenbauer.kulturundwir.de\/wp-content\/uploads\/2025\/08\/Spruehdose-212x300.png 212w, https:\/\/brueckenbauer.kulturundwir.de\/wp-content\/uploads\/2025\/08\/Spruehdose-724x1024.png 724w, https:\/\/brueckenbauer.kulturundwir.de\/wp-content\/uploads\/2025\/08\/Spruehdose-768x1086.png 768w, https:\/\/brueckenbauer.kulturundwir.de\/wp-content\/uploads\/2025\/08\/Spruehdose-1087x1536.png 1087w, https:\/\/brueckenbauer.kulturundwir.de\/wp-content\/uploads\/2025\/08\/Spruehdose-1449x2048.png 1449w, https:\/\/brueckenbauer.kulturundwir.de\/wp-content\/uploads\/2025\/08\/Spruehdose-scaled.png 1811w\" sizes=\"(max-width: 212px) 100vw, 212px\" title=\"Spr\u00fchdose\" alt=\"\" \t\tclass=\"so-widget-image\"\/>\n\t<\/div>\n\n<\/div><\/div><\/div><\/div><div id=\"pg-432-3\"  class=\"panel-grid panel-has-style\" ><div class=\"panel-row-style panel-row-style-for-432-3\" ><div id=\"pgc-432-3-0\"  class=\"panel-grid-cell panel-grid-cell-empty\" ><\/div><\/div><\/div><div id=\"pg-432-4\"  class=\"panel-grid panel-no-style\" ><div id=\"pgc-432-4-0\"  class=\"panel-grid-cell\" ><div id=\"panel-432-4-0-0\" class=\"so-panel widget widget_sow-editor panel-first-child panel-last-child\" data-index=\"4\" ><div\n\t\t\t\n\t\t\tclass=\"so-widget-sow-editor so-widget-sow-editor-base\"\n\t\t\t\n\t\t><h3 class=\"widget-title\">BR\u00dcCKENBAUER<\/h3>\n<div class=\"siteorigin-widget-tinymce textwidget\">\n\t<p>\u201e<strong>Br\u00fcckenbauer<\/strong> macht dies sichtbar, gerade in Zeiten, in denen Globalisierungsgegner extremer Parteien den R\u00fcckzug ins Nationale als Allheilmittel anpreisen, ist es wichtig aufzukl\u00e4ren, dass sich Heimatgeschichte nie in einem hermetisch abgeriegelten Raum abgespielt hat, sondern speziell auch unsere Region von Personen, wie beispielsweise den Handelsfamilien Fugger und Welser profitiert hat, die \u00fcber den Tellerrand hinausgeschaut haben\u201c, so Knoll.<\/p>\n<\/div>\n<\/div><\/div><\/div><div id=\"pgc-432-4-1\"  class=\"panel-grid-cell\" ><div id=\"panel-432-4-1-0\" class=\"so-panel widget widget_sow-image panel-first-child panel-last-child\" data-index=\"5\" ><div\n\t\t\t\n\t\t\tclass=\"so-widget-sow-image so-widget-sow-image-default-8b5b6f678277-432\"\n\t\t\t\n\t\t>\n<div class=\"sow-image-container\">\n\t\t<img \n\tsrc=\"https:\/\/brueckenbauer.kulturundwir.de\/wp-content\/uploads\/2025\/08\/Bruecke-NEU-500.png\" width=\"500\" height=\"117\" srcset=\"https:\/\/brueckenbauer.kulturundwir.de\/wp-content\/uploads\/2025\/08\/Bruecke-NEU-500.png 500w, https:\/\/brueckenbauer.kulturundwir.de\/wp-content\/uploads\/2025\/08\/Bruecke-NEU-500-300x70.png 300w\" sizes=\"(max-width: 500px) 100vw, 500px\" title=\"Br\u00fccke NEU-500\" alt=\"\" \t\tclass=\"so-widget-image\"\/>\n\t<\/div>\n\n<\/div><\/div><\/div><\/div><div id=\"pg-432-5\"  class=\"panel-grid panel-has-style\" ><div class=\"panel-row-style panel-row-style-for-432-5\" ><div id=\"pgc-432-5-0\"  class=\"panel-grid-cell panel-grid-cell-empty\" ><\/div><\/div><\/div><div id=\"pg-432-6\"  class=\"panel-grid panel-no-style\" ><div id=\"pgc-432-6-0\"  class=\"panel-grid-cell\" ><div id=\"panel-432-6-0-0\" class=\"so-panel widget widget_sow-editor panel-first-child panel-last-child\" data-index=\"6\" ><div\n\t\t\t\n\t\t\tclass=\"so-widget-sow-editor so-widget-sow-editor-base\"\n\t\t\t\n\t\t><h3 class=\"widget-title\">SCHULEN IM FOKUS<\/h3>\n<div class=\"siteorigin-widget-tinymce textwidget\">\n\t<p>Ein zentraler Bestandteil ist die Einbindung junger Menschen: Sch\u00fclerinnen und Sch\u00fcler von sieben weiterf\u00fchrenden Schulen besch\u00e4ftigen sich im Unterricht intensiv mit den Biografien der Pers\u00f6nlichkeiten und dem Schaffen von C215. Unter Anleitung ihrer Kunstlehrer gestalten sie eigene Werke, die den \u00f6ffentlichen Raum bereichern und neu-gierig auf die dargestellten Personen und deren Wirken machen.<\/p>\n<\/div>\n<\/div><\/div><\/div><div id=\"pgc-432-6-1\"  class=\"panel-grid-cell\" ><div id=\"panel-432-6-1-0\" class=\"so-panel widget widget_sow-editor panel-first-child panel-last-child\" data-index=\"7\" ><div\n\t\t\t\n\t\t\tclass=\"so-widget-sow-editor so-widget-sow-editor-base\"\n\t\t\t\n\t\t><h3 class=\"widget-title\">AUSSTELLUNG<\/h3>\n<div class=\"siteorigin-widget-tinymce textwidget\">\n\t<p>Begleitend zum Projekt findet ab 5. Oktober 2025 in der Stadtgalerie Dillingen eine Werkschau von C215 statt. Die Ausstellung mit k\u00fcnstlerisch gestalteten Objekten und Bildern ist bis zum 2. November samstags und sonntags von 14 bis 17 Uhr ge\u00f6ffnet. Der Eintritt ist frei.<\/p>\n<\/div>\n<\/div><\/div><\/div><\/div><div id=\"pg-432-7\"  class=\"panel-grid panel-has-style\" ><div class=\"panel-row-style panel-row-style-for-432-7\" ><div id=\"pgc-432-7-0\"  class=\"panel-grid-cell panel-grid-cell-empty\" ><\/div><\/div><\/div><div id=\"pg-432-8\"  class=\"panel-grid panel-no-style\" ><div id=\"pgc-432-8-0\"  class=\"panel-grid-cell\" ><div id=\"panel-432-8-0-0\" class=\"so-panel widget widget_sow-editor panel-first-child panel-last-child\" data-index=\"8\" ><div\n\t\t\t\n\t\t\tclass=\"so-widget-sow-editor so-widget-sow-editor-base\"\n\t\t\t\n\t\t><h3 class=\"widget-title\">BREITE UNTERST\u00dcTZUNG<\/h3>\n<div class=\"siteorigin-widget-tinymce textwidget\">\n\t<p>Finanziell wird \u201eBr\u00fcckenbauer\u201c von zahlreichen Partnern getragen, darunter der Rotary-Club Nordschwaben, die Sparkasse Nordschwaben mit der Sparkassen Stiftung Bayern, LEW, DSDL, das Transportunternehmen TSB Beitinger.<\/p>\n<p>Aus dem <strong>Kulturfonds Bayern<\/strong> des Bayerischen Staatsministeriums f\u00fcr Wissenschaft und Kunst erh\u00e4lt das Projekt sogar eine hochwillkommene Anteilsfinanzierung, wie Staatsminister Markus Blume schon im Fr\u00fchjahr dem Tr\u00e4ger mitgeteilt hat.<\/p>\n<\/div>\n<\/div><\/div><\/div><div id=\"pgc-432-8-1\"  class=\"panel-grid-cell\" ><div id=\"panel-432-8-1-0\" class=\"so-panel widget widget_sow-editor panel-first-child panel-last-child\" data-index=\"9\" ><div\n\t\t\t\n\t\t\tclass=\"so-widget-sow-editor so-widget-sow-editor-base\"\n\t\t\t\n\t\t><h3 class=\"widget-title\">ARCHIVE<\/h3>\n<div class=\"siteorigin-widget-tinymce textwidget\">\n\t<p>Au\u00dferdem profitiert \u201eBr\u00fcckenbauer\u201c nicht nur von finanziellen Beitr\u00e4gen, sondern auch von fachlicher und praktischer Begleitung durch die hiesigen Archive &amp; Archivare in Dillingen, Wertingen und Buttenwiesen. Zudem bringen sich die ortsans\u00e4ssigen Franziskanerinnen ein und auch der Historische Verein H\u00f6chst\u00e4dt war beteiligt.<\/p>\n<\/div>\n<\/div><\/div><\/div><\/div><div id=\"pg-432-9\"  class=\"panel-grid panel-has-style\" ><div class=\"panel-row-style panel-row-style-for-432-9\" ><div id=\"pgc-432-9-0\"  class=\"panel-grid-cell panel-grid-cell-empty\" ><\/div><\/div><\/div><\/div>","protected":false},"excerpt":{"rendered":"<p>ALLES \u00dcBER DAS PROJEKT Organisiert vom Verein DLG \u2013 Kultur und Wir e.V. verbindet \u201eBr\u00fcckenbauer\u201c die Werke des international renommierten K\u00fcnstlers Christian Gu\u00e9my mit der Geschichte Nordschwabens. Ziel ist es, Pers\u00f6nlichkeiten aus der Region, die in ihrem Leben Br\u00fccken zwischen Kulturen, Religionen oder Wissenschaften geschlagen haben, wieder sichtbar zu machen \u2013 und das direkt im [&hellip;]<\/p>\n","protected":false},"author":1,"featured_media":0,"parent":0,"menu_order":0,"comment_status":"closed","ping_status":"closed","template":"","meta":{"footnotes":""},"class_list":["post-432","page","type-page","status-publish","hentry","post"],"_links":{"self":[{"href":"https:\/\/brueckenbauer.kulturundwir.de\/index.php\/wp-json\/wp\/v2\/pages\/432","targetHints":{"allow":["GET"]}}],"collection":[{"href":"https:\/\/brueckenbauer.kulturundwir.de\/index.php\/wp-json\/wp\/v2\/pages"}],"about":[{"href":"https:\/\/brueckenbauer.kulturundwir.de\/index.php\/wp-json\/wp\/v2\/types\/page"}],"author":[{"embeddable":true,"href":"https:\/\/brueckenbauer.kulturundwir.de\/index.php\/wp-json\/wp\/v2\/users\/1"}],"replies":[{"embeddable":true,"href":"https:\/\/brueckenbauer.kulturundwir.de\/index.php\/wp-json\/wp\/v2\/comments?post=432"}],"version-history":[{"count":18,"href":"https:\/\/brueckenbauer.kulturundwir.de\/index.php\/wp-json\/wp\/v2\/pages\/432\/revisions"}],"predecessor-version":[{"id":508,"href":"https:\/\/brueckenbauer.kulturundwir.de\/index.php\/wp-json\/wp\/v2\/pages\/432\/revisions\/508"}],"wp:attachment":[{"href":"https:\/\/brueckenbauer.kulturundwir.de\/index.php\/wp-json\/wp\/v2\/media?parent=432"}],"curies":[{"name":"wp","href":"https:\/\/api.w.org\/{rel}","templated":true}]}}