{"id":53,"date":"2025-07-11T17:11:53","date_gmt":"2025-07-11T17:11:53","guid":{"rendered":"https:\/\/brueckenbauer.kulturundwir.de\/?page_id=53"},"modified":"2026-01-15T08:52:15","modified_gmt":"2026-01-15T08:52:15","slug":"c215","status":"publish","type":"page","link":"https:\/\/brueckenbauer.kulturundwir.de\/index.php\/c215\/","title":{"rendered":"C215"},"content":{"rendered":"<div id=\"pl-53\"  class=\"panel-layout\" ><div id=\"pg-53-0\"  class=\"panel-grid panel-no-style\" ><div id=\"pgc-53-0-0\"  class=\"panel-grid-cell\" ><div id=\"panel-53-0-0-0\" class=\"so-panel widget widget_sow-editor panel-first-child panel-last-child\" data-index=\"0\" ><div\n\t\t\t\n\t\t\tclass=\"so-widget-sow-editor so-widget-sow-editor-base\"\n\t\t\t\n\t\t><h3 class=\"widget-title\">CHRISTIAN GU\u00c8MY alias C215<\/h3>\n<div class=\"siteorigin-widget-tinymce textwidget\">\n\t<p>Lebt in Paris. Er wurde mit zahlreichen nationalen Preisen ausgezeichnet. Er ist bekannt f\u00fcr seine detailreichen und lebendigen Portraits und seine Schablonenkunst.<\/p>\n<\/div>\n<\/div><\/div><\/div><\/div><div id=\"pg-53-1\"  class=\"panel-grid panel-has-style\" ><div class=\"panel-row-style panel-row-style-for-53-1\" ><div id=\"pgc-53-1-0\"  class=\"panel-grid-cell panel-grid-cell-empty\" ><\/div><\/div><\/div><div id=\"pg-53-2\"  class=\"panel-grid panel-no-style\" ><div id=\"pgc-53-2-0\"  class=\"panel-grid-cell\" ><div id=\"panel-53-2-0-0\" class=\"so-panel widget widget_sow-image panel-first-child\" data-index=\"1\" ><div class=\"panel-widget-style panel-widget-style-for-53-2-0-0\" ><div\n\t\t\t\n\t\t\tclass=\"so-widget-sow-image so-widget-sow-image-default-8b5b6f678277-53\"\n\t\t\t\n\t\t>\n<div class=\"sow-image-container\">\n\t\t<img \n\tsrc=\"https:\/\/brueckenbauer.kulturundwir.de\/wp-content\/uploads\/2025\/07\/Foto-Guemy@Manon-Levet-k.jpg\" width=\"1000\" height=\"667\" srcset=\"https:\/\/brueckenbauer.kulturundwir.de\/wp-content\/uploads\/2025\/07\/Foto-Guemy@Manon-Levet-k.jpg 1000w, https:\/\/brueckenbauer.kulturundwir.de\/wp-content\/uploads\/2025\/07\/Foto-Guemy@Manon-Levet-k-300x200.jpg 300w, https:\/\/brueckenbauer.kulturundwir.de\/wp-content\/uploads\/2025\/07\/Foto-Guemy@Manon-Levet-k-768x512.jpg 768w\" sizes=\"(max-width: 1000px) 100vw, 1000px\" title=\"Foto Gu\u00e8my@Manon Levet-k\" alt=\"\" \t\tclass=\"so-widget-image\"\/>\n\t<\/div>\n\n<\/div><\/div><\/div><div id=\"panel-53-2-0-1\" class=\"so-panel widget widget_sow-editor\" data-index=\"2\" ><div class=\"panel-widget-style panel-widget-style-for-53-2-0-1\" ><div\n\t\t\t\n\t\t\tclass=\"so-widget-sow-editor so-widget-sow-editor-base\"\n\t\t\t\n\t\t>\n<div class=\"siteorigin-widget-tinymce textwidget\">\n\t<p>Foto: Manon Levet<\/p>\n<\/div>\n<\/div><\/div><\/div><div id=\"panel-53-2-0-2\" class=\"so-panel widget widget_sow-editor panel-last-child\" data-index=\"3\" ><div class=\"panel-widget-style panel-widget-style-for-53-2-0-2\" ><div\n\t\t\t\n\t\t\tclass=\"so-widget-sow-editor so-widget-sow-editor-base\"\n\t\t\t\n\t\t><h3 class=\"widget-title\">Christian Gu\u00e9my<\/h3>\n<div class=\"siteorigin-widget-tinymce textwidget\">\n\t<h3><strong>Kurzportr\u00e4t<\/strong><\/h3>\n<p><strong>Christian Gu\u00e9my<\/strong> durfte bereits franz\u00f6sische Briefmarken gestalten und wurde mit zahlreichen nationalen Preisen ausgezeichnet.<\/p>\n<p>Er ist mit Deutschland besonders verbunden, da sein Vater in T\u00fcbingen stationiert war, er spricht gut deutsch<br \/>\n<strong>Christian Gu\u00e9my<\/strong> ist seit 2022 offizieller Maler der franz\u00f6sischen Armee<\/p>\n<\/div>\n<\/div><\/div><\/div><\/div><div id=\"pgc-53-2-1\"  class=\"panel-grid-cell\" ><div id=\"panel-53-2-1-0\" class=\"so-panel widget widget_sow-image panel-first-child panel-last-child\" data-index=\"4\" ><div\n\t\t\t\n\t\t\tclass=\"so-widget-sow-image so-widget-sow-image-default-8b5b6f678277-53\"\n\t\t\t\n\t\t>\n<div class=\"sow-image-container\">\n\t\t<img \n\tsrc=\"https:\/\/brueckenbauer.kulturundwir.de\/wp-content\/uploads\/2025\/08\/Spruehdose-212x300.png\" width=\"212\" height=\"300\" srcset=\"https:\/\/brueckenbauer.kulturundwir.de\/wp-content\/uploads\/2025\/08\/Spruehdose-212x300.png 212w, https:\/\/brueckenbauer.kulturundwir.de\/wp-content\/uploads\/2025\/08\/Spruehdose-724x1024.png 724w, https:\/\/brueckenbauer.kulturundwir.de\/wp-content\/uploads\/2025\/08\/Spruehdose-768x1086.png 768w, https:\/\/brueckenbauer.kulturundwir.de\/wp-content\/uploads\/2025\/08\/Spruehdose-1087x1536.png 1087w, https:\/\/brueckenbauer.kulturundwir.de\/wp-content\/uploads\/2025\/08\/Spruehdose-1449x2048.png 1449w, https:\/\/brueckenbauer.kulturundwir.de\/wp-content\/uploads\/2025\/08\/Spruehdose-scaled.png 1811w\" sizes=\"(max-width: 212px) 100vw, 212px\" title=\"Spr\u00fchdose\" alt=\"\" \t\tclass=\"so-widget-image\"\/>\n\t<\/div>\n\n<\/div><\/div><\/div><\/div><div id=\"pg-53-3\"  class=\"panel-grid panel-has-style\" ><div class=\"panel-row-style panel-row-style-for-53-3\" ><div id=\"pgc-53-3-0\"  class=\"panel-grid-cell panel-grid-cell-empty\" ><\/div><\/div><\/div><div id=\"pg-53-4\"  class=\"panel-grid panel-no-style\" ><div id=\"pgc-53-4-0\"  class=\"panel-grid-cell\" ><div id=\"panel-53-4-0-0\" class=\"so-panel widget widget_sow-editor panel-first-child panel-last-child\" data-index=\"5\" ><div\n\t\t\t\n\t\t\tclass=\"so-widget-sow-editor so-widget-sow-editor-base\"\n\t\t\t\n\t\t><h3 class=\"widget-title\">Streetart-Werke in Nordschwaben von C215<\/h3>\n<div class=\"siteorigin-widget-tinymce textwidget\">\n\t<p>Im Rahmen des Projekts \"Br\u00fcckenbauer in Nordschwaben\" hat Christian Gu\u00e9my alias C215 zu f\u00fcnf historischen Personen Werke gestaltet. Je ein Werk als Streetart-Kunstwerk im \u00f6ffentlichen Raum und ein Werk zum Verbleib in der jeweiligen Kommune.<\/p>\n<\/div>\n<\/div><\/div><\/div><\/div><div id=\"pg-53-5\"  class=\"panel-grid panel-has-style\" ><div class=\"panel-row-style panel-row-style-for-53-5\" ><div id=\"pgc-53-5-0\"  class=\"panel-grid-cell panel-grid-cell-empty\" ><\/div><\/div><\/div><div id=\"pg-53-6\"  class=\"panel-grid panel-no-style\" ><div id=\"pgc-53-6-0\"  class=\"panel-grid-cell\" ><div id=\"panel-53-6-0-0\" class=\"so-panel widget widget_sow-editor panel-first-child panel-last-child\" data-index=\"6\" ><div\n\t\t\t\n\t\t\tclass=\"so-widget-sow-editor so-widget-sow-editor-base\"\n\t\t\t\n\t\t>\n<div class=\"siteorigin-widget-tinymce textwidget\">\n\t<p><strong>Stadt Lauingen (Donau)<\/strong><\/p>\n<p>Br\u00fcckenbauer<br \/>\n<strong>Albertus Magnus<\/strong><\/p>\n<p><span class=\"fontstyle0\">*1200 \u20201280<\/span><\/p>\n<p><span class=\"fontstyle0\">In\u00a0Lauingen\u00a0geborener Universalgelehrter, Theologe und\u00a0<\/span><span class=\"fontstyle0\">Naturforscher<\/span><\/p>\n<\/div>\n<\/div><\/div><\/div><div id=\"pgc-53-6-1\"  class=\"panel-grid-cell\" ><div id=\"panel-53-6-1-0\" class=\"so-panel widget widget_sow-image panel-first-child panel-last-child\" data-index=\"7\" ><div\n\t\t\t\n\t\t\tclass=\"so-widget-sow-image so-widget-sow-image-default-8b5b6f678277-53\"\n\t\t\t\n\t\t>\n<div class=\"sow-image-container\">\n\t\t<img \n\tsrc=\"https:\/\/brueckenbauer.kulturundwir.de\/wp-content\/uploads\/2025\/12\/albertus@michael-stark.jpg\" width=\"1500\" height=\"1002\" srcset=\"https:\/\/brueckenbauer.kulturundwir.de\/wp-content\/uploads\/2025\/12\/albertus@michael-stark.jpg 1500w, https:\/\/brueckenbauer.kulturundwir.de\/wp-content\/uploads\/2025\/12\/albertus@michael-stark-300x200.jpg 300w, https:\/\/brueckenbauer.kulturundwir.de\/wp-content\/uploads\/2025\/12\/albertus@michael-stark-1024x684.jpg 1024w, https:\/\/brueckenbauer.kulturundwir.de\/wp-content\/uploads\/2025\/12\/albertus@michael-stark-768x513.jpg 768w, https:\/\/brueckenbauer.kulturundwir.de\/wp-content\/uploads\/2025\/12\/albertus@michael-stark-720x480.jpg 720w, https:\/\/brueckenbauer.kulturundwir.de\/wp-content\/uploads\/2025\/12\/albertus@michael-stark-272x182.jpg 272w\" sizes=\"(max-width: 1500px) 100vw, 1500px\" title=\"albertus c215\" alt=\"\" \t\tclass=\"so-widget-image\"\/>\n\t<\/div>\n\n<\/div><\/div><\/div><div id=\"pgc-53-6-2\"  class=\"panel-grid-cell\" ><div id=\"panel-53-6-2-0\" class=\"so-panel widget widget_sow-image panel-first-child panel-last-child\" data-index=\"8\" ><div\n\t\t\t\n\t\t\tclass=\"so-widget-sow-image so-widget-sow-image-default-8b5b6f678277-53\"\n\t\t\t\n\t\t>\n<div class=\"sow-image-container\">\n\t\t<img \n\tsrc=\"https:\/\/brueckenbauer.kulturundwir.de\/wp-content\/uploads\/2025\/12\/albertus-c215@gerhards-768x936.jpg\" width=\"768\" height=\"936\" srcset=\"https:\/\/brueckenbauer.kulturundwir.de\/wp-content\/uploads\/2025\/12\/albertus-c215@gerhards-768x936.jpg 768w, https:\/\/brueckenbauer.kulturundwir.de\/wp-content\/uploads\/2025\/12\/albertus-c215@gerhards-246x300.jpg 246w, https:\/\/brueckenbauer.kulturundwir.de\/wp-content\/uploads\/2025\/12\/albertus-c215@gerhards-840x1024.jpg 840w, https:\/\/brueckenbauer.kulturundwir.de\/wp-content\/uploads\/2025\/12\/albertus-c215@gerhards.jpg 1000w\" sizes=\"(max-width: 768px) 100vw, 768px\" title=\"albertus c215 Stadt\" alt=\"\" \t\tclass=\"so-widget-image\"\/>\n\t<\/div>\n\n<\/div><\/div><\/div><\/div><div id=\"pg-53-7\"  class=\"panel-grid panel-has-style\" ><div class=\"panel-row-style panel-row-style-for-53-7\" ><div id=\"pgc-53-7-0\"  class=\"panel-grid-cell panel-grid-cell-empty\" ><\/div><\/div><\/div><div id=\"pg-53-8\"  class=\"panel-grid panel-no-style\" ><div id=\"pgc-53-8-0\"  class=\"panel-grid-cell\" ><div id=\"panel-53-8-0-0\" class=\"so-panel widget widget_sow-editor panel-first-child panel-last-child\" data-index=\"9\" ><div\n\t\t\t\n\t\t\tclass=\"so-widget-sow-editor so-widget-sow-editor-base\"\n\t\t\t\n\t\t>\n<div class=\"siteorigin-widget-tinymce textwidget\">\n\t<p>Gro\u00dfe Kreisstadt <strong>Dillingen a.d.Donau<\/strong><\/p>\n<p>Br\u00fcckenbauerin<br \/>\n<strong>Barbara Renz<\/strong><\/p>\n<p><span class=\"fontstyle0\">*1863 \u20201955<\/span><\/p>\n<p><span class=\"fontstyle0\">Wissenschaftlerin und Frauenrechtlerin aus Dillingen<\/span><\/p>\n<\/div>\n<\/div><\/div><\/div><div id=\"pgc-53-8-1\"  class=\"panel-grid-cell\" ><div id=\"panel-53-8-1-0\" class=\"so-panel widget widget_sow-image panel-first-child panel-last-child\" data-index=\"10\" ><div\n\t\t\t\n\t\t\tclass=\"so-widget-sow-image so-widget-sow-image-default-8b5b6f678277-53\"\n\t\t\t\n\t\t>\n<div class=\"sow-image-container\">\n\t\t<img \n\tsrc=\"https:\/\/brueckenbauer.kulturundwir.de\/wp-content\/uploads\/2025\/12\/renz@michael-stark.jpg\" width=\"1500\" height=\"1002\" srcset=\"https:\/\/brueckenbauer.kulturundwir.de\/wp-content\/uploads\/2025\/12\/renz@michael-stark.jpg 1500w, https:\/\/brueckenbauer.kulturundwir.de\/wp-content\/uploads\/2025\/12\/renz@michael-stark-300x200.jpg 300w, https:\/\/brueckenbauer.kulturundwir.de\/wp-content\/uploads\/2025\/12\/renz@michael-stark-1024x684.jpg 1024w, https:\/\/brueckenbauer.kulturundwir.de\/wp-content\/uploads\/2025\/12\/renz@michael-stark-768x513.jpg 768w, https:\/\/brueckenbauer.kulturundwir.de\/wp-content\/uploads\/2025\/12\/renz@michael-stark-720x480.jpg 720w, https:\/\/brueckenbauer.kulturundwir.de\/wp-content\/uploads\/2025\/12\/renz@michael-stark-272x182.jpg 272w\" sizes=\"(max-width: 1500px) 100vw, 1500px\" title=\"renz c215\" alt=\"\" \t\tclass=\"so-widget-image\"\/>\n\t<\/div>\n\n<\/div><\/div><\/div><div id=\"pgc-53-8-2\"  class=\"panel-grid-cell\" ><div id=\"panel-53-8-2-0\" class=\"so-panel widget widget_sow-image panel-first-child panel-last-child\" data-index=\"11\" ><div\n\t\t\t\n\t\t\tclass=\"so-widget-sow-image so-widget-sow-image-default-8b5b6f678277-53\"\n\t\t\t\n\t\t>\n<div class=\"sow-image-container\">\n\t\t<img \n\tsrc=\"https:\/\/brueckenbauer.kulturundwir.de\/wp-content\/uploads\/2025\/12\/renz-c215@gerhards-768x947.jpg\" width=\"768\" height=\"947\" srcset=\"https:\/\/brueckenbauer.kulturundwir.de\/wp-content\/uploads\/2025\/12\/renz-c215@gerhards-768x947.jpg 768w, https:\/\/brueckenbauer.kulturundwir.de\/wp-content\/uploads\/2025\/12\/renz-c215@gerhards-243x300.jpg 243w, https:\/\/brueckenbauer.kulturundwir.de\/wp-content\/uploads\/2025\/12\/renz-c215@gerhards-830x1024.jpg 830w, https:\/\/brueckenbauer.kulturundwir.de\/wp-content\/uploads\/2025\/12\/renz-c215@gerhards.jpg 1000w\" sizes=\"(max-width: 768px) 100vw, 768px\" title=\"renz c215 Stadt\" alt=\"\" \t\tclass=\"so-widget-image\"\/>\n\t<\/div>\n\n<\/div><\/div><\/div><\/div><div id=\"pg-53-9\"  class=\"panel-grid panel-has-style\" ><div class=\"panel-row-style panel-row-style-for-53-9\" ><div id=\"pgc-53-9-0\"  class=\"panel-grid-cell panel-grid-cell-empty\" ><\/div><\/div><\/div><div id=\"pg-53-10\"  class=\"panel-grid panel-no-style\" ><div id=\"pgc-53-10-0\"  class=\"panel-grid-cell\" ><div id=\"panel-53-10-0-0\" class=\"so-panel widget widget_sow-editor panel-first-child panel-last-child\" data-index=\"12\" ><div\n\t\t\t\n\t\t\tclass=\"so-widget-sow-editor so-widget-sow-editor-base\"\n\t\t\t\n\t\t>\n<div class=\"siteorigin-widget-tinymce textwidget\">\n\t<p>Stadt <strong>H\u00f6chst\u00e4dt a.d.Donau<\/strong><\/p>\n<p>Br\u00fcckenbauer<br \/>\n<strong>Hermann Beckler<\/strong><\/p>\n<p>*1828 \u20201914<\/p>\n<p>Arzt, Botaniker und Naturforscher aus H\u00f6chst\u00e4dt<\/p>\n<\/div>\n<\/div><\/div><\/div><div id=\"pgc-53-10-1\"  class=\"panel-grid-cell\" ><div id=\"panel-53-10-1-0\" class=\"so-panel widget widget_sow-image panel-first-child panel-last-child\" data-index=\"13\" ><div\n\t\t\t\n\t\t\tclass=\"so-widget-sow-image so-widget-sow-image-default-8b5b6f678277-53\"\n\t\t\t\n\t\t>\n<div class=\"sow-image-container\">\n\t\t<img \n\tsrc=\"https:\/\/brueckenbauer.kulturundwir.de\/wp-content\/uploads\/2025\/12\/beckler@michael-stark.jpg\" width=\"1500\" height=\"1002\" srcset=\"https:\/\/brueckenbauer.kulturundwir.de\/wp-content\/uploads\/2025\/12\/beckler@michael-stark.jpg 1500w, https:\/\/brueckenbauer.kulturundwir.de\/wp-content\/uploads\/2025\/12\/beckler@michael-stark-300x200.jpg 300w, https:\/\/brueckenbauer.kulturundwir.de\/wp-content\/uploads\/2025\/12\/beckler@michael-stark-1024x684.jpg 1024w, https:\/\/brueckenbauer.kulturundwir.de\/wp-content\/uploads\/2025\/12\/beckler@michael-stark-768x513.jpg 768w, https:\/\/brueckenbauer.kulturundwir.de\/wp-content\/uploads\/2025\/12\/beckler@michael-stark-720x480.jpg 720w, https:\/\/brueckenbauer.kulturundwir.de\/wp-content\/uploads\/2025\/12\/beckler@michael-stark-272x182.jpg 272w\" sizes=\"(max-width: 1500px) 100vw, 1500px\" title=\"beckler c215\" alt=\"\" \t\tclass=\"so-widget-image\"\/>\n\t<\/div>\n\n<\/div><\/div><\/div><div id=\"pgc-53-10-2\"  class=\"panel-grid-cell\" ><div id=\"panel-53-10-2-0\" class=\"so-panel widget widget_sow-image panel-first-child panel-last-child\" data-index=\"14\" ><div\n\t\t\t\n\t\t\tclass=\"so-widget-sow-image so-widget-sow-image-default-8b5b6f678277-53\"\n\t\t\t\n\t\t>\n<div class=\"sow-image-container\">\n\t\t<img \n\tsrc=\"https:\/\/brueckenbauer.kulturundwir.de\/wp-content\/uploads\/2025\/12\/beckler-c215@gerhards-768x939.jpg\" width=\"768\" height=\"939\" srcset=\"https:\/\/brueckenbauer.kulturundwir.de\/wp-content\/uploads\/2025\/12\/beckler-c215@gerhards-768x939.jpg 768w, https:\/\/brueckenbauer.kulturundwir.de\/wp-content\/uploads\/2025\/12\/beckler-c215@gerhards-245x300.jpg 245w, https:\/\/brueckenbauer.kulturundwir.de\/wp-content\/uploads\/2025\/12\/beckler-c215@gerhards-837x1024.jpg 837w, https:\/\/brueckenbauer.kulturundwir.de\/wp-content\/uploads\/2025\/12\/beckler-c215@gerhards.jpg 1000w\" sizes=\"(max-width: 768px) 100vw, 768px\" title=\"beckler c215 Stadt\" alt=\"\" \t\tclass=\"so-widget-image\"\/>\n\t<\/div>\n\n<\/div><\/div><\/div><\/div><div id=\"pg-53-11\"  class=\"panel-grid panel-has-style\" ><div class=\"panel-row-style panel-row-style-for-53-11\" ><div id=\"pgc-53-11-0\"  class=\"panel-grid-cell panel-grid-cell-empty\" ><\/div><\/div><\/div><div id=\"pg-53-12\"  class=\"panel-grid panel-no-style\" ><div id=\"pgc-53-12-0\"  class=\"panel-grid-cell\" ><div id=\"panel-53-12-0-0\" class=\"so-panel widget widget_sow-editor panel-first-child panel-last-child\" data-index=\"15\" ><div\n\t\t\t\n\t\t\tclass=\"so-widget-sow-editor so-widget-sow-editor-base\"\n\t\t\t\n\t\t>\n<div class=\"siteorigin-widget-tinymce textwidget\">\n\t<p>Gemeinde <strong>Buttenwiesen<\/strong><\/p>\n<p>Br\u00fcckenbauer<br \/>\n<strong>Louis Lamm<\/strong><\/p>\n<p><span class=\"fontstyle0\">*1871 \u20201943<\/span><\/p>\n<p><span class=\"fontstyle0\">Aufgewachsen in\u00a0Buttenwiesen<strong>,\u00a0<\/strong><\/span><span class=\"fontstyle0\">Buchh\u00e4ndler, Antiquar und\u00a0<\/span><span class=\"fontstyle0\">Verleger<\/span>.<\/p>\n<\/div>\n<\/div><\/div><\/div><div id=\"pgc-53-12-1\"  class=\"panel-grid-cell\" ><div id=\"panel-53-12-1-0\" class=\"so-panel widget widget_sow-image panel-first-child panel-last-child\" data-index=\"16\" ><div\n\t\t\t\n\t\t\tclass=\"so-widget-sow-image so-widget-sow-image-default-8b5b6f678277-53\"\n\t\t\t\n\t\t>\n<div class=\"sow-image-container\">\n\t\t<img \n\tsrc=\"https:\/\/brueckenbauer.kulturundwir.de\/wp-content\/uploads\/2025\/12\/lamm@michael-stark.jpg\" width=\"1500\" height=\"1001\" srcset=\"https:\/\/brueckenbauer.kulturundwir.de\/wp-content\/uploads\/2025\/12\/lamm@michael-stark.jpg 1500w, https:\/\/brueckenbauer.kulturundwir.de\/wp-content\/uploads\/2025\/12\/lamm@michael-stark-300x200.jpg 300w, https:\/\/brueckenbauer.kulturundwir.de\/wp-content\/uploads\/2025\/12\/lamm@michael-stark-1024x683.jpg 1024w, https:\/\/brueckenbauer.kulturundwir.de\/wp-content\/uploads\/2025\/12\/lamm@michael-stark-768x513.jpg 768w, https:\/\/brueckenbauer.kulturundwir.de\/wp-content\/uploads\/2025\/12\/lamm@michael-stark-720x480.jpg 720w, https:\/\/brueckenbauer.kulturundwir.de\/wp-content\/uploads\/2025\/12\/lamm@michael-stark-272x182.jpg 272w\" sizes=\"(max-width: 1500px) 100vw, 1500px\" title=\"lamm c215\" alt=\"\" \t\tclass=\"so-widget-image\"\/>\n\t<\/div>\n\n<\/div><\/div><\/div><div id=\"pgc-53-12-2\"  class=\"panel-grid-cell\" ><div id=\"panel-53-12-2-0\" class=\"so-panel widget widget_sow-image panel-first-child panel-last-child\" data-index=\"17\" ><div\n\t\t\t\n\t\t\tclass=\"so-widget-sow-image so-widget-sow-image-default-8b5b6f678277-53\"\n\t\t\t\n\t\t>\n<div class=\"sow-image-container\">\n\t\t<img \n\tsrc=\"https:\/\/brueckenbauer.kulturundwir.de\/wp-content\/uploads\/2025\/12\/lamm-c215@gerhards-768x947.jpg\" width=\"768\" height=\"947\" srcset=\"https:\/\/brueckenbauer.kulturundwir.de\/wp-content\/uploads\/2025\/12\/lamm-c215@gerhards-768x947.jpg 768w, https:\/\/brueckenbauer.kulturundwir.de\/wp-content\/uploads\/2025\/12\/lamm-c215@gerhards-243x300.jpg 243w, https:\/\/brueckenbauer.kulturundwir.de\/wp-content\/uploads\/2025\/12\/lamm-c215@gerhards-830x1024.jpg 830w, https:\/\/brueckenbauer.kulturundwir.de\/wp-content\/uploads\/2025\/12\/lamm-c215@gerhards.jpg 1000w\" sizes=\"(max-width: 768px) 100vw, 768px\" title=\"lamm c215 Gemeinde\" alt=\"\" \t\tclass=\"so-widget-image\"\/>\n\t<\/div>\n\n<\/div><\/div><\/div><\/div><div id=\"pg-53-13\"  class=\"panel-grid panel-has-style\" ><div class=\"panel-row-style panel-row-style-for-53-13\" ><div id=\"pgc-53-13-0\"  class=\"panel-grid-cell panel-grid-cell-empty\" ><\/div><\/div><\/div><div id=\"pg-53-14\"  class=\"panel-grid panel-no-style\" ><div id=\"pgc-53-14-0\"  class=\"panel-grid-cell\" ><div id=\"panel-53-14-0-0\" class=\"so-panel widget widget_sow-editor panel-first-child panel-last-child\" data-index=\"18\" ><div\n\t\t\t\n\t\t\tclass=\"so-widget-sow-editor so-widget-sow-editor-base\"\n\t\t\t\n\t\t>\n<div class=\"siteorigin-widget-tinymce textwidget\">\n\t<p><strong>Markt Meitingen<\/strong><\/p>\n<p>Br\u00fcckenbauer<strong><br \/>\nMax Josef Metzger<\/strong><\/p>\n<p>*1887 \u20201944<\/p>\n<p>Katholischer Priester und Pazifis. Er verlegte 1928 seinen Wirkungsort nach Meitingen \u2013 Zentrale des Christk\u00f6nigsinstituts.<\/p>\n<p>&nbsp;<\/p>\n<p>&nbsp;<\/p>\n<p>&nbsp;<\/p>\n<\/div>\n<\/div><\/div><\/div><div id=\"pgc-53-14-1\"  class=\"panel-grid-cell\" ><div id=\"panel-53-14-1-0\" class=\"so-panel widget widget_sow-image panel-first-child panel-last-child\" data-index=\"19\" ><div\n\t\t\t\n\t\t\tclass=\"so-widget-sow-image so-widget-sow-image-default-8b5b6f678277-53\"\n\t\t\t\n\t\t>\n<div class=\"sow-image-container\">\n\t\t<img \n\tsrc=\"https:\/\/brueckenbauer.kulturundwir.de\/wp-content\/uploads\/2025\/12\/metzger@michael-stark.jpg\" width=\"1500\" height=\"813\" srcset=\"https:\/\/brueckenbauer.kulturundwir.de\/wp-content\/uploads\/2025\/12\/metzger@michael-stark.jpg 1500w, https:\/\/brueckenbauer.kulturundwir.de\/wp-content\/uploads\/2025\/12\/metzger@michael-stark-300x163.jpg 300w, https:\/\/brueckenbauer.kulturundwir.de\/wp-content\/uploads\/2025\/12\/metzger@michael-stark-1024x555.jpg 1024w, https:\/\/brueckenbauer.kulturundwir.de\/wp-content\/uploads\/2025\/12\/metzger@michael-stark-768x416.jpg 768w\" sizes=\"(max-width: 1500px) 100vw, 1500px\" title=\"metzger c215\" alt=\"\" \t\tclass=\"so-widget-image\"\/>\n\t<\/div>\n\n<\/div><\/div><\/div><div id=\"pgc-53-14-2\"  class=\"panel-grid-cell\" ><div id=\"panel-53-14-2-0\" class=\"so-panel widget widget_sow-image panel-first-child panel-last-child\" data-index=\"20\" ><div\n\t\t\t\n\t\t\tclass=\"so-widget-sow-image so-widget-sow-image-default-8b5b6f678277-53\"\n\t\t\t\n\t\t>\n<div class=\"sow-image-container\">\n\t\t<img \n\tsrc=\"https:\/\/brueckenbauer.kulturundwir.de\/wp-content\/uploads\/2025\/12\/metzger-c215@gerhards-768x945.jpg\" width=\"768\" height=\"945\" srcset=\"https:\/\/brueckenbauer.kulturundwir.de\/wp-content\/uploads\/2025\/12\/metzger-c215@gerhards-768x945.jpg 768w, https:\/\/brueckenbauer.kulturundwir.de\/wp-content\/uploads\/2025\/12\/metzger-c215@gerhards-244x300.jpg 244w, https:\/\/brueckenbauer.kulturundwir.de\/wp-content\/uploads\/2025\/12\/metzger-c215@gerhards-833x1024.jpg 833w, https:\/\/brueckenbauer.kulturundwir.de\/wp-content\/uploads\/2025\/12\/metzger-c215@gerhards.jpg 1000w\" sizes=\"(max-width: 768px) 100vw, 768px\" title=\"metzger c215 Gemeinde\" alt=\"\" \t\tclass=\"so-widget-image\"\/>\n\t<\/div>\n\n<\/div><\/div><\/div><\/div><div id=\"pg-53-15\"  class=\"panel-grid panel-has-style\" ><div class=\"panel-row-style panel-row-style-for-53-15\" ><div id=\"pgc-53-15-0\"  class=\"panel-grid-cell panel-grid-cell-empty\" ><\/div><\/div><\/div><div id=\"pg-53-16\"  class=\"panel-grid panel-no-style\" ><div id=\"pgc-53-16-0\"  class=\"panel-grid-cell\" ><div id=\"panel-53-16-0-0\" class=\"so-panel widget widget_sow-editor panel-first-child panel-last-child\" data-index=\"21\" ><div class=\"panel-widget-style panel-widget-style-for-53-16-0-0\" ><div\n\t\t\t\n\t\t\tclass=\"so-widget-sow-editor so-widget-sow-editor-base\"\n\t\t\t\n\t\t><h3 class=\"widget-title\">Ausstellung<\/h3>\n<div class=\"siteorigin-widget-tinymce textwidget\">\n\t<p>Ausstellung in der <strong>Stadtgalerie Dillingen<\/strong><\/p>\n<p>89407 Dillingen, Sch\u00fctzenstr. 1e<\/p>\n<p>Bilder rechts sind von der Vernissage am 3. Oktober 2025<\/p>\n<p>Ausstellungszeitraum war vom 05.10. bis 02.11.2025<\/p>\n<p>&nbsp;<\/p>\n<\/div>\n<\/div><\/div><\/div><\/div><div id=\"pgc-53-16-1\"  class=\"panel-grid-cell\" ><div id=\"panel-53-16-1-0\" class=\"so-panel widget widget_sow-slider panel-first-child panel-last-child\" data-index=\"22\" ><div\n\t\t\t\n\t\t\tclass=\"so-widget-sow-slider so-widget-sow-slider-default-6d39609536fd-53\"\n\t\t\t\n\t\t>\t\t\t\t<div class=\"sow-slider-base\" style=\"display: none\" tabindex=\"0\">\n\t\t\t\t\t<ul\n\t\t\t\t\tclass=\"sow-slider-images\"\n\t\t\t\t\tdata-settings=\"{&quot;pagination&quot;:true,&quot;speed&quot;:400,&quot;timeout&quot;:2000,&quot;paused&quot;:false,&quot;pause_on_hover&quot;:false,&quot;swipe&quot;:true,&quot;nav_always_show_desktop&quot;:&quot;&quot;,&quot;nav_always_show_mobile&quot;:&quot;&quot;,&quot;breakpoint&quot;:&quot;780px&quot;,&quot;unmute&quot;:false,&quot;anchor&quot;:null}\"\n\t\t\t\t\t\t\t\t\t\tdata-anchor-id=\"\"\n\t\t\t\t>\t\t<li class=\"sow-slider-image\" style=\"visibility: visible;\" >\n\t\t\t\t\t\t<div class=\"sow-slider-image-container\">\n\t\t\t\t<div class=\"sow-slider-image-wrapper\" style=\"max-width: 603px\">\n\t\t\t\t\t\t\t\t\t\t<div class=\"sow-slider-image-foreground-wrapper\">\n\t\t\t\t\t\t<img loading=\"lazy\" decoding=\"async\" width=\"603\" height=\"403\" src=\"https:\/\/brueckenbauer.kulturundwir.de\/wp-content\/uploads\/2025\/12\/DSCF9170-001.jpg\" class=\"sow-slider-foreground-image\" alt=\"\" style=\"\" srcset=\"https:\/\/brueckenbauer.kulturundwir.de\/wp-content\/uploads\/2025\/12\/DSCF9170-001.jpg 603w, https:\/\/brueckenbauer.kulturundwir.de\/wp-content\/uploads\/2025\/12\/DSCF9170-001-300x200.jpg 300w, https:\/\/brueckenbauer.kulturundwir.de\/wp-content\/uploads\/2025\/12\/DSCF9170-001-272x182.jpg 272w\" sizes=\"auto, (max-width: 603px) 100vw, 603px\" \/>\t\t\t\t\t<\/div>\n\t\t\t\t\t\t\t\t\t<\/div>\n\t\t\t<\/div>\n\t\t\t\t\t<\/li>\n\t\t\t\t<li class=\"sow-slider-image\" style=\"visibility: hidden;\" >\n\t\t\t\t\t\t<div class=\"sow-slider-image-container\">\n\t\t\t\t<div class=\"sow-slider-image-wrapper\" style=\"max-width: 603px\">\n\t\t\t\t\t\t\t\t\t\t<div class=\"sow-slider-image-foreground-wrapper\">\n\t\t\t\t\t\t<img loading=\"lazy\" decoding=\"async\" width=\"603\" height=\"403\" src=\"https:\/\/brueckenbauer.kulturundwir.de\/wp-content\/uploads\/2025\/12\/DSCF9165-001.jpg\" class=\"sow-slider-foreground-image\" alt=\"\" style=\"\" srcset=\"https:\/\/brueckenbauer.kulturundwir.de\/wp-content\/uploads\/2025\/12\/DSCF9165-001.jpg 603w, https:\/\/brueckenbauer.kulturundwir.de\/wp-content\/uploads\/2025\/12\/DSCF9165-001-300x200.jpg 300w, https:\/\/brueckenbauer.kulturundwir.de\/wp-content\/uploads\/2025\/12\/DSCF9165-001-272x182.jpg 272w\" sizes=\"auto, (max-width: 603px) 100vw, 603px\" \/>\t\t\t\t\t<\/div>\n\t\t\t\t\t\t\t\t\t<\/div>\n\t\t\t<\/div>\n\t\t\t\t\t<\/li>\n\t\t\t\t<li class=\"sow-slider-image\" style=\"visibility: hidden;\" >\n\t\t\t\t\t\t<div class=\"sow-slider-image-container\">\n\t\t\t\t<div class=\"sow-slider-image-wrapper\" style=\"max-width: 602px\">\n\t\t\t\t\t\t\t\t\t\t<div class=\"sow-slider-image-foreground-wrapper\">\n\t\t\t\t\t\t<img loading=\"lazy\" decoding=\"async\" width=\"602\" height=\"402\" src=\"https:\/\/brueckenbauer.kulturundwir.de\/wp-content\/uploads\/2025\/12\/DSCF9085-001.jpg\" class=\"sow-slider-foreground-image\" alt=\"\" style=\"\" srcset=\"https:\/\/brueckenbauer.kulturundwir.de\/wp-content\/uploads\/2025\/12\/DSCF9085-001.jpg 602w, https:\/\/brueckenbauer.kulturundwir.de\/wp-content\/uploads\/2025\/12\/DSCF9085-001-300x200.jpg 300w, https:\/\/brueckenbauer.kulturundwir.de\/wp-content\/uploads\/2025\/12\/DSCF9085-001-272x182.jpg 272w\" sizes=\"auto, (max-width: 602px) 100vw, 602px\" \/>\t\t\t\t\t<\/div>\n\t\t\t\t\t\t\t\t\t<\/div>\n\t\t\t<\/div>\n\t\t\t\t\t<\/li>\n\t\t\t\t<li class=\"sow-slider-image\" style=\"visibility: hidden;\" >\n\t\t\t\t\t\t<div class=\"sow-slider-image-container\">\n\t\t\t\t<div class=\"sow-slider-image-wrapper\" style=\"max-width: 601px\">\n\t\t\t\t\t\t\t\t\t\t<div class=\"sow-slider-image-foreground-wrapper\">\n\t\t\t\t\t\t<img loading=\"lazy\" decoding=\"async\" width=\"601\" height=\"401\" src=\"https:\/\/brueckenbauer.kulturundwir.de\/wp-content\/uploads\/2025\/12\/DSCF9037-001.jpg\" class=\"sow-slider-foreground-image\" alt=\"\" style=\"\" srcset=\"https:\/\/brueckenbauer.kulturundwir.de\/wp-content\/uploads\/2025\/12\/DSCF9037-001.jpg 601w, https:\/\/brueckenbauer.kulturundwir.de\/wp-content\/uploads\/2025\/12\/DSCF9037-001-300x200.jpg 300w, https:\/\/brueckenbauer.kulturundwir.de\/wp-content\/uploads\/2025\/12\/DSCF9037-001-272x182.jpg 272w\" sizes=\"auto, (max-width: 601px) 100vw, 601px\" \/>\t\t\t\t\t<\/div>\n\t\t\t\t\t\t\t\t\t<\/div>\n\t\t\t<\/div>\n\t\t\t\t\t<\/li>\n\t\t\t\t<li class=\"sow-slider-image\" style=\"visibility: hidden;\" >\n\t\t\t\t\t\t<div class=\"sow-slider-image-container\">\n\t\t\t\t<div class=\"sow-slider-image-wrapper\" style=\"max-width: 602px\">\n\t\t\t\t\t\t\t\t\t\t<div class=\"sow-slider-image-foreground-wrapper\">\n\t\t\t\t\t\t<img loading=\"lazy\" decoding=\"async\" width=\"602\" height=\"402\" src=\"https:\/\/brueckenbauer.kulturundwir.de\/wp-content\/uploads\/2025\/12\/DSCF9040-001.jpg\" class=\"sow-slider-foreground-image\" alt=\"\" style=\"\" srcset=\"https:\/\/brueckenbauer.kulturundwir.de\/wp-content\/uploads\/2025\/12\/DSCF9040-001.jpg 602w, https:\/\/brueckenbauer.kulturundwir.de\/wp-content\/uploads\/2025\/12\/DSCF9040-001-300x200.jpg 300w, https:\/\/brueckenbauer.kulturundwir.de\/wp-content\/uploads\/2025\/12\/DSCF9040-001-272x182.jpg 272w\" sizes=\"auto, (max-width: 602px) 100vw, 602px\" \/>\t\t\t\t\t<\/div>\n\t\t\t\t\t\t\t\t\t<\/div>\n\t\t\t<\/div>\n\t\t\t\t\t<\/li>\n\t\t\t\t<li class=\"sow-slider-image\" style=\"visibility: hidden;\" >\n\t\t\t\t\t\t<div class=\"sow-slider-image-container\">\n\t\t\t\t<div class=\"sow-slider-image-wrapper\" style=\"max-width: 512px\">\n\t\t\t\t\t\t\t\t\t\t<div class=\"sow-slider-image-foreground-wrapper\">\n\t\t\t\t\t\t<img loading=\"lazy\" decoding=\"async\" width=\"512\" height=\"402\" src=\"https:\/\/brueckenbauer.kulturundwir.de\/wp-content\/uploads\/2025\/12\/DSCF9092-001.jpg\" class=\"sow-slider-foreground-image\" alt=\"\" style=\"\" srcset=\"https:\/\/brueckenbauer.kulturundwir.de\/wp-content\/uploads\/2025\/12\/DSCF9092-001.jpg 512w, https:\/\/brueckenbauer.kulturundwir.de\/wp-content\/uploads\/2025\/12\/DSCF9092-001-300x236.jpg 300w\" sizes=\"auto, (max-width: 512px) 100vw, 512px\" \/>\t\t\t\t\t<\/div>\n\t\t\t\t\t\t\t\t\t<\/div>\n\t\t\t<\/div>\n\t\t\t\t\t<\/li>\n\t\t\t\t<li class=\"sow-slider-image\" style=\"visibility: hidden;\" >\n\t\t\t\t\t\t<div class=\"sow-slider-image-container\">\n\t\t\t\t<div class=\"sow-slider-image-wrapper\" style=\"max-width: 595px\">\n\t\t\t\t\t\t\t\t\t\t<div class=\"sow-slider-image-foreground-wrapper\">\n\t\t\t\t\t\t<img loading=\"lazy\" decoding=\"async\" width=\"595\" height=\"399\" src=\"https:\/\/brueckenbauer.kulturundwir.de\/wp-content\/uploads\/2025\/12\/DSCF9033-001.jpg\" class=\"sow-slider-foreground-image\" alt=\"\" style=\"\" srcset=\"https:\/\/brueckenbauer.kulturundwir.de\/wp-content\/uploads\/2025\/12\/DSCF9033-001.jpg 595w, https:\/\/brueckenbauer.kulturundwir.de\/wp-content\/uploads\/2025\/12\/DSCF9033-001-300x201.jpg 300w, https:\/\/brueckenbauer.kulturundwir.de\/wp-content\/uploads\/2025\/12\/DSCF9033-001-272x182.jpg 272w\" sizes=\"auto, (max-width: 595px) 100vw, 595px\" \/>\t\t\t\t\t<\/div>\n\t\t\t\t\t\t\t\t\t<\/div>\n\t\t\t<\/div>\n\t\t\t\t\t<\/li>\n\t\t\t\t<li class=\"sow-slider-image\" style=\"visibility: hidden;\" >\n\t\t\t\t\t\t<div class=\"sow-slider-image-container\">\n\t\t\t\t<div class=\"sow-slider-image-wrapper\" style=\"max-width: 572px\">\n\t\t\t\t\t\t\t\t\t\t<div class=\"sow-slider-image-foreground-wrapper\">\n\t\t\t\t\t\t<img loading=\"lazy\" decoding=\"async\" width=\"572\" height=\"402\" src=\"https:\/\/brueckenbauer.kulturundwir.de\/wp-content\/uploads\/2025\/12\/DSCF9132-001.jpg\" class=\"sow-slider-foreground-image\" alt=\"\" style=\"\" srcset=\"https:\/\/brueckenbauer.kulturundwir.de\/wp-content\/uploads\/2025\/12\/DSCF9132-001.jpg 572w, https:\/\/brueckenbauer.kulturundwir.de\/wp-content\/uploads\/2025\/12\/DSCF9132-001-300x211.jpg 300w\" sizes=\"auto, (max-width: 572px) 100vw, 572px\" \/>\t\t\t\t\t<\/div>\n\t\t\t\t\t\t\t\t\t<\/div>\n\t\t\t<\/div>\n\t\t\t\t\t<\/li>\n\t\t\t\t<li class=\"sow-slider-image\" style=\"visibility: hidden;\" >\n\t\t\t\t\t\t<div class=\"sow-slider-image-container\">\n\t\t\t\t<div class=\"sow-slider-image-wrapper\" style=\"max-width: 403px\">\n\t\t\t\t\t\t\t\t\t\t<div class=\"sow-slider-image-foreground-wrapper\">\n\t\t\t\t\t\t<img loading=\"lazy\" decoding=\"async\" width=\"403\" height=\"603\" src=\"https:\/\/brueckenbauer.kulturundwir.de\/wp-content\/uploads\/2025\/12\/DSCF9071-001.jpg\" class=\"sow-slider-foreground-image\" alt=\"\" style=\"\" srcset=\"https:\/\/brueckenbauer.kulturundwir.de\/wp-content\/uploads\/2025\/12\/DSCF9071-001.jpg 403w, https:\/\/brueckenbauer.kulturundwir.de\/wp-content\/uploads\/2025\/12\/DSCF9071-001-200x300.jpg 200w\" sizes=\"auto, (max-width: 403px) 100vw, 403px\" \/>\t\t\t\t\t<\/div>\n\t\t\t\t\t\t\t\t\t<\/div>\n\t\t\t<\/div>\n\t\t\t\t\t<\/li>\n\t\t\t\t<li class=\"sow-slider-image\" style=\"visibility: hidden;\" >\n\t\t\t\t\t\t<div class=\"sow-slider-image-container\">\n\t\t\t\t<div class=\"sow-slider-image-wrapper\" style=\"max-width: 602px\">\n\t\t\t\t\t\t\t\t\t\t<div class=\"sow-slider-image-foreground-wrapper\">\n\t\t\t\t\t\t<img loading=\"lazy\" decoding=\"async\" width=\"602\" height=\"402\" src=\"https:\/\/brueckenbauer.kulturundwir.de\/wp-content\/uploads\/2025\/12\/DSCF9138-001.jpg\" class=\"sow-slider-foreground-image\" alt=\"\" style=\"\" srcset=\"https:\/\/brueckenbauer.kulturundwir.de\/wp-content\/uploads\/2025\/12\/DSCF9138-001.jpg 602w, https:\/\/brueckenbauer.kulturundwir.de\/wp-content\/uploads\/2025\/12\/DSCF9138-001-300x200.jpg 300w, https:\/\/brueckenbauer.kulturundwir.de\/wp-content\/uploads\/2025\/12\/DSCF9138-001-272x182.jpg 272w\" sizes=\"auto, (max-width: 602px) 100vw, 602px\" \/>\t\t\t\t\t<\/div>\n\t\t\t\t\t\t\t\t\t<\/div>\n\t\t\t<\/div>\n\t\t\t\t\t<\/li>\n\t\t\t\t<li class=\"sow-slider-image\" style=\"visibility: hidden;\" >\n\t\t\t\t\t\t<div class=\"sow-slider-image-container\">\n\t\t\t\t<div class=\"sow-slider-image-wrapper\" style=\"max-width: 403px\">\n\t\t\t\t\t\t\t\t\t\t<div class=\"sow-slider-image-foreground-wrapper\">\n\t\t\t\t\t\t<img loading=\"lazy\" decoding=\"async\" width=\"403\" height=\"603\" src=\"https:\/\/brueckenbauer.kulturundwir.de\/wp-content\/uploads\/2025\/12\/DSCF9054-001.jpg\" class=\"sow-slider-foreground-image\" alt=\"\" style=\"\" srcset=\"https:\/\/brueckenbauer.kulturundwir.de\/wp-content\/uploads\/2025\/12\/DSCF9054-001.jpg 403w, https:\/\/brueckenbauer.kulturundwir.de\/wp-content\/uploads\/2025\/12\/DSCF9054-001-200x300.jpg 200w\" sizes=\"auto, (max-width: 403px) 100vw, 403px\" \/>\t\t\t\t\t<\/div>\n\t\t\t\t\t\t\t\t\t<\/div>\n\t\t\t<\/div>\n\t\t\t\t\t<\/li>\n\t\t\t\t<li class=\"sow-slider-image\" style=\"visibility: hidden;\" >\n\t\t\t\t\t\t<div class=\"sow-slider-image-container\">\n\t\t\t\t<div class=\"sow-slider-image-wrapper\" style=\"max-width: 602px\">\n\t\t\t\t\t\t\t\t\t\t<div class=\"sow-slider-image-foreground-wrapper\">\n\t\t\t\t\t\t<img loading=\"lazy\" decoding=\"async\" width=\"602\" height=\"402\" src=\"https:\/\/brueckenbauer.kulturundwir.de\/wp-content\/uploads\/2025\/12\/DSCF9006-001.jpg\" class=\"sow-slider-foreground-image\" alt=\"\" style=\"\" srcset=\"https:\/\/brueckenbauer.kulturundwir.de\/wp-content\/uploads\/2025\/12\/DSCF9006-001.jpg 602w, https:\/\/brueckenbauer.kulturundwir.de\/wp-content\/uploads\/2025\/12\/DSCF9006-001-300x200.jpg 300w, https:\/\/brueckenbauer.kulturundwir.de\/wp-content\/uploads\/2025\/12\/DSCF9006-001-272x182.jpg 272w\" sizes=\"auto, (max-width: 602px) 100vw, 602px\" \/>\t\t\t\t\t<\/div>\n\t\t\t\t\t\t\t\t\t<\/div>\n\t\t\t<\/div>\n\t\t\t\t\t<\/li>\n\t\t\t\t<li class=\"sow-slider-image\" style=\"visibility: hidden;\" >\n\t\t\t\t\t\t<div class=\"sow-slider-image-container\">\n\t\t\t\t<div class=\"sow-slider-image-wrapper\" style=\"max-width: 603px\">\n\t\t\t\t\t\t\t\t\t\t<div class=\"sow-slider-image-foreground-wrapper\">\n\t\t\t\t\t\t<img loading=\"lazy\" decoding=\"async\" width=\"603\" height=\"403\" src=\"https:\/\/brueckenbauer.kulturundwir.de\/wp-content\/uploads\/2025\/12\/DSCF9049-001.jpg\" class=\"sow-slider-foreground-image\" alt=\"\" style=\"\" srcset=\"https:\/\/brueckenbauer.kulturundwir.de\/wp-content\/uploads\/2025\/12\/DSCF9049-001.jpg 603w, https:\/\/brueckenbauer.kulturundwir.de\/wp-content\/uploads\/2025\/12\/DSCF9049-001-300x200.jpg 300w, https:\/\/brueckenbauer.kulturundwir.de\/wp-content\/uploads\/2025\/12\/DSCF9049-001-272x182.jpg 272w\" sizes=\"auto, (max-width: 603px) 100vw, 603px\" \/>\t\t\t\t\t<\/div>\n\t\t\t\t\t\t\t\t\t<\/div>\n\t\t\t<\/div>\n\t\t\t\t\t<\/li>\n\t\t<\/ul>\t\t\t\t<ol class=\"sow-slider-pagination\">\n\t\t\t\t\t\t\t\t\t\t\t<li><a href=\"#\" data-goto=\"0\" aria-label=\"Display slide 1\"><\/a><\/li>\n\t\t\t\t\t\t\t\t\t\t\t<li><a href=\"#\" data-goto=\"1\" aria-label=\"Display slide 2\"><\/a><\/li>\n\t\t\t\t\t\t\t\t\t\t\t<li><a href=\"#\" data-goto=\"2\" aria-label=\"Display slide 3\"><\/a><\/li>\n\t\t\t\t\t\t\t\t\t\t\t<li><a href=\"#\" data-goto=\"3\" aria-label=\"Display slide 4\"><\/a><\/li>\n\t\t\t\t\t\t\t\t\t\t\t<li><a href=\"#\" data-goto=\"4\" aria-label=\"Display slide 5\"><\/a><\/li>\n\t\t\t\t\t\t\t\t\t\t\t<li><a href=\"#\" data-goto=\"5\" aria-label=\"Display slide 6\"><\/a><\/li>\n\t\t\t\t\t\t\t\t\t\t\t<li><a href=\"#\" data-goto=\"6\" aria-label=\"Display slide 7\"><\/a><\/li>\n\t\t\t\t\t\t\t\t\t\t\t<li><a href=\"#\" data-goto=\"7\" aria-label=\"Display slide 8\"><\/a><\/li>\n\t\t\t\t\t\t\t\t\t\t\t<li><a href=\"#\" data-goto=\"8\" aria-label=\"Display slide 9\"><\/a><\/li>\n\t\t\t\t\t\t\t\t\t\t\t<li><a href=\"#\" data-goto=\"9\" aria-label=\"Display slide 10\"><\/a><\/li>\n\t\t\t\t\t\t\t\t\t\t\t<li><a href=\"#\" data-goto=\"10\" aria-label=\"Display slide 11\"><\/a><\/li>\n\t\t\t\t\t\t\t\t\t\t\t<li><a href=\"#\" data-goto=\"11\" aria-label=\"Display slide 12\"><\/a><\/li>\n\t\t\t\t\t\t\t\t\t\t\t<li><a href=\"#\" data-goto=\"12\" aria-label=\"Display slide 13\"><\/a><\/li>\n\t\t\t\t\t\t\t\t\t<\/ol>\n\n\t\t\t\t<div class=\"sow-slide-nav sow-slide-nav-next\">\n\t\t\t\t\t<a href=\"#\" data-goto=\"next\" aria-label=\"Next slide\" data-action=\"next\">\n\t\t\t\t\t\t<em class=\"sow-sld-icon-thin-right\"><\/em>\n\t\t\t\t\t<\/a>\n\t\t\t\t<\/div>\n\n\t\t\t\t<div class=\"sow-slide-nav sow-slide-nav-prev\">\n\t\t\t\t\t<a href=\"#\" data-goto=\"previous\" aria-label=\"Previous slide\" data-action=\"prev\">\n\t\t\t\t\t\t<em class=\"sow-sld-icon-thin-left\"><\/em>\n\t\t\t\t\t<\/a>\n\t\t\t\t<\/div>\n\t\t\t\t<\/div><\/div><\/div><\/div><\/div><div id=\"pg-53-17\"  class=\"panel-grid panel-has-style\" ><div class=\"panel-row-style panel-row-style-for-53-17\" ><div id=\"pgc-53-17-0\"  class=\"panel-grid-cell panel-grid-cell-empty\" ><\/div><\/div><\/div><div id=\"pg-53-18\"  class=\"panel-grid panel-no-style\" ><div id=\"pgc-53-18-0\"  class=\"panel-grid-cell\" ><div id=\"panel-53-18-0-0\" class=\"so-panel widget widget_sow-editor panel-first-child panel-last-child\" data-index=\"23\" ><div class=\"panel-widget-style panel-widget-style-for-53-18-0-0\" ><div\n\t\t\t\n\t\t\tclass=\"so-widget-sow-editor so-widget-sow-editor-base\"\n\t\t\t\n\t\t><h3 class=\"widget-title\">Projektwoche in Dillingen<\/h3>\n<div class=\"siteorigin-widget-tinymce textwidget\">\n\t<p>Im Rahmen einer Projektwoche schuf der K\u00fcnstler C215 (Christian Gu\u00e9my) in jedem der f\u00fcnf Orte auf einer \u00f6ffentlich sichtbaren Fl\u00e4che ein Schablonenkunstwerk zu der am Ort passenden historischen Pers\u00f6nlichkeit. Daneben wurde ein zweites Werk von ihm erstellt und den teilnehmenden Kommunen \u00fcbergeben.<\/p>\n<\/div>\n<\/div><\/div><\/div><\/div><\/div><div id=\"pg-53-19\"  class=\"panel-grid panel-has-style\" ><div class=\"panel-row-style panel-row-style-for-53-19\" ><div id=\"pgc-53-19-0\"  class=\"panel-grid-cell panel-grid-cell-empty\" ><\/div><\/div><\/div><div id=\"pg-53-20\"  class=\"panel-grid panel-no-style\" ><div id=\"pgc-53-20-0\"  class=\"panel-grid-cell\" ><div id=\"panel-53-20-0-0\" class=\"so-panel widget widget_sow-editor panel-first-child panel-last-child\" data-index=\"24\" ><div class=\"panel-widget-style panel-widget-style-for-53-20-0-0\" ><div\n\t\t\t\n\t\t\tclass=\"so-widget-sow-editor so-widget-sow-editor-base\"\n\t\t\t\n\t\t><h3 class=\"widget-title\">Streetart Schablonenkunst von C215<\/h3>\n<div class=\"siteorigin-widget-tinymce textwidget\">\n\t<p>Der franz\u00f6sische Streetart-K\u00fcnstler C215 (Christian Gu\u00e9my) pr\u00e4sentiert einen Ausschnitt seines k\u00fcnstlerischen Schaffens. Er praktiziert seine Kunst in St\u00e4dten auf der ganzen Welt und wurde bereits mit vielen Preisen ausgezeichnet.<\/p>\n<p>Mit seiner ausgefeilten Schablonenkunst gestaltet C215 im Projekt \u201eBr\u00fcckenbauer\u201c in f\u00fcnf nodschw\u00e4bischen Orten Werke zu historischen Pers\u00f6nlichkeiten aus unserer Region. Die Ausstellung mit seinen k\u00fcnstlerisch gestalteten Objekten und Bildern \u00f6ffnet Horizonte und bietet reiche Beispiele f\u00fcr eine, sp\u00e4testens seit Banksy, weltweit beachtete Kunstform<\/p>\n<p>Weitere Informationen<\/p>\n<p><a href=\"https:\/\/www.c215.fr\/en\/c215-5\/\" target=\"_blank\" rel=\"noopener\">Homepage von C215 (Christian Gu\u00e9my)\u00a0<\/a><\/p>\n<\/div>\n<\/div><\/div><\/div><\/div><\/div><div id=\"pg-53-21\"  class=\"panel-grid panel-has-style\" ><div class=\"panel-row-style panel-row-style-for-53-21\" ><div id=\"pgc-53-21-0\"  class=\"panel-grid-cell panel-grid-cell-empty\" ><\/div><\/div><\/div><\/div>","protected":false},"excerpt":{"rendered":"<p>Lebt in Paris. Er wurde mit zahlreichen nationalen Preisen ausgezeichnet. Er ist bekannt f\u00fcr seine detailreichen und lebendigen Portraits und seine Schablonenkunst.<\/p>\n","protected":false},"author":1,"featured_media":0,"parent":0,"menu_order":0,"comment_status":"closed","ping_status":"closed","template":"","meta":{"footnotes":""},"class_list":["post-53","page","type-page","status-publish","hentry","post"],"_links":{"self":[{"href":"https:\/\/brueckenbauer.kulturundwir.de\/index.php\/wp-json\/wp\/v2\/pages\/53","targetHints":{"allow":["GET"]}}],"collection":[{"href":"https:\/\/brueckenbauer.kulturundwir.de\/index.php\/wp-json\/wp\/v2\/pages"}],"about":[{"href":"https:\/\/brueckenbauer.kulturundwir.de\/index.php\/wp-json\/wp\/v2\/types\/page"}],"author":[{"embeddable":true,"href":"https:\/\/brueckenbauer.kulturundwir.de\/index.php\/wp-json\/wp\/v2\/users\/1"}],"replies":[{"embeddable":true,"href":"https:\/\/brueckenbauer.kulturundwir.de\/index.php\/wp-json\/wp\/v2\/comments?post=53"}],"version-history":[{"count":39,"href":"https:\/\/brueckenbauer.kulturundwir.de\/index.php\/wp-json\/wp\/v2\/pages\/53\/revisions"}],"predecessor-version":[{"id":926,"href":"https:\/\/brueckenbauer.kulturundwir.de\/index.php\/wp-json\/wp\/v2\/pages\/53\/revisions\/926"}],"wp:attachment":[{"href":"https:\/\/brueckenbauer.kulturundwir.de\/index.php\/wp-json\/wp\/v2\/media?parent=53"}],"curies":[{"name":"wp","href":"https:\/\/api.w.org\/{rel}","templated":true}]}}