{"id":589,"date":"2025-11-11T15:38:20","date_gmt":"2025-11-11T15:38:20","guid":{"rendered":"https:\/\/brueckenbauer.kulturundwir.de\/?page_id=589"},"modified":"2026-02-16T13:42:56","modified_gmt":"2026-02-16T13:42:56","slug":"st-bonaventura-fachakademie-dillingen","status":"publish","type":"page","link":"https:\/\/brueckenbauer.kulturundwir.de\/index.php\/st-bonaventura-fachakademie-dillingen\/","title":{"rendered":"ST. BONAVENTURA FACHAKADEMIE DILLINGEN"},"content":{"rendered":"<div id=\"pl-589\"  class=\"panel-layout\" ><div id=\"pg-589-0\"  class=\"panel-grid panel-no-style\" ><div id=\"pgc-589-0-0\"  class=\"panel-grid-cell\" ><div id=\"panel-589-0-0-0\" class=\"so-panel widget widget_sow-editor panel-first-child panel-last-child\" data-index=\"0\" ><div\n\t\t\t\n\t\t\tclass=\"so-widget-sow-editor so-widget-sow-editor-base\"\n\t\t\t\n\t\t>\n<div class=\"siteorigin-widget-tinymce textwidget\">\n\t<p>Webseite der St. Bonaventura Fachakademie f\u00fcr Sozialp\u00e4dagogik Dillingen: \u00a0<a href=\"https:\/\/www.fachakademie-dillingen.de\/\">www.fachakademie-dillingen.de<\/a><\/p>\n<\/div>\n<\/div><\/div><\/div><\/div><div id=\"pg-589-1\"  class=\"panel-grid panel-no-style\" ><div id=\"pgc-589-1-0\"  class=\"panel-grid-cell\" ><div id=\"panel-589-1-0-0\" class=\"so-panel widget widget_sow-editor panel-first-child panel-last-child\" data-index=\"1\" ><div class=\"panel-widget-style panel-widget-style-for-589-1-0-0\" ><div\n\t\t\t\n\t\t\tclass=\"so-widget-sow-editor so-widget-sow-editor-base\"\n\t\t\t\n\t\t>\n<div class=\"siteorigin-widget-tinymce textwidget\">\n\t<\/div>\n<\/div><\/div><\/div><\/div><\/div><div id=\"pg-589-2\"  class=\"panel-grid panel-no-style\" ><div id=\"pgc-589-2-0\"  class=\"panel-grid-cell\" ><div id=\"panel-589-2-0-0\" class=\"so-panel widget widget_sow-image panel-first-child panel-last-child\" data-index=\"2\" ><div\n\t\t\t\n\t\t\tclass=\"so-widget-sow-image so-widget-sow-image-default-8b5b6f678277-589\"\n\t\t\t\n\t\t>\n<div class=\"sow-image-container\">\n\t\t<img \n\tsrc=\"https:\/\/brueckenbauer.kulturundwir.de\/wp-content\/uploads\/2025\/12\/DSCF5008-001.jpg\" width=\"602\" height=\"402\" srcset=\"https:\/\/brueckenbauer.kulturundwir.de\/wp-content\/uploads\/2025\/12\/DSCF5008-001.jpg 602w, https:\/\/brueckenbauer.kulturundwir.de\/wp-content\/uploads\/2025\/12\/DSCF5008-001-300x200.jpg 300w, https:\/\/brueckenbauer.kulturundwir.de\/wp-content\/uploads\/2025\/12\/DSCF5008-001-272x182.jpg 272w\" sizes=\"(max-width: 602px) 100vw, 602px\" title=\"FAKS Renz\" alt=\"\" \t\tclass=\"so-widget-image\"\/>\n\t<\/div>\n\n<\/div><\/div><\/div><div id=\"pgc-589-2-1\"  class=\"panel-grid-cell\" ><div id=\"panel-589-2-1-0\" class=\"so-panel widget widget_sow-editor panel-first-child panel-last-child\" data-index=\"3\" ><div\n\t\t\t\n\t\t\tclass=\"so-widget-sow-editor so-widget-sow-editor-base\"\n\t\t\t\n\t\t>\n<div class=\"siteorigin-widget-tinymce textwidget\">\n\t<p>Dieses Streetart-Werk zum Br\u00fcckenbauerin <a href=\"https:\/\/brueckenbauer.kulturundwir.de\/index.php\/barbara-renz\/\"><strong>Barbara Renz<\/strong><\/a> der Sch\u00fclerinnen und Sch\u00fclern Fachakademie f\u00fcr Sozialp\u00e4dagogik befindet sich in Dillingen, Ziegelstra\u00dfe 6.<\/p>\n<p>Foto: Michael Stark<\/p>\n<\/div>\n<\/div><\/div><\/div><\/div><div id=\"pg-589-3\"  class=\"panel-grid panel-no-style\" ><div id=\"pgc-589-3-0\"  class=\"panel-grid-cell\" ><div id=\"panel-589-3-0-0\" class=\"so-panel widget widget_sow-editor panel-first-child panel-last-child\" data-index=\"4\" ><div class=\"panel-widget-style panel-widget-style-for-589-3-0-0\" ><div\n\t\t\t\n\t\t\tclass=\"so-widget-sow-editor so-widget-sow-editor-base\"\n\t\t\t\n\t\t>\n<div class=\"siteorigin-widget-tinymce textwidget\">\n\t<\/div>\n<\/div><\/div><\/div><\/div><\/div><div id=\"pg-589-4\"  class=\"panel-grid panel-no-style\" ><div id=\"pgc-589-4-0\"  class=\"panel-grid-cell\" ><div id=\"panel-589-4-0-0\" class=\"so-panel widget widget_sow-image panel-first-child panel-last-child\" data-index=\"5\" ><div\n\t\t\t\n\t\t\tclass=\"so-widget-sow-image so-widget-sow-image-default-8b5b6f678277-589\"\n\t\t\t\n\t\t>\n<div class=\"sow-image-container\">\n\t\t<img \n\tsrc=\"https:\/\/brueckenbauer.kulturundwir.de\/wp-content\/uploads\/2025\/12\/DSCF5030-001.jpg\" width=\"603\" height=\"403\" srcset=\"https:\/\/brueckenbauer.kulturundwir.de\/wp-content\/uploads\/2025\/12\/DSCF5030-001.jpg 603w, https:\/\/brueckenbauer.kulturundwir.de\/wp-content\/uploads\/2025\/12\/DSCF5030-001-300x200.jpg 300w, https:\/\/brueckenbauer.kulturundwir.de\/wp-content\/uploads\/2025\/12\/DSCF5030-001-272x182.jpg 272w\" sizes=\"(max-width: 603px) 100vw, 603px\" title=\"FAKS Renz\" alt=\"\" \t\tclass=\"so-widget-image\"\/>\n\t<\/div>\n\n<\/div><\/div><\/div><div id=\"pgc-589-4-1\"  class=\"panel-grid-cell\" ><div id=\"panel-589-4-1-0\" class=\"so-panel widget widget_sow-editor panel-first-child panel-last-child\" data-index=\"6\" ><div\n\t\t\t\n\t\t\tclass=\"so-widget-sow-editor so-widget-sow-editor-base\"\n\t\t\t\n\t\t>\n<div class=\"siteorigin-widget-tinymce textwidget\">\n\t<p>Dieses Streetart-Werk zum Br\u00fcckenbauerin <a href=\"https:\/\/brueckenbauer.kulturundwir.de\/index.php\/barbara-renz\/\"><strong>Barbara Renz<\/strong><\/a> der Sch\u00fclerinnen und Sch\u00fclern Fachakademie f\u00fcr Sozialp\u00e4dagogik befindet sich in Dillingen, Ziegelstra\u00dfe 24.<\/p>\n<p>Der Regenbogen steht f\u00fcr ihr Engagement f\u00fcr Gleichstellung, die Schlange als Symbol f\u00fcr Weisheit und das Logo des KDFB f\u00fcr die Gr\u00fcndung des Katholischen Frauenbundes, Ortsverband Dillingen durch Barbara Renz.<\/p>\n<p>Foto: Michael Stark<\/p>\n<\/div>\n<\/div><\/div><\/div><\/div><div id=\"pg-589-5\"  class=\"panel-grid panel-no-style\" ><div id=\"pgc-589-5-0\"  class=\"panel-grid-cell panel-grid-cell-empty\" ><\/div><\/div><div id=\"pg-589-6\"  class=\"panel-grid panel-no-style\" ><div id=\"pgc-589-6-0\"  class=\"panel-grid-cell\" ><div id=\"panel-589-6-0-0\" class=\"so-panel widget widget_sow-editor panel-first-child panel-last-child\" data-index=\"7\" ><div class=\"panel-widget-style panel-widget-style-for-589-6-0-0\" ><div\n\t\t\t\n\t\t\tclass=\"so-widget-sow-editor so-widget-sow-editor-base\"\n\t\t\t\n\t\t>\n<div class=\"siteorigin-widget-tinymce textwidget\">\n\t<\/div>\n<\/div><\/div><\/div><\/div><\/div><div id=\"pg-589-7\"  class=\"panel-grid panel-no-style\" ><div id=\"pgc-589-7-0\"  class=\"panel-grid-cell\" ><div id=\"panel-589-7-0-0\" class=\"so-panel widget widget_sow-editor panel-first-child panel-last-child\" data-index=\"8\" ><div\n\t\t\t\n\t\t\tclass=\"so-widget-sow-editor so-widget-sow-editor-base\"\n\t\t\t\n\t\t><h3 class=\"widget-title\">BARBARA RENZ<\/h3>\n<div class=\"siteorigin-widget-tinymce textwidget\">\n\t<p>Wissenschaftlerin und Frauenrechtlerin:<\/p>\n<p>Mehr zu Barbara Renz <a href=\"https:\/\/brueckenbauer.kulturundwir.de\/index.php\/barbara-renz\/\">hier...<\/a><\/p>\n<\/div>\n<\/div><\/div><\/div><div id=\"pgc-589-7-1\"  class=\"panel-grid-cell\" ><div id=\"panel-589-7-1-0\" class=\"so-panel widget widget_sow-image panel-first-child panel-last-child\" data-index=\"9\" ><div\n\t\t\t\n\t\t\tclass=\"so-widget-sow-image so-widget-sow-image-default-8b5b6f678277-589\"\n\t\t\t\n\t\t>\n<div class=\"sow-image-container\">\n\t\t<img \n\tsrc=\"https:\/\/brueckenbauer.kulturundwir.de\/wp-content\/uploads\/2025\/07\/Barbara-Renz-4-283x300.jpg\" width=\"283\" height=\"300\" srcset=\"https:\/\/brueckenbauer.kulturundwir.de\/wp-content\/uploads\/2025\/07\/Barbara-Renz-4-283x300.jpg 283w, https:\/\/brueckenbauer.kulturundwir.de\/wp-content\/uploads\/2025\/07\/Barbara-Renz-4.jpg 302w\" sizes=\"(max-width: 283px) 100vw, 283px\" title=\"DR. BARBARA RENZ\" alt=\"\" \t\tclass=\"so-widget-image\"\/>\n\t<\/div>\n\n<\/div><\/div><\/div><\/div><div id=\"pg-589-8\"  class=\"panel-grid panel-no-style\" ><div id=\"pgc-589-8-0\"  class=\"panel-grid-cell panel-grid-cell-empty\" ><\/div><\/div><div id=\"pg-589-9\"  class=\"panel-grid panel-no-style\" ><div id=\"pgc-589-9-0\"  class=\"panel-grid-cell\" ><div id=\"panel-589-9-0-0\" class=\"so-panel widget widget_sow-editor panel-first-child panel-last-child\" data-index=\"10\" ><div class=\"panel-widget-style panel-widget-style-for-589-9-0-0\" ><div\n\t\t\t\n\t\t\tclass=\"so-widget-sow-editor so-widget-sow-editor-base\"\n\t\t\t\n\t\t>\n<div class=\"siteorigin-widget-tinymce textwidget\">\n\t<\/div>\n<\/div><\/div><\/div><\/div><\/div><div id=\"pg-589-10\"  class=\"panel-grid panel-no-style\" ><div id=\"pgc-589-10-0\"  class=\"panel-grid-cell\" ><div id=\"panel-589-10-0-0\" class=\"so-panel widget widget_sow-image panel-first-child panel-last-child\" data-index=\"11\" ><div\n\t\t\t\n\t\t\tclass=\"so-widget-sow-image so-widget-sow-image-default-8b5b6f678277-589\"\n\t\t\t\n\t\t>\n<div class=\"sow-image-container\">\n\t\t<img \n\tsrc=\"https:\/\/brueckenbauer.kulturundwir.de\/wp-content\/uploads\/2025\/12\/DSCF5097-001-260x300.jpg\" width=\"260\" height=\"300\" srcset=\"https:\/\/brueckenbauer.kulturundwir.de\/wp-content\/uploads\/2025\/12\/DSCF5097-001-260x300.jpg 260w, https:\/\/brueckenbauer.kulturundwir.de\/wp-content\/uploads\/2025\/12\/DSCF5097-001.jpg 401w\" sizes=\"(max-width: 260px) 100vw, 260px\" title=\"FAKS Roth\" alt=\"\" \t\tclass=\"so-widget-image\"\/>\n\t<\/div>\n\n<\/div><\/div><\/div><div id=\"pgc-589-10-1\"  class=\"panel-grid-cell\" ><div id=\"panel-589-10-1-0\" class=\"so-panel widget widget_sow-editor panel-first-child panel-last-child\" data-index=\"12\" ><div\n\t\t\t\n\t\t\tclass=\"so-widget-sow-editor so-widget-sow-editor-base\"\n\t\t\t\n\t\t>\n<div class=\"siteorigin-widget-tinymce textwidget\">\n\t<p>Dieses Streetart-Werk zum Br\u00fcckenbauer <a href=\"https:\/\/brueckenbauer.kulturundwir.de\/index.php\/heinrich-roth\/\"><strong>Heinrich Roth<\/strong><\/a> der Sch\u00fclerinnen und Sch\u00fclern Fachakademie f\u00fcr Sozialp\u00e4dagogik befindet sich in Dillingen, Kardinal-von-Waldburg-Str. 49.<\/p>\n<p>Foto: Michael Stark<\/p>\n<\/div>\n<\/div><\/div><\/div><\/div><div id=\"pg-589-11\"  class=\"panel-grid panel-no-style\" ><div id=\"pgc-589-11-0\"  class=\"panel-grid-cell\" ><div id=\"panel-589-11-0-0\" class=\"so-panel widget widget_sow-editor panel-first-child panel-last-child\" data-index=\"13\" ><div class=\"panel-widget-style panel-widget-style-for-589-11-0-0\" ><div\n\t\t\t\n\t\t\tclass=\"so-widget-sow-editor so-widget-sow-editor-base\"\n\t\t\t\n\t\t>\n<div class=\"siteorigin-widget-tinymce textwidget\">\n\t<\/div>\n<\/div><\/div><\/div><\/div><\/div><div id=\"pg-589-12\"  class=\"panel-grid panel-no-style\" ><div id=\"pgc-589-12-0\"  class=\"panel-grid-cell\" ><div id=\"panel-589-12-0-0\" class=\"so-panel widget widget_sow-editor panel-first-child panel-last-child\" data-index=\"14\" ><div\n\t\t\t\n\t\t\tclass=\"so-widget-sow-editor so-widget-sow-editor-base\"\n\t\t\t\n\t\t><h3 class=\"widget-title\">HEINRICH ROTH<\/h3>\n<div class=\"siteorigin-widget-tinymce textwidget\">\n\t<p><span class=\"fontstyle0\">Einer <\/span><span class=\"fontstyle0\">der ersten europ\u00e4ischen\u00a0<\/span><span class=\"fontstyle0\">Sanskritforscher<\/span><span class=\"fontstyle0\">.<\/span><\/p>\n<p>Mehr zu Heinrich Roth <a href=\"https:\/\/brueckenbauer.kulturundwir.de\/index.php\/heinrich-roth\/\">hier...<\/a><\/p>\n<\/div>\n<\/div><\/div><\/div><div id=\"pgc-589-12-1\"  class=\"panel-grid-cell\" ><div id=\"panel-589-12-1-0\" class=\"so-panel widget widget_sow-image panel-first-child panel-last-child\" data-index=\"15\" ><div\n\t\t\t\n\t\t\tclass=\"so-widget-sow-image so-widget-sow-image-default-8b5b6f678277-589\"\n\t\t\t\n\t\t>\n<div class=\"sow-image-container\">\n\t\t<img \n\tsrc=\"https:\/\/brueckenbauer.kulturundwir.de\/wp-content\/uploads\/2025\/07\/Heinrich-Roth-296x300.jpg\" width=\"296\" height=\"300\" srcset=\"https:\/\/brueckenbauer.kulturundwir.de\/wp-content\/uploads\/2025\/07\/Heinrich-Roth-296x300.jpg 296w, https:\/\/brueckenbauer.kulturundwir.de\/wp-content\/uploads\/2025\/07\/Heinrich-Roth-768x779.jpg 768w, https:\/\/brueckenbauer.kulturundwir.de\/wp-content\/uploads\/2025\/07\/Heinrich-Roth.jpg 812w\" sizes=\"(max-width: 296px) 100vw, 296px\" title=\"HEINRICH ROTH\" alt=\"\" \t\tclass=\"so-widget-image\"\/>\n\t<\/div>\n\n<\/div><\/div><\/div><\/div><div id=\"pg-589-13\"  class=\"panel-grid panel-no-style\" ><div id=\"pgc-589-13-0\"  class=\"panel-grid-cell\" ><div id=\"panel-589-13-0-0\" class=\"so-panel widget widget_sow-editor panel-first-child panel-last-child\" data-index=\"16\" ><div class=\"panel-widget-style panel-widget-style-for-589-13-0-0\" ><div\n\t\t\t\n\t\t\tclass=\"so-widget-sow-editor so-widget-sow-editor-base\"\n\t\t\t\n\t\t>\n<div class=\"siteorigin-widget-tinymce textwidget\">\n\t<\/div>\n<\/div><\/div><\/div><\/div><\/div><div id=\"pg-589-14\"  class=\"panel-grid panel-no-style\" ><div id=\"pgc-589-14-0\"  class=\"panel-grid-cell\" ><div id=\"panel-589-14-0-0\" class=\"so-panel widget widget_sow-image panel-first-child panel-last-child\" data-index=\"17\" ><div\n\t\t\t\n\t\t\tclass=\"so-widget-sow-image so-widget-sow-image-default-8b5b6f678277-589\"\n\t\t\t\n\t\t>\n<div class=\"sow-image-container\">\n\t\t<img \n\tsrc=\"https:\/\/brueckenbauer.kulturundwir.de\/wp-content\/uploads\/2025\/12\/DSCF5015-001.jpg\" width=\"602\" height=\"402\" srcset=\"https:\/\/brueckenbauer.kulturundwir.de\/wp-content\/uploads\/2025\/12\/DSCF5015-001.jpg 602w, https:\/\/brueckenbauer.kulturundwir.de\/wp-content\/uploads\/2025\/12\/DSCF5015-001-300x200.jpg 300w, https:\/\/brueckenbauer.kulturundwir.de\/wp-content\/uploads\/2025\/12\/DSCF5015-001-272x182.jpg 272w\" sizes=\"(max-width: 602px) 100vw, 602px\" title=\"FAKS Beckler\" alt=\"\" \t\tclass=\"so-widget-image\"\/>\n\t<\/div>\n\n<\/div><\/div><\/div><div id=\"pgc-589-14-1\"  class=\"panel-grid-cell\" ><div id=\"panel-589-14-1-0\" class=\"so-panel widget widget_sow-editor panel-first-child panel-last-child\" data-index=\"18\" ><div\n\t\t\t\n\t\t\tclass=\"so-widget-sow-editor so-widget-sow-editor-base\"\n\t\t\t\n\t\t>\n<div class=\"siteorigin-widget-tinymce textwidget\">\n\t<p>Dieses Streetart-Werk zum Br\u00fcckenbauer <a href=\"https:\/\/brueckenbauer.kulturundwir.de\/index.php\/hermann-beckler\/\"><strong>Hermann Beckler<\/strong><\/a> der Sch\u00fclerinnen und Sch\u00fclern Fachakademie f\u00fcr Sozialp\u00e4dagogik befindet sich in H\u00f6chst\u00e4dt, An der Bleiche 8.<\/p>\n<p>Foto: Michael Stark<\/p>\n<\/div>\n<\/div><\/div><\/div><\/div><div id=\"pg-589-15\"  class=\"panel-grid panel-no-style\" ><div id=\"pgc-589-15-0\"  class=\"panel-grid-cell\" ><div id=\"panel-589-15-0-0\" class=\"so-panel widget widget_sow-editor panel-first-child panel-last-child\" data-index=\"19\" ><div class=\"panel-widget-style panel-widget-style-for-589-15-0-0\" ><div\n\t\t\t\n\t\t\tclass=\"so-widget-sow-editor so-widget-sow-editor-base\"\n\t\t\t\n\t\t>\n<div class=\"siteorigin-widget-tinymce textwidget\">\n\t<\/div>\n<\/div><\/div><\/div><\/div><\/div><div id=\"pg-589-16\"  class=\"panel-grid panel-no-style\" ><div id=\"pgc-589-16-0\"  class=\"panel-grid-cell\" ><div id=\"panel-589-16-0-0\" class=\"so-panel widget widget_sow-image panel-first-child panel-last-child\" data-index=\"20\" ><div\n\t\t\t\n\t\t\tclass=\"so-widget-sow-image so-widget-sow-image-default-8b5b6f678277-589\"\n\t\t\t\n\t\t>\n<div class=\"sow-image-container\">\n\t\t<img \n\tsrc=\"https:\/\/brueckenbauer.kulturundwir.de\/wp-content\/uploads\/2025\/12\/DSCF5003-001.jpg\" width=\"602\" height=\"402\" srcset=\"https:\/\/brueckenbauer.kulturundwir.de\/wp-content\/uploads\/2025\/12\/DSCF5003-001.jpg 602w, https:\/\/brueckenbauer.kulturundwir.de\/wp-content\/uploads\/2025\/12\/DSCF5003-001-300x200.jpg 300w, https:\/\/brueckenbauer.kulturundwir.de\/wp-content\/uploads\/2025\/12\/DSCF5003-001-272x182.jpg 272w\" sizes=\"(max-width: 602px) 100vw, 602px\" title=\"FAKS Beckler Deisenhofer Stra\u00dfe\" alt=\"\" \t\tclass=\"so-widget-image\"\/>\n\t<\/div>\n\n<\/div><\/div><\/div><div id=\"pgc-589-16-1\"  class=\"panel-grid-cell\" ><div id=\"panel-589-16-1-0\" class=\"so-panel widget widget_sow-editor panel-first-child panel-last-child\" data-index=\"21\" ><div\n\t\t\t\n\t\t\tclass=\"so-widget-sow-editor so-widget-sow-editor-base\"\n\t\t\t\n\t\t>\n<div class=\"siteorigin-widget-tinymce textwidget\">\n\t<p>Dieses Streetart-Werk zum Br\u00fcckenbauer <a href=\"https:\/\/brueckenbauer.kulturundwir.de\/index.php\/hermann-beckler\/\"><strong>Hermann Beckler<\/strong><\/a> der Sch\u00fclerinnen und Sch\u00fclern Fachakademie f\u00fcr Sozialp\u00e4dagogik befindet sich in H\u00f6chst\u00e4dt, Deisenhofer Stra\u00dfe 15.<\/p>\n<p>Foto: Michael Stark<\/p>\n<\/div>\n<\/div><\/div><\/div><\/div><div id=\"pg-589-17\"  class=\"panel-grid panel-no-style\" ><div id=\"pgc-589-17-0\"  class=\"panel-grid-cell\" ><div id=\"panel-589-17-0-0\" class=\"so-panel widget widget_sow-editor panel-first-child panel-last-child\" data-index=\"22\" ><div class=\"panel-widget-style panel-widget-style-for-589-17-0-0\" ><div\n\t\t\t\n\t\t\tclass=\"so-widget-sow-editor so-widget-sow-editor-base\"\n\t\t\t\n\t\t>\n<div class=\"siteorigin-widget-tinymce textwidget\">\n\t<\/div>\n<\/div><\/div><\/div><\/div><\/div><div id=\"pg-589-18\"  class=\"panel-grid panel-no-style\" ><div id=\"pgc-589-18-0\"  class=\"panel-grid-cell\" ><div id=\"panel-589-18-0-0\" class=\"so-panel widget widget_sow-image panel-first-child panel-last-child\" data-index=\"23\" ><div\n\t\t\t\n\t\t\tclass=\"so-widget-sow-image so-widget-sow-image-default-8b5b6f678277-589\"\n\t\t\t\n\t\t>\n<div class=\"sow-image-container\">\n\t\t<img \n\tsrc=\"https:\/\/brueckenbauer.kulturundwir.de\/wp-content\/uploads\/2025\/12\/DSCF5082-001-200x300.jpg\" width=\"200\" height=\"300\" srcset=\"https:\/\/brueckenbauer.kulturundwir.de\/wp-content\/uploads\/2025\/12\/DSCF5082-001-200x300.jpg 200w, https:\/\/brueckenbauer.kulturundwir.de\/wp-content\/uploads\/2025\/12\/DSCF5082-001.jpg 403w\" sizes=\"(max-width: 200px) 100vw, 200px\" title=\"FAKS Beckler Bleiche\" alt=\"\" \t\tclass=\"so-widget-image\"\/>\n\t<\/div>\n\n<\/div><\/div><\/div><div id=\"pgc-589-18-1\"  class=\"panel-grid-cell\" ><div id=\"panel-589-18-1-0\" class=\"so-panel widget widget_sow-editor panel-first-child panel-last-child\" data-index=\"24\" ><div\n\t\t\t\n\t\t\tclass=\"so-widget-sow-editor so-widget-sow-editor-base\"\n\t\t\t\n\t\t>\n<div class=\"siteorigin-widget-tinymce textwidget\">\n\t<p>Dieses Streetart-Werk zum Br\u00fcckenbauer <a href=\"https:\/\/brueckenbauer.kulturundwir.de\/index.php\/hermann-beckler\/\"><strong>Hermann Beckler<\/strong><\/a> der Sch\u00fclerinnen und Sch\u00fclern Fachakademie f\u00fcr Sozialp\u00e4dagogik befindet sich in H\u00f6chst\u00e4dt, Am M\u00fchlenring.<\/p>\n<p>Foto: Michael Stark<\/p>\n<\/div>\n<\/div><\/div><\/div><\/div><div id=\"pg-589-19\"  class=\"panel-grid panel-no-style\" ><div id=\"pgc-589-19-0\"  class=\"panel-grid-cell\" ><div id=\"panel-589-19-0-0\" class=\"so-panel widget widget_sow-editor panel-first-child panel-last-child\" data-index=\"25\" ><div class=\"panel-widget-style panel-widget-style-for-589-19-0-0\" ><div\n\t\t\t\n\t\t\tclass=\"so-widget-sow-editor so-widget-sow-editor-base\"\n\t\t\t\n\t\t>\n<div class=\"siteorigin-widget-tinymce textwidget\">\n\t<\/div>\n<\/div><\/div><\/div><\/div><\/div><div id=\"pg-589-20\"  class=\"panel-grid panel-no-style\" ><div id=\"pgc-589-20-0\"  class=\"panel-grid-cell\" ><div id=\"panel-589-20-0-0\" class=\"so-panel widget widget_sow-editor panel-first-child panel-last-child\" data-index=\"26\" ><div\n\t\t\t\n\t\t\tclass=\"so-widget-sow-editor so-widget-sow-editor-base\"\n\t\t\t\n\t\t><h3 class=\"widget-title\">HERMANN BECKLER<\/h3>\n<div class=\"siteorigin-widget-tinymce textwidget\">\n\t<p>Arzt, Botaniker und Naturforscher:<\/p>\n<p>Mehr zu Hermann Beckler <a href=\"https:\/\/brueckenbauer.kulturundwir.de\/index.php\/hermann-beckler\/\">hier...<\/a><\/p>\n<\/div>\n<\/div><\/div><\/div><div id=\"pgc-589-20-1\"  class=\"panel-grid-cell\" ><div id=\"panel-589-20-1-0\" class=\"so-panel widget widget_sow-image panel-first-child panel-last-child\" data-index=\"27\" ><div\n\t\t\t\n\t\t\tclass=\"so-widget-sow-image so-widget-sow-image-default-8b5b6f678277-589\"\n\t\t\t\n\t\t>\n<div class=\"sow-image-container\">\n\t\t<img \n\tsrc=\"https:\/\/brueckenbauer.kulturundwir.de\/wp-content\/uploads\/2025\/07\/Hermann-Beckler-1-211x300.png\" width=\"211\" height=\"300\" srcset=\"https:\/\/brueckenbauer.kulturundwir.de\/wp-content\/uploads\/2025\/07\/Hermann-Beckler-1-211x300.png 211w, https:\/\/brueckenbauer.kulturundwir.de\/wp-content\/uploads\/2025\/07\/Hermann-Beckler-1.png 621w\" sizes=\"(max-width: 211px) 100vw, 211px\" title=\"HERMANN BECKLER\" alt=\"\" \t\tclass=\"so-widget-image\"\/>\n\t<\/div>\n\n<\/div><\/div><\/div><\/div><div id=\"pg-589-21\"  class=\"panel-grid panel-no-style\" ><div id=\"pgc-589-21-0\"  class=\"panel-grid-cell\" ><div id=\"panel-589-21-0-0\" class=\"so-panel widget widget_sow-editor panel-first-child panel-last-child\" data-index=\"28\" ><div class=\"panel-widget-style panel-widget-style-for-589-21-0-0\" ><div\n\t\t\t\n\t\t\tclass=\"so-widget-sow-editor so-widget-sow-editor-base\"\n\t\t\t\n\t\t>\n<div class=\"siteorigin-widget-tinymce textwidget\">\n\t<\/div>\n<\/div><\/div><\/div><\/div><\/div><div id=\"pg-589-22\"  class=\"panel-grid panel-no-style\" ><div id=\"pgc-589-22-0\"  class=\"panel-grid-cell panel-grid-cell-empty\" ><\/div><\/div><div id=\"pg-589-23\"  class=\"panel-grid panel-no-style\" ><div id=\"pgc-589-23-0\"  class=\"panel-grid-cell\" ><div id=\"panel-589-23-0-0\" class=\"so-panel widget widget_sow-image panel-first-child panel-last-child\" data-index=\"29\" ><div\n\t\t\t\n\t\t\tclass=\"so-widget-sow-image so-widget-sow-image-default-8b5b6f678277-589\"\n\t\t\t\n\t\t>\n<div class=\"sow-image-container\">\n\t\t<img \n\tsrc=\"https:\/\/brueckenbauer.kulturundwir.de\/wp-content\/uploads\/2025\/11\/bonafaks1.jpeg\" width=\"375\" height=\"500\" srcset=\"https:\/\/brueckenbauer.kulturundwir.de\/wp-content\/uploads\/2025\/11\/bonafaks1.jpeg 375w, https:\/\/brueckenbauer.kulturundwir.de\/wp-content\/uploads\/2025\/11\/bonafaks1-225x300.jpeg 225w\" sizes=\"(max-width: 375px) 100vw, 375px\" title=\"bonafaks1\" alt=\"\" \t\tclass=\"so-widget-image\"\/>\n\t<\/div>\n\n<\/div><\/div><\/div><div id=\"pgc-589-23-1\"  class=\"panel-grid-cell\" ><div id=\"panel-589-23-1-0\" class=\"so-panel widget widget_sow-image panel-first-child panel-last-child\" data-index=\"30\" ><div\n\t\t\t\n\t\t\tclass=\"so-widget-sow-image so-widget-sow-image-default-8b5b6f678277-589\"\n\t\t\t\n\t\t>\n<div class=\"sow-image-container\">\n\t\t<img \n\tsrc=\"https:\/\/brueckenbauer.kulturundwir.de\/wp-content\/uploads\/2025\/11\/bonafaks2.jpeg\" width=\"375\" height=\"500\" srcset=\"https:\/\/brueckenbauer.kulturundwir.de\/wp-content\/uploads\/2025\/11\/bonafaks2.jpeg 375w, https:\/\/brueckenbauer.kulturundwir.de\/wp-content\/uploads\/2025\/11\/bonafaks2-225x300.jpeg 225w\" sizes=\"(max-width: 375px) 100vw, 375px\" title=\"bonafaks2\" alt=\"\" \t\tclass=\"so-widget-image\"\/>\n\t<\/div>\n\n<\/div><\/div><\/div><div id=\"pgc-589-23-2\"  class=\"panel-grid-cell\" ><div id=\"panel-589-23-2-0\" class=\"so-panel widget widget_sow-image panel-first-child panel-last-child\" data-index=\"31\" ><div\n\t\t\t\n\t\t\tclass=\"so-widget-sow-image so-widget-sow-image-default-8b5b6f678277-589\"\n\t\t\t\n\t\t>\n<div class=\"sow-image-container\">\n\t\t<img \n\tsrc=\"https:\/\/brueckenbauer.kulturundwir.de\/wp-content\/uploads\/2025\/11\/bonafaks3.jpeg\" width=\"375\" height=\"500\" srcset=\"https:\/\/brueckenbauer.kulturundwir.de\/wp-content\/uploads\/2025\/11\/bonafaks3.jpeg 375w, https:\/\/brueckenbauer.kulturundwir.de\/wp-content\/uploads\/2025\/11\/bonafaks3-225x300.jpeg 225w\" sizes=\"(max-width: 375px) 100vw, 375px\" title=\"bonafaks3\" alt=\"\" \t\tclass=\"so-widget-image\"\/>\n\t<\/div>\n\n<\/div><\/div><\/div><div id=\"pgc-589-23-3\"  class=\"panel-grid-cell\" ><div id=\"panel-589-23-3-0\" class=\"so-panel widget widget_sow-image panel-first-child panel-last-child\" data-index=\"32\" ><div\n\t\t\t\n\t\t\tclass=\"so-widget-sow-image so-widget-sow-image-default-8b5b6f678277-589\"\n\t\t\t\n\t\t>\n<div class=\"sow-image-container\">\n\t\t<img \n\tsrc=\"https:\/\/brueckenbauer.kulturundwir.de\/wp-content\/uploads\/2025\/11\/bonafaks4.jpeg\" width=\"375\" height=\"500\" srcset=\"https:\/\/brueckenbauer.kulturundwir.de\/wp-content\/uploads\/2025\/11\/bonafaks4.jpeg 375w, https:\/\/brueckenbauer.kulturundwir.de\/wp-content\/uploads\/2025\/11\/bonafaks4-225x300.jpeg 225w\" sizes=\"(max-width: 375px) 100vw, 375px\" title=\"bonafaks4\" alt=\"\" \t\tclass=\"so-widget-image\"\/>\n\t<\/div>\n\n<\/div><\/div><\/div><\/div><div id=\"pg-589-24\"  class=\"panel-grid panel-no-style\" ><div id=\"pgc-589-24-0\"  class=\"panel-grid-cell\" ><div id=\"panel-589-24-0-0\" class=\"so-panel widget widget_sow-editor panel-first-child\" data-index=\"33\" ><div\n\t\t\t\n\t\t\tclass=\"so-widget-sow-editor so-widget-sow-editor-base\"\n\t\t\t\n\t\t>\n<div class=\"siteorigin-widget-tinymce textwidget\">\n\t<p>Sch\u00fclerinnen und Sch\u00fcler der\u00a0St. Bonaventura Fachakademie Dillingen bei der Gestaltung der Werke.<\/p>\n<\/div>\n<\/div><\/div><div id=\"panel-589-24-0-1\" class=\"so-panel widget widget_sow-editor panel-last-child\" data-index=\"34\" ><div class=\"panel-widget-style panel-widget-style-for-589-24-0-1\" ><div\n\t\t\t\n\t\t\tclass=\"so-widget-sow-editor so-widget-sow-editor-base\"\n\t\t\t\n\t\t>\n<div class=\"siteorigin-widget-tinymce textwidget\">\n\t<\/div>\n<\/div><\/div><\/div><\/div><\/div><\/div>","protected":false},"excerpt":{"rendered":"<p>Webseite der St. Bonaventura Fachakademie f\u00fcr Sozialp\u00e4dagogik Dillingen: \u00a0www.fachakademie-dillingen.de<\/p>\n","protected":false},"author":1,"featured_media":0,"parent":0,"menu_order":0,"comment_status":"closed","ping_status":"closed","template":"","meta":{"footnotes":""},"class_list":["post-589","page","type-page","status-publish","hentry","post"],"_links":{"self":[{"href":"https:\/\/brueckenbauer.kulturundwir.de\/index.php\/wp-json\/wp\/v2\/pages\/589","targetHints":{"allow":["GET"]}}],"collection":[{"href":"https:\/\/brueckenbauer.kulturundwir.de\/index.php\/wp-json\/wp\/v2\/pages"}],"about":[{"href":"https:\/\/brueckenbauer.kulturundwir.de\/index.php\/wp-json\/wp\/v2\/types\/page"}],"author":[{"embeddable":true,"href":"https:\/\/brueckenbauer.kulturundwir.de\/index.php\/wp-json\/wp\/v2\/users\/1"}],"replies":[{"embeddable":true,"href":"https:\/\/brueckenbauer.kulturundwir.de\/index.php\/wp-json\/wp\/v2\/comments?post=589"}],"version-history":[{"count":26,"href":"https:\/\/brueckenbauer.kulturundwir.de\/index.php\/wp-json\/wp\/v2\/pages\/589\/revisions"}],"predecessor-version":[{"id":964,"href":"https:\/\/brueckenbauer.kulturundwir.de\/index.php\/wp-json\/wp\/v2\/pages\/589\/revisions\/964"}],"wp:attachment":[{"href":"https:\/\/brueckenbauer.kulturundwir.de\/index.php\/wp-json\/wp\/v2\/media?parent=589"}],"curies":[{"name":"wp","href":"https:\/\/api.w.org\/{rel}","templated":true}]}}