{"id":599,"date":"2025-11-15T09:01:01","date_gmt":"2025-11-15T09:01:01","guid":{"rendered":"https:\/\/brueckenbauer.kulturundwir.de\/?page_id=599"},"modified":"2026-02-16T13:31:09","modified_gmt":"2026-02-16T13:31:09","slug":"st-bonaventura-realschule-dillingen","status":"publish","type":"page","link":"https:\/\/brueckenbauer.kulturundwir.de\/index.php\/st-bonaventura-realschule-dillingen\/","title":{"rendered":"ST. BONAVENTURA REALSCHULE DILLINGEN"},"content":{"rendered":"<div id=\"pl-599\"  class=\"panel-layout\" ><div id=\"pg-599-0\"  class=\"panel-grid panel-no-style\" ><div id=\"pgc-599-0-0\"  class=\"panel-grid-cell\" ><div id=\"panel-599-0-0-0\" class=\"so-panel widget widget_sow-editor panel-first-child\" data-index=\"0\" ><div\n\t\t\t\n\t\t\tclass=\"so-widget-sow-editor so-widget-sow-editor-base\"\n\t\t\t\n\t\t>\n<div class=\"siteorigin-widget-tinymce textwidget\">\n\t<p>Webseite der St. Bonaventura-Realschule Dillingen: <a href=\"https:\/\/www.bonareal.de\">https:\/\/www.bonareal.de<\/a><\/p>\n<\/div>\n<\/div><\/div><div id=\"panel-599-0-0-1\" class=\"so-panel widget widget_sow-editor panel-last-child\" data-index=\"1\" ><div class=\"panel-widget-style panel-widget-style-for-599-0-0-1\" ><div\n\t\t\t\n\t\t\tclass=\"so-widget-sow-editor so-widget-sow-editor-base\"\n\t\t\t\n\t\t>\n<div class=\"siteorigin-widget-tinymce textwidget\">\n\t<\/div>\n<\/div><\/div><\/div><\/div><\/div><div id=\"pg-599-1\"  class=\"panel-grid panel-no-style\" ><div id=\"pgc-599-1-0\"  class=\"panel-grid-cell\" ><div id=\"panel-599-1-0-0\" class=\"so-panel widget widget_sow-image panel-first-child panel-last-child\" data-index=\"2\" ><div\n\t\t\t\n\t\t\tclass=\"so-widget-sow-image so-widget-sow-image-default-8b5b6f678277-599\"\n\t\t\t\n\t\t>\n<div class=\"sow-image-container\">\n\t\t<img \n\tsrc=\"https:\/\/brueckenbauer.kulturundwir.de\/wp-content\/uploads\/2025\/12\/DSCF5099-001.jpg\" width=\"602\" height=\"402\" srcset=\"https:\/\/brueckenbauer.kulturundwir.de\/wp-content\/uploads\/2025\/12\/DSCF5099-001.jpg 602w, https:\/\/brueckenbauer.kulturundwir.de\/wp-content\/uploads\/2025\/12\/DSCF5099-001-300x200.jpg 300w, https:\/\/brueckenbauer.kulturundwir.de\/wp-content\/uploads\/2025\/12\/DSCF5099-001-272x182.jpg 272w\" sizes=\"(max-width: 602px) 100vw, 602px\" title=\"BonaReal Haas\" alt=\"\" \t\tclass=\"so-widget-image\"\/>\n\t<\/div>\n\n<\/div><\/div><\/div><div id=\"pgc-599-1-1\"  class=\"panel-grid-cell\" ><div id=\"panel-599-1-1-0\" class=\"so-panel widget widget_sow-editor panel-first-child panel-last-child\" data-index=\"3\" ><div\n\t\t\t\n\t\t\tclass=\"so-widget-sow-editor so-widget-sow-editor-base\"\n\t\t\t\n\t\t>\n<div class=\"siteorigin-widget-tinymce textwidget\">\n\t<p>Dieses Streetart-Werk zur Br\u00fcckenbauerin <a href=\"https:\/\/brueckenbauer.kulturundwir.de\/index.php\/michaela-haas\/\"><strong>Sr. Michaela Haas<\/strong><\/a> der Sch\u00fclerinnen und Sch\u00fclern der St. Bonaventura Realschule Dillingen befindet sich in Dillingen, Konviktstra\u00dfe 14.<\/p>\n<p>Foto: Michael Stark<\/p>\n<\/div>\n<\/div><\/div><\/div><\/div><div id=\"pg-599-2\"  class=\"panel-grid panel-no-style\" ><div id=\"pgc-599-2-0\"  class=\"panel-grid-cell\" ><div id=\"panel-599-2-0-0\" class=\"so-panel widget widget_sow-editor panel-first-child panel-last-child\" data-index=\"4\" ><div class=\"panel-widget-style panel-widget-style-for-599-2-0-0\" ><div\n\t\t\t\n\t\t\tclass=\"so-widget-sow-editor so-widget-sow-editor-base\"\n\t\t\t\n\t\t>\n<div class=\"siteorigin-widget-tinymce textwidget\">\n\t<\/div>\n<\/div><\/div><\/div><\/div><\/div><div id=\"pg-599-3\"  class=\"panel-grid panel-no-style\" ><div id=\"pgc-599-3-0\"  class=\"panel-grid-cell\" ><div id=\"panel-599-3-0-0\" class=\"so-panel widget widget_sow-image panel-first-child panel-last-child\" data-index=\"5\" ><div\n\t\t\t\n\t\t\tclass=\"so-widget-sow-image so-widget-sow-image-default-8b5b6f678277-599\"\n\t\t\t\n\t\t>\n<div class=\"sow-image-container\">\n\t\t<img \n\tsrc=\"https:\/\/brueckenbauer.kulturundwir.de\/wp-content\/uploads\/2025\/09\/Sr.-Michaela-3-130x300.jpg\" width=\"130\" height=\"300\" srcset=\"https:\/\/brueckenbauer.kulturundwir.de\/wp-content\/uploads\/2025\/09\/Sr.-Michaela-3-130x300.jpg 130w, https:\/\/brueckenbauer.kulturundwir.de\/wp-content\/uploads\/2025\/09\/Sr.-Michaela-3-445x1024.jpg 445w, https:\/\/brueckenbauer.kulturundwir.de\/wp-content\/uploads\/2025\/09\/Sr.-Michaela-3-768x1767.jpg 768w, https:\/\/brueckenbauer.kulturundwir.de\/wp-content\/uploads\/2025\/09\/Sr.-Michaela-3-668x1536.jpg 668w, https:\/\/brueckenbauer.kulturundwir.de\/wp-content\/uploads\/2025\/09\/Sr.-Michaela-3-890x2048.jpg 890w, https:\/\/brueckenbauer.kulturundwir.de\/wp-content\/uploads\/2025\/09\/Sr.-Michaela-3-scaled.jpg 1113w\" sizes=\"(max-width: 130px) 100vw, 130px\" title=\"SR. MICHAELA HAAS\" alt=\"\" \t\tclass=\"so-widget-image\"\/>\n\t<\/div>\n\n<\/div><\/div><\/div><div id=\"pgc-599-3-1\"  class=\"panel-grid-cell\" ><div id=\"panel-599-3-1-0\" class=\"so-panel widget widget_sow-editor panel-first-child panel-last-child\" data-index=\"6\" ><div\n\t\t\t\n\t\t\tclass=\"so-widget-sow-editor so-widget-sow-editor-base\"\n\t\t\t\n\t\t>\n<div class=\"siteorigin-widget-tinymce textwidget\">\n\t<p>Lehrerin und sp\u00e4ter Professorin in Brasilien<\/p>\n<p>Mehr zu Sr. Maria Haas <a href=\"https:\/\/brueckenbauer.kulturundwir.de\/index.php\/michaela-haas\/\">hier...<\/a><\/p>\n<\/div>\n<\/div><\/div><\/div><\/div><div id=\"pg-599-4\"  class=\"panel-grid panel-no-style\" ><div id=\"pgc-599-4-0\"  class=\"panel-grid-cell\" ><div id=\"panel-599-4-0-0\" class=\"so-panel widget widget_sow-editor panel-first-child panel-last-child\" data-index=\"7\" ><div class=\"panel-widget-style panel-widget-style-for-599-4-0-0\" ><div\n\t\t\t\n\t\t\tclass=\"so-widget-sow-editor so-widget-sow-editor-base\"\n\t\t\t\n\t\t>\n<div class=\"siteorigin-widget-tinymce textwidget\">\n\t<\/div>\n<\/div><\/div><\/div><\/div><\/div><div id=\"pg-599-5\"  class=\"panel-grid panel-no-style\" ><div id=\"pgc-599-5-0\"  class=\"panel-grid-cell panel-grid-cell-empty\" ><\/div><\/div><div id=\"pg-599-6\"  class=\"panel-grid panel-no-style\" ><div id=\"pgc-599-6-0\"  class=\"panel-grid-cell\" ><div id=\"panel-599-6-0-0\" class=\"so-panel widget widget_sow-image panel-first-child panel-last-child\" data-index=\"8\" ><div\n\t\t\t\n\t\t\tclass=\"so-widget-sow-image so-widget-sow-image-default-8b5b6f678277-599\"\n\t\t\t\n\t\t>\n<div class=\"sow-image-container\">\n\t\t<img \n\tsrc=\"https:\/\/brueckenbauer.kulturundwir.de\/wp-content\/uploads\/2025\/11\/bonareal1.jpeg\" width=\"300\" height=\"400\" srcset=\"https:\/\/brueckenbauer.kulturundwir.de\/wp-content\/uploads\/2025\/11\/bonareal1.jpeg 500w, https:\/\/brueckenbauer.kulturundwir.de\/wp-content\/uploads\/2025\/11\/bonareal1-225x300.jpeg 225w\" sizes=\"(max-width: 300px) 100vw, 300px\" title=\"bonareal1\" alt=\"\" \t\tclass=\"so-widget-image\"\/>\n\t<\/div>\n\n<\/div><\/div><\/div><div id=\"pgc-599-6-1\"  class=\"panel-grid-cell\" ><div id=\"panel-599-6-1-0\" class=\"so-panel widget widget_sow-image panel-first-child panel-last-child\" data-index=\"9\" ><div\n\t\t\t\n\t\t\tclass=\"so-widget-sow-image so-widget-sow-image-default-8b5b6f678277-599\"\n\t\t\t\n\t\t>\n<div class=\"sow-image-container\">\n\t\t<img \n\tsrc=\"https:\/\/brueckenbauer.kulturundwir.de\/wp-content\/uploads\/2025\/11\/bonareal2.jpeg\" width=\"300\" height=\"400\" srcset=\"https:\/\/brueckenbauer.kulturundwir.de\/wp-content\/uploads\/2025\/11\/bonareal2.jpeg 500w, https:\/\/brueckenbauer.kulturundwir.de\/wp-content\/uploads\/2025\/11\/bonareal2-225x300.jpeg 225w\" sizes=\"(max-width: 300px) 100vw, 300px\" title=\"bonareal2\" alt=\"\" \t\tclass=\"so-widget-image\"\/>\n\t<\/div>\n\n<\/div><\/div><\/div><\/div><div id=\"pg-599-7\"  class=\"panel-grid panel-no-style\" ><div id=\"pgc-599-7-0\"  class=\"panel-grid-cell\" ><div id=\"panel-599-7-0-0\" class=\"so-panel widget widget_sow-editor panel-first-child\" data-index=\"10\" ><div\n\t\t\t\n\t\t\tclass=\"so-widget-sow-editor so-widget-sow-editor-base\"\n\t\t\t\n\t\t>\n<div class=\"siteorigin-widget-tinymce textwidget\">\n\t<p>Sch\u00fclerinnen und Sch\u00fcler der Bonaventura-Realschule Dillingen bei der Gestaltung der Werke.<\/p>\n<\/div>\n<\/div><\/div><div id=\"panel-599-7-0-1\" class=\"so-panel widget widget_sow-editor panel-last-child\" data-index=\"11\" ><div class=\"panel-widget-style panel-widget-style-for-599-7-0-1\" ><div\n\t\t\t\n\t\t\tclass=\"so-widget-sow-editor so-widget-sow-editor-base\"\n\t\t\t\n\t\t>\n<div class=\"siteorigin-widget-tinymce textwidget\">\n\t<\/div>\n<\/div><\/div><\/div><\/div><\/div><div id=\"pg-599-8\"  class=\"panel-grid panel-no-style\" ><div id=\"pgc-599-8-0\"  class=\"panel-grid-cell panel-grid-cell-empty\" ><\/div><\/div><\/div>","protected":false},"excerpt":{"rendered":"<p>Webseite der St. Bonaventura-Realschule Dillingen: https:\/\/www.bonareal.de Dieses Streetart-Werk zur Br\u00fcckenbauerin Sr. Michaela Haas der Sch\u00fclerinnen und Sch\u00fclern der St. Bonaventura Realschule Dillingen befindet sich in Dillingen, Konviktstra\u00dfe 14. Foto: Michael Stark<\/p>\n","protected":false},"author":1,"featured_media":0,"parent":0,"menu_order":0,"comment_status":"closed","ping_status":"closed","template":"","meta":{"footnotes":""},"class_list":["post-599","page","type-page","status-publish","hentry","post"],"_links":{"self":[{"href":"https:\/\/brueckenbauer.kulturundwir.de\/index.php\/wp-json\/wp\/v2\/pages\/599","targetHints":{"allow":["GET"]}}],"collection":[{"href":"https:\/\/brueckenbauer.kulturundwir.de\/index.php\/wp-json\/wp\/v2\/pages"}],"about":[{"href":"https:\/\/brueckenbauer.kulturundwir.de\/index.php\/wp-json\/wp\/v2\/types\/page"}],"author":[{"embeddable":true,"href":"https:\/\/brueckenbauer.kulturundwir.de\/index.php\/wp-json\/wp\/v2\/users\/1"}],"replies":[{"embeddable":true,"href":"https:\/\/brueckenbauer.kulturundwir.de\/index.php\/wp-json\/wp\/v2\/comments?post=599"}],"version-history":[{"count":7,"href":"https:\/\/brueckenbauer.kulturundwir.de\/index.php\/wp-json\/wp\/v2\/pages\/599\/revisions"}],"predecessor-version":[{"id":959,"href":"https:\/\/brueckenbauer.kulturundwir.de\/index.php\/wp-json\/wp\/v2\/pages\/599\/revisions\/959"}],"wp:attachment":[{"href":"https:\/\/brueckenbauer.kulturundwir.de\/index.php\/wp-json\/wp\/v2\/media?parent=599"}],"curies":[{"name":"wp","href":"https:\/\/api.w.org\/{rel}","templated":true}]}}