{"id":603,"date":"2025-11-15T09:38:50","date_gmt":"2025-11-15T09:38:50","guid":{"rendered":"https:\/\/brueckenbauer.kulturundwir.de\/?page_id=603"},"modified":"2026-02-16T13:44:29","modified_gmt":"2026-02-16T13:44:29","slug":"dr-max-josef-metzger-realschule-meitingen","status":"publish","type":"page","link":"https:\/\/brueckenbauer.kulturundwir.de\/index.php\/dr-max-josef-metzger-realschule-meitingen\/","title":{"rendered":"DR.-MAX-JOSEF-METZGER-REALSCHULE MEITINGEN"},"content":{"rendered":"<div id=\"pl-603\"  class=\"panel-layout\" ><div id=\"pg-603-0\"  class=\"panel-grid panel-no-style\" ><div id=\"pgc-603-0-0\"  class=\"panel-grid-cell\" ><div id=\"panel-603-0-0-0\" class=\"so-panel widget widget_sow-editor panel-first-child\" data-index=\"0\" ><div\n\t\t\t\n\t\t\tclass=\"so-widget-sow-editor so-widget-sow-editor-base\"\n\t\t\t\n\t\t>\n<div class=\"siteorigin-widget-tinymce textwidget\">\n\t<p>Webseite der Dr. Max Josef Metzger-Realschule Meitingen: <a href=\"https:\/\/www.rsmeitingen.org\">https:\/\/www.rsmeitingen.org<\/a><\/p>\n<\/div>\n<\/div><\/div><div id=\"panel-603-0-0-1\" class=\"so-panel widget widget_sow-editor panel-last-child\" data-index=\"1\" ><div class=\"panel-widget-style panel-widget-style-for-603-0-0-1\" ><div\n\t\t\t\n\t\t\tclass=\"so-widget-sow-editor so-widget-sow-editor-base\"\n\t\t\t\n\t\t>\n<div class=\"siteorigin-widget-tinymce textwidget\">\n\t<\/div>\n<\/div><\/div><\/div><\/div><\/div><div id=\"pg-603-1\"  class=\"panel-grid panel-no-style\" ><div id=\"pgc-603-1-0\"  class=\"panel-grid-cell\" ><div id=\"panel-603-1-0-0\" class=\"so-panel widget widget_sow-image panel-first-child panel-last-child\" data-index=\"2\" ><div\n\t\t\t\n\t\t\tclass=\"so-widget-sow-image so-widget-sow-image-default-8b5b6f678277-603\"\n\t\t\t\n\t\t>\n<div class=\"sow-image-container\">\n\t\t<img \n\tsrc=\"https:\/\/brueckenbauer.kulturundwir.de\/wp-content\/uploads\/2025\/12\/DSCF5072-001.jpg\" width=\"602\" height=\"402\" srcset=\"https:\/\/brueckenbauer.kulturundwir.de\/wp-content\/uploads\/2025\/12\/DSCF5072-001.jpg 602w, https:\/\/brueckenbauer.kulturundwir.de\/wp-content\/uploads\/2025\/12\/DSCF5072-001-300x200.jpg 300w, https:\/\/brueckenbauer.kulturundwir.de\/wp-content\/uploads\/2025\/12\/DSCF5072-001-272x182.jpg 272w\" sizes=\"(max-width: 602px) 100vw, 602px\" title=\"RSM Metzger\" alt=\"\" \t\tclass=\"so-widget-image\"\/>\n\t<\/div>\n\n<\/div><\/div><\/div><div id=\"pgc-603-1-1\"  class=\"panel-grid-cell\" ><div id=\"panel-603-1-1-0\" class=\"so-panel widget widget_sow-editor panel-first-child panel-last-child\" data-index=\"3\" ><div\n\t\t\t\n\t\t\tclass=\"so-widget-sow-editor so-widget-sow-editor-base\"\n\t\t\t\n\t\t>\n<div class=\"siteorigin-widget-tinymce textwidget\">\n\t<p>Dieses Streetart-Werk zum Br\u00fcckenbauer Dr. Max Josef Metzger der Sch\u00fclerinnen und Sch\u00fclern der Dr.-Max-Josef-Metzger-Realschule Meitingen befindet sich in Meitingen, Kreuzung Schurbeinstra\u00dfe \/ Hauptstra\u00dfe.<\/p>\n<p>Foto: Michael Stark<\/p>\n<\/div>\n<\/div><\/div><\/div><\/div><div id=\"pg-603-2\"  class=\"panel-grid panel-no-style\" ><div id=\"pgc-603-2-0\"  class=\"panel-grid-cell\" ><div id=\"panel-603-2-0-0\" class=\"so-panel widget widget_sow-editor panel-first-child panel-last-child\" data-index=\"4\" ><div class=\"panel-widget-style panel-widget-style-for-603-2-0-0\" ><div\n\t\t\t\n\t\t\tclass=\"so-widget-sow-editor so-widget-sow-editor-base\"\n\t\t\t\n\t\t>\n<div class=\"siteorigin-widget-tinymce textwidget\">\n\t<\/div>\n<\/div><\/div><\/div><\/div><\/div><div id=\"pg-603-3\"  class=\"panel-grid panel-no-style\" ><div id=\"pgc-603-3-0\"  class=\"panel-grid-cell\" ><div id=\"panel-603-3-0-0\" class=\"so-panel widget widget_sow-image panel-first-child panel-last-child\" data-index=\"5\" ><div\n\t\t\t\n\t\t\tclass=\"so-widget-sow-image so-widget-sow-image-default-8b5b6f678277-603\"\n\t\t\t\n\t\t>\n<div class=\"sow-image-container\">\n\t\t<img \n\tsrc=\"https:\/\/brueckenbauer.kulturundwir.de\/wp-content\/uploads\/2025\/12\/DSCF5074-001.jpg\" width=\"602\" height=\"402\" srcset=\"https:\/\/brueckenbauer.kulturundwir.de\/wp-content\/uploads\/2025\/12\/DSCF5074-001.jpg 602w, https:\/\/brueckenbauer.kulturundwir.de\/wp-content\/uploads\/2025\/12\/DSCF5074-001-300x200.jpg 300w, https:\/\/brueckenbauer.kulturundwir.de\/wp-content\/uploads\/2025\/12\/DSCF5074-001-272x182.jpg 272w\" sizes=\"(max-width: 602px) 100vw, 602px\" title=\"RSM Metzger\" alt=\"\" \t\tclass=\"so-widget-image\"\/>\n\t<\/div>\n\n<\/div><\/div><\/div><div id=\"pgc-603-3-1\"  class=\"panel-grid-cell\" ><div id=\"panel-603-3-1-0\" class=\"so-panel widget widget_sow-editor panel-first-child panel-last-child\" data-index=\"6\" ><div\n\t\t\t\n\t\t\tclass=\"so-widget-sow-editor so-widget-sow-editor-base\"\n\t\t\t\n\t\t>\n<div class=\"siteorigin-widget-tinymce textwidget\">\n\t<p>Dieses Streetart-Werk zum Br\u00fcckenbauer Dr. Max Josef Metzger der Sch\u00fclerinnen und Sch\u00fclern der Dr.-Max-Josef-Metzger-Realschule Meitingen befindet sich in Meitingen, Kreuzung via Claudia &amp; am Oberfeld.<\/p>\n<p>Foto: Michael Stark<\/p>\n<\/div>\n<\/div><\/div><\/div><\/div><div id=\"pg-603-4\"  class=\"panel-grid panel-no-style\" ><div id=\"pgc-603-4-0\"  class=\"panel-grid-cell\" ><div id=\"panel-603-4-0-0\" class=\"so-panel widget widget_sow-editor panel-first-child panel-last-child\" data-index=\"7\" ><div class=\"panel-widget-style panel-widget-style-for-603-4-0-0\" ><div\n\t\t\t\n\t\t\tclass=\"so-widget-sow-editor so-widget-sow-editor-base\"\n\t\t\t\n\t\t>\n<div class=\"siteorigin-widget-tinymce textwidget\">\n\t<\/div>\n<\/div><\/div><\/div><\/div><\/div><div id=\"pg-603-5\"  class=\"panel-grid panel-no-style\" ><div id=\"pgc-603-5-0\"  class=\"panel-grid-cell\" ><div id=\"panel-603-5-0-0\" class=\"so-panel widget widget_sow-image panel-first-child panel-last-child\" data-index=\"8\" ><div\n\t\t\t\n\t\t\tclass=\"so-widget-sow-image so-widget-sow-image-default-8b5b6f678277-603\"\n\t\t\t\n\t\t>\n<div class=\"sow-image-container\">\n\t\t<img \n\tsrc=\"https:\/\/brueckenbauer.kulturundwir.de\/wp-content\/uploads\/2025\/07\/Max-Joseph-Metzger-219x300.jpg\" width=\"219\" height=\"300\" srcset=\"https:\/\/brueckenbauer.kulturundwir.de\/wp-content\/uploads\/2025\/07\/Max-Joseph-Metzger-219x300.jpg 219w, https:\/\/brueckenbauer.kulturundwir.de\/wp-content\/uploads\/2025\/07\/Max-Joseph-Metzger-746x1024.jpg 746w, https:\/\/brueckenbauer.kulturundwir.de\/wp-content\/uploads\/2025\/07\/Max-Joseph-Metzger-768x1054.jpg 768w, https:\/\/brueckenbauer.kulturundwir.de\/wp-content\/uploads\/2025\/07\/Max-Joseph-Metzger.jpg 831w\" sizes=\"(max-width: 219px) 100vw, 219px\" title=\"Dr. Max Josef Metzger\" alt=\"\" \t\tclass=\"so-widget-image\"\/>\n\t<\/div>\n\n<\/div><\/div><\/div><div id=\"pgc-603-5-1\"  class=\"panel-grid-cell\" ><div id=\"panel-603-5-1-0\" class=\"so-panel widget widget_sow-editor panel-first-child panel-last-child\" data-index=\"9\" ><div\n\t\t\t\n\t\t\tclass=\"so-widget-sow-editor so-widget-sow-editor-base\"\n\t\t\t\n\t\t><h3 class=\"widget-title\">DR. MAX JOSEF METZGER<\/h3>\n<div class=\"siteorigin-widget-tinymce textwidget\">\n\t<p>Katholischer Priester und Pazifist:<\/p>\n<p>Mehr zu Dr. Max Josef Metzger <a href=\"https:\/\/brueckenbauer.kulturundwir.de\/index.php\/max-josef-metzger\/\">hier...<\/a><\/p>\n<\/div>\n<\/div><\/div><\/div><\/div><div id=\"pg-603-6\"  class=\"panel-grid panel-no-style\" ><div id=\"pgc-603-6-0\"  class=\"panel-grid-cell\" ><div id=\"panel-603-6-0-0\" class=\"so-panel widget widget_sow-editor panel-first-child panel-last-child\" data-index=\"10\" ><div class=\"panel-widget-style panel-widget-style-for-603-6-0-0\" ><div\n\t\t\t\n\t\t\tclass=\"so-widget-sow-editor so-widget-sow-editor-base\"\n\t\t\t\n\t\t>\n<div class=\"siteorigin-widget-tinymce textwidget\">\n\t<\/div>\n<\/div><\/div><\/div><\/div><\/div><div id=\"pg-603-7\"  class=\"panel-grid panel-no-style\" ><div id=\"pgc-603-7-0\"  class=\"panel-grid-cell\" ><div id=\"panel-603-7-0-0\" class=\"so-panel widget widget_sow-image panel-first-child panel-last-child\" data-index=\"11\" ><div\n\t\t\t\n\t\t\tclass=\"so-widget-sow-image so-widget-sow-image-default-8b5b6f678277-603\"\n\t\t\t\n\t\t>\n<div class=\"sow-image-container\">\n\t\t<img \n\tsrc=\"https:\/\/brueckenbauer.kulturundwir.de\/wp-content\/uploads\/2025\/12\/DSCF5027-001-200x300.jpg\" width=\"200\" height=\"300\" srcset=\"https:\/\/brueckenbauer.kulturundwir.de\/wp-content\/uploads\/2025\/12\/DSCF5027-001-200x300.jpg 200w, https:\/\/brueckenbauer.kulturundwir.de\/wp-content\/uploads\/2025\/12\/DSCF5027-001.jpg 402w\" sizes=\"(max-width: 200px) 100vw, 200px\" title=\"RSM Louis Lamm\" alt=\"\" \t\tclass=\"so-widget-image\"\/>\n\t<\/div>\n\n<\/div><\/div><\/div><div id=\"pgc-603-7-1\"  class=\"panel-grid-cell\" ><div id=\"panel-603-7-1-0\" class=\"so-panel widget widget_sow-editor panel-first-child panel-last-child\" data-index=\"12\" ><div\n\t\t\t\n\t\t\tclass=\"so-widget-sow-editor so-widget-sow-editor-base\"\n\t\t\t\n\t\t>\n<div class=\"siteorigin-widget-tinymce textwidget\">\n\t<p>Dieses Streetart-Werk zum Br\u00fcckenbauer Louis Lamm der Sch\u00fclerinnen und Sch\u00fclern der Dr.-Max-Josef-Metzger-Realschule Meitingen befindet sich in Buttenwiesen, Donauw\u00f6rther-Str. 36.<\/p>\n<p>Foto: Michael Stark<\/p>\n<\/div>\n<\/div><\/div><\/div><\/div><div id=\"pg-603-8\"  class=\"panel-grid panel-no-style\" ><div id=\"pgc-603-8-0\"  class=\"panel-grid-cell\" ><div id=\"panel-603-8-0-0\" class=\"so-panel widget widget_sow-editor panel-first-child panel-last-child\" data-index=\"13\" ><div class=\"panel-widget-style panel-widget-style-for-603-8-0-0\" ><div\n\t\t\t\n\t\t\tclass=\"so-widget-sow-editor so-widget-sow-editor-base\"\n\t\t\t\n\t\t>\n<div class=\"siteorigin-widget-tinymce textwidget\">\n\t<\/div>\n<\/div><\/div><\/div><\/div><\/div><div id=\"pg-603-9\"  class=\"panel-grid panel-no-style\" ><div id=\"pgc-603-9-0\"  class=\"panel-grid-cell\" ><div id=\"panel-603-9-0-0\" class=\"so-panel widget widget_sow-image panel-first-child panel-last-child\" data-index=\"14\" ><div\n\t\t\t\n\t\t\tclass=\"so-widget-sow-image so-widget-sow-image-default-8b5b6f678277-603\"\n\t\t\t\n\t\t>\n<div class=\"sow-image-container\">\n\t\t<img \n\tsrc=\"https:\/\/brueckenbauer.kulturundwir.de\/wp-content\/uploads\/2025\/12\/DSCF5022-001-200x300.jpg\" width=\"200\" height=\"300\" srcset=\"https:\/\/brueckenbauer.kulturundwir.de\/wp-content\/uploads\/2025\/12\/DSCF5022-001-200x300.jpg 200w, https:\/\/brueckenbauer.kulturundwir.de\/wp-content\/uploads\/2025\/12\/DSCF5022-001.jpg 403w\" sizes=\"(max-width: 200px) 100vw, 200px\" title=\"RSM Louis Lamm\" alt=\"\" \t\tclass=\"so-widget-image\"\/>\n\t<\/div>\n\n<\/div><\/div><\/div><div id=\"pgc-603-9-1\"  class=\"panel-grid-cell\" ><div id=\"panel-603-9-1-0\" class=\"so-panel widget widget_sow-editor panel-first-child panel-last-child\" data-index=\"15\" ><div\n\t\t\t\n\t\t\tclass=\"so-widget-sow-editor so-widget-sow-editor-base\"\n\t\t\t\n\t\t>\n<div class=\"siteorigin-widget-tinymce textwidget\">\n\t<p>Dieses Streetart-Werk zum Br\u00fcckenbauer Louis Lamm der Sch\u00fclerinnen und Sch\u00fclern der Dr.-Max-Josef-Metzger-Realschule Meitingen befindet sich in Buttenwiesen, Donauw\u00f6rther-Str. 2.<\/p>\n<p>Foto: Michael Stark<\/p>\n<\/div>\n<\/div><\/div><\/div><\/div><div id=\"pg-603-10\"  class=\"panel-grid panel-no-style\" ><div id=\"pgc-603-10-0\"  class=\"panel-grid-cell\" ><div id=\"panel-603-10-0-0\" class=\"so-panel widget widget_sow-editor panel-first-child panel-last-child\" data-index=\"16\" ><div class=\"panel-widget-style panel-widget-style-for-603-10-0-0\" ><div\n\t\t\t\n\t\t\tclass=\"so-widget-sow-editor so-widget-sow-editor-base\"\n\t\t\t\n\t\t>\n<div class=\"siteorigin-widget-tinymce textwidget\">\n\t<\/div>\n<\/div><\/div><\/div><\/div><\/div><div id=\"pg-603-11\"  class=\"panel-grid panel-no-style\" ><div id=\"pgc-603-11-0\"  class=\"panel-grid-cell\" ><div id=\"panel-603-11-0-0\" class=\"so-panel widget widget_sow-image panel-first-child panel-last-child\" data-index=\"17\" ><div\n\t\t\t\n\t\t\tclass=\"so-widget-sow-image so-widget-sow-image-default-8b5b6f678277-603\"\n\t\t\t\n\t\t>\n<div class=\"sow-image-container\">\n\t\t<img \n\tsrc=\"https:\/\/brueckenbauer.kulturundwir.de\/wp-content\/uploads\/2025\/07\/Louis-Lamm-1-213x300.png\" width=\"213\" height=\"300\" srcset=\"https:\/\/brueckenbauer.kulturundwir.de\/wp-content\/uploads\/2025\/07\/Louis-Lamm-1-213x300.png 213w, https:\/\/brueckenbauer.kulturundwir.de\/wp-content\/uploads\/2025\/07\/Louis-Lamm-1.png 363w\" sizes=\"(max-width: 213px) 100vw, 213px\" title=\"Louis Lamm\" alt=\"\" \t\tclass=\"so-widget-image\"\/>\n\t<\/div>\n\n<\/div><\/div><\/div><div id=\"pgc-603-11-1\"  class=\"panel-grid-cell\" ><div id=\"panel-603-11-1-0\" class=\"so-panel widget widget_sow-editor panel-first-child panel-last-child\" data-index=\"18\" ><div\n\t\t\t\n\t\t\tclass=\"so-widget-sow-editor so-widget-sow-editor-base\"\n\t\t\t\n\t\t><h3 class=\"widget-title\">LOUIS LAMM<\/h3>\n<div class=\"siteorigin-widget-tinymce textwidget\">\n\t<p><span class=\"fontstyle0\">Buchh\u00e4ndler, Antiquar und\u00a0<\/span><span class=\"fontstyle0\">Verleger.<\/span><\/p>\n<p>Mehr zu Louis Lamm <a href=\"https:\/\/brueckenbauer.kulturundwir.de\/index.php\/louis-lamm\/\">hier...<\/a><\/p>\n<\/div>\n<\/div><\/div><\/div><\/div><div id=\"pg-603-12\"  class=\"panel-grid panel-no-style\" ><div id=\"pgc-603-12-0\"  class=\"panel-grid-cell\" ><div id=\"panel-603-12-0-0\" class=\"so-panel widget widget_sow-editor panel-first-child panel-last-child\" data-index=\"19\" ><div class=\"panel-widget-style panel-widget-style-for-603-12-0-0\" ><div\n\t\t\t\n\t\t\tclass=\"so-widget-sow-editor so-widget-sow-editor-base\"\n\t\t\t\n\t\t>\n<div class=\"siteorigin-widget-tinymce textwidget\">\n\t<\/div>\n<\/div><\/div><\/div><\/div><\/div><div id=\"pg-603-13\"  class=\"panel-grid panel-no-style\" ><div id=\"pgc-603-13-0\"  class=\"panel-grid-cell\" ><div id=\"panel-603-13-0-0\" class=\"so-panel widget widget_sow-image panel-first-child panel-last-child\" data-index=\"20\" ><div\n\t\t\t\n\t\t\tclass=\"so-widget-sow-image so-widget-sow-image-default-8b5b6f678277-603\"\n\t\t\t\n\t\t>\n<div class=\"sow-image-container\">\n\t\t<img \n\tsrc=\"https:\/\/brueckenbauer.kulturundwir.de\/wp-content\/uploads\/2025\/11\/rsm3.jpg\" width=\"500\" height=\"888\" srcset=\"https:\/\/brueckenbauer.kulturundwir.de\/wp-content\/uploads\/2025\/11\/rsm3.jpg 500w, https:\/\/brueckenbauer.kulturundwir.de\/wp-content\/uploads\/2025\/11\/rsm3-169x300.jpg 169w\" sizes=\"(max-width: 500px) 100vw, 500px\" title=\"rsm3\" alt=\"\" \t\tclass=\"so-widget-image\"\/>\n\t<\/div>\n\n<\/div><\/div><\/div><div id=\"pgc-603-13-1\"  class=\"panel-grid-cell\" ><div id=\"panel-603-13-1-0\" class=\"so-panel widget widget_sow-image panel-first-child panel-last-child\" data-index=\"21\" ><div\n\t\t\t\n\t\t\tclass=\"so-widget-sow-image so-widget-sow-image-default-8b5b6f678277-603\"\n\t\t\t\n\t\t>\n<div class=\"sow-image-container\">\n\t\t<img \n\tsrc=\"https:\/\/brueckenbauer.kulturundwir.de\/wp-content\/uploads\/2025\/11\/rsm2.jpg\" width=\"500\" height=\"888\" srcset=\"https:\/\/brueckenbauer.kulturundwir.de\/wp-content\/uploads\/2025\/11\/rsm2.jpg 500w, https:\/\/brueckenbauer.kulturundwir.de\/wp-content\/uploads\/2025\/11\/rsm2-169x300.jpg 169w\" sizes=\"(max-width: 500px) 100vw, 500px\" title=\"rsm2\" alt=\"\" \t\tclass=\"so-widget-image\"\/>\n\t<\/div>\n\n<\/div><\/div><\/div><div id=\"pgc-603-13-2\"  class=\"panel-grid-cell panel-grid-cell-mobile-last\" ><div id=\"panel-603-13-2-0\" class=\"so-panel widget widget_sow-image panel-first-child panel-last-child\" data-index=\"22\" ><div\n\t\t\t\n\t\t\tclass=\"so-widget-sow-image so-widget-sow-image-default-8b5b6f678277-603\"\n\t\t\t\n\t\t>\n<div class=\"sow-image-container\">\n\t\t<img \n\tsrc=\"https:\/\/brueckenbauer.kulturundwir.de\/wp-content\/uploads\/2025\/11\/rsm1.jpg\" width=\"500\" height=\"888\" srcset=\"https:\/\/brueckenbauer.kulturundwir.de\/wp-content\/uploads\/2025\/11\/rsm1.jpg 500w, https:\/\/brueckenbauer.kulturundwir.de\/wp-content\/uploads\/2025\/11\/rsm1-169x300.jpg 169w\" sizes=\"(max-width: 500px) 100vw, 500px\" title=\"rsm1\" alt=\"\" \t\tclass=\"so-widget-image\"\/>\n\t<\/div>\n\n<\/div><\/div><\/div><div id=\"pgc-603-13-3\"  class=\"panel-grid-cell panel-grid-cell-empty\" ><\/div><\/div><div id=\"pg-603-14\"  class=\"panel-grid panel-no-style\" ><div id=\"pgc-603-14-0\"  class=\"panel-grid-cell\" ><div id=\"panel-603-14-0-0\" class=\"so-panel widget widget_sow-editor panel-first-child panel-last-child\" data-index=\"23\" ><div\n\t\t\t\n\t\t\tclass=\"so-widget-sow-editor so-widget-sow-editor-base\"\n\t\t\t\n\t\t>\n<div class=\"siteorigin-widget-tinymce textwidget\">\n\t<p>Sch\u00fclerinnen und Sch\u00fcler der Dr.-Max-Josef-Metzger-Schule Realschule Meitingen bei der Gestaltung der Werke.<\/p>\n<\/div>\n<\/div><\/div><\/div><\/div><div id=\"pg-603-15\"  class=\"panel-grid panel-has-style\" ><div class=\"panel-row-style panel-row-style-for-603-15\" ><div id=\"pgc-603-15-0\"  class=\"panel-grid-cell panel-grid-cell-empty\" ><\/div><\/div><\/div><\/div>","protected":false},"excerpt":{"rendered":"<p>Webseite der Dr. Max Josef Metzger-Realschule Meitingen: https:\/\/www.rsmeitingen.org Dieses Streetart-Werk zum Br\u00fcckenbauer Dr. Max Josef Metzger der Sch\u00fclerinnen und Sch\u00fclern der Dr.-Max-Josef-Metzger-Realschule Meitingen befindet sich in Meitingen, Kreuzung Schurbeinstra\u00dfe \/ Hauptstra\u00dfe. Foto: Michael Stark<\/p>\n","protected":false},"author":1,"featured_media":0,"parent":0,"menu_order":0,"comment_status":"closed","ping_status":"closed","template":"","meta":{"footnotes":""},"class_list":["post-603","page","type-page","status-publish","hentry","post"],"_links":{"self":[{"href":"https:\/\/brueckenbauer.kulturundwir.de\/index.php\/wp-json\/wp\/v2\/pages\/603","targetHints":{"allow":["GET"]}}],"collection":[{"href":"https:\/\/brueckenbauer.kulturundwir.de\/index.php\/wp-json\/wp\/v2\/pages"}],"about":[{"href":"https:\/\/brueckenbauer.kulturundwir.de\/index.php\/wp-json\/wp\/v2\/types\/page"}],"author":[{"embeddable":true,"href":"https:\/\/brueckenbauer.kulturundwir.de\/index.php\/wp-json\/wp\/v2\/users\/1"}],"replies":[{"embeddable":true,"href":"https:\/\/brueckenbauer.kulturundwir.de\/index.php\/wp-json\/wp\/v2\/comments?post=603"}],"version-history":[{"count":16,"href":"https:\/\/brueckenbauer.kulturundwir.de\/index.php\/wp-json\/wp\/v2\/pages\/603\/revisions"}],"predecessor-version":[{"id":965,"href":"https:\/\/brueckenbauer.kulturundwir.de\/index.php\/wp-json\/wp\/v2\/pages\/603\/revisions\/965"}],"wp:attachment":[{"href":"https:\/\/brueckenbauer.kulturundwir.de\/index.php\/wp-json\/wp\/v2\/media?parent=603"}],"curies":[{"name":"wp","href":"https:\/\/api.w.org\/{rel}","templated":true}]}}