{"id":606,"date":"2025-11-15T11:45:08","date_gmt":"2025-11-15T11:45:08","guid":{"rendered":"https:\/\/brueckenbauer.kulturundwir.de\/?page_id=606"},"modified":"2026-02-16T13:35:46","modified_gmt":"2026-02-16T13:35:46","slug":"montessori-fos-wertingen","status":"publish","type":"page","link":"https:\/\/brueckenbauer.kulturundwir.de\/index.php\/montessori-fos-wertingen\/","title":{"rendered":"MONTESSORI FOS WERTINGEN"},"content":{"rendered":"<div id=\"pl-606\"  class=\"panel-layout\" ><div id=\"pg-606-0\"  class=\"panel-grid panel-no-style\" ><div id=\"pgc-606-0-0\"  class=\"panel-grid-cell\" ><div id=\"panel-606-0-0-0\" class=\"so-panel widget widget_sow-editor panel-first-child\" data-index=\"0\" ><div\n\t\t\t\n\t\t\tclass=\"so-widget-sow-editor so-widget-sow-editor-base\"\n\t\t\t\n\t\t>\n<div class=\"siteorigin-widget-tinymce textwidget\">\n\t<p>Webseite der Montessori FOS Wertingen: <a href=\"https:\/\/montessori-fos.de\">https:\/\/montessori-fos.de<\/a><\/p>\n<\/div>\n<\/div><\/div><div id=\"panel-606-0-0-1\" class=\"so-panel widget widget_sow-editor panel-last-child\" data-index=\"1\" ><div class=\"panel-widget-style panel-widget-style-for-606-0-0-1\" ><div\n\t\t\t\n\t\t\tclass=\"so-widget-sow-editor so-widget-sow-editor-base\"\n\t\t\t\n\t\t>\n<div class=\"siteorigin-widget-tinymce textwidget\">\n\t<\/div>\n<\/div><\/div><\/div><\/div><\/div><div id=\"pg-606-1\"  class=\"panel-grid panel-no-style\" ><div id=\"pgc-606-1-0\"  class=\"panel-grid-cell\" ><div id=\"panel-606-1-0-0\" class=\"so-panel widget widget_sow-image panel-first-child panel-last-child\" data-index=\"2\" ><div\n\t\t\t\n\t\t\tclass=\"so-widget-sow-image so-widget-sow-image-default-8b5b6f678277-606\"\n\t\t\t\n\t\t>\n<div class=\"sow-image-container\">\n\t\t<img \n\tsrc=\"https:\/\/brueckenbauer.kulturundwir.de\/wp-content\/uploads\/2025\/12\/DSCF5069-001.jpg\" width=\"402\" height=\"602\" srcset=\"https:\/\/brueckenbauer.kulturundwir.de\/wp-content\/uploads\/2025\/12\/DSCF5069-001.jpg 402w, https:\/\/brueckenbauer.kulturundwir.de\/wp-content\/uploads\/2025\/12\/DSCF5069-001-200x300.jpg 200w\" sizes=\"(max-width: 402px) 100vw, 402px\" title=\"FOSW Trauner\" alt=\"\" \t\tclass=\"so-widget-image\"\/>\n\t<\/div>\n\n<\/div><\/div><\/div><div id=\"pgc-606-1-1\"  class=\"panel-grid-cell\" ><div id=\"panel-606-1-1-0\" class=\"so-panel widget widget_sow-editor panel-first-child panel-last-child\" data-index=\"3\" ><div\n\t\t\t\n\t\t\tclass=\"so-widget-sow-editor so-widget-sow-editor-base\"\n\t\t\t\n\t\t>\n<div class=\"siteorigin-widget-tinymce textwidget\">\n\t<p>Dieses Streetart-Werk zum Br\u00fcckenbauer<a href=\"https:\/\/brueckenbauer.kulturundwir.de\/index.php\/anton-trauner\/\"> Pr\u00e4lat Anton Trauner<\/a> der Sch\u00fclerinnen und Sch\u00fclern der Montessori FOS Wertingen befindet sich in Wertingen, Gottmannshofer-Str. 9 (bei Esso-Tankstelle).<\/p>\n<p>Foto: Michael Stark<\/p>\n<\/div>\n<\/div><\/div><\/div><\/div><div id=\"pg-606-2\"  class=\"panel-grid panel-no-style\" ><div id=\"pgc-606-2-0\"  class=\"panel-grid-cell\" ><div id=\"panel-606-2-0-0\" class=\"so-panel widget widget_sow-editor panel-first-child panel-last-child\" data-index=\"4\" ><div class=\"panel-widget-style panel-widget-style-for-606-2-0-0\" ><div\n\t\t\t\n\t\t\tclass=\"so-widget-sow-editor so-widget-sow-editor-base\"\n\t\t\t\n\t\t>\n<div class=\"siteorigin-widget-tinymce textwidget\">\n\t<\/div>\n<\/div><\/div><\/div><\/div><\/div><div id=\"pg-606-3\"  class=\"panel-grid panel-no-style\" ><div id=\"pgc-606-3-0\"  class=\"panel-grid-cell\" ><div id=\"panel-606-3-0-0\" class=\"so-panel widget widget_sow-image panel-first-child panel-last-child\" data-index=\"5\" ><div\n\t\t\t\n\t\t\tclass=\"so-widget-sow-image so-widget-sow-image-default-8b5b6f678277-606\"\n\t\t\t\n\t\t><\/div><\/div><\/div><div id=\"pgc-606-3-1\"  class=\"panel-grid-cell\" ><div id=\"panel-606-3-1-0\" class=\"so-panel widget widget_sow-editor panel-first-child panel-last-child\" data-index=\"6\" ><div\n\t\t\t\n\t\t\tclass=\"so-widget-sow-editor so-widget-sow-editor-base\"\n\t\t\t\n\t\t><h3 class=\"widget-title\">ANTON TRAUNER<\/h3>\n<div class=\"siteorigin-widget-tinymce textwidget\">\n\t<p>Missionst\u00e4tigkeit in Busan, S\u00fcdkorea. Dort Gr\u00fcndung zahlreicher sozialer Einrichtungen:<\/p>\n<p>Mehr zu Anton Trauner <a href=\"https:\/\/brueckenbauer.kulturundwir.de\/index.php\/anton-trauner\/\">hier...<\/a><\/p>\n<\/div>\n<\/div><\/div><\/div><\/div><div id=\"pg-606-4\"  class=\"panel-grid panel-no-style\" ><div id=\"pgc-606-4-0\"  class=\"panel-grid-cell\" ><div id=\"panel-606-4-0-0\" class=\"so-panel widget widget_sow-editor panel-first-child panel-last-child\" data-index=\"7\" ><div class=\"panel-widget-style panel-widget-style-for-606-4-0-0\" ><div\n\t\t\t\n\t\t\tclass=\"so-widget-sow-editor so-widget-sow-editor-base\"\n\t\t\t\n\t\t>\n<div class=\"siteorigin-widget-tinymce textwidget\">\n\t<\/div>\n<\/div><\/div><\/div><\/div><\/div><div id=\"pg-606-5\"  class=\"panel-grid panel-no-style\" ><div id=\"pgc-606-5-0\"  class=\"panel-grid-cell\" ><div id=\"panel-606-5-0-0\" class=\"so-panel widget widget_sow-image panel-first-child panel-last-child\" data-index=\"8\" ><div\n\t\t\t\n\t\t\tclass=\"so-widget-sow-image so-widget-sow-image-default-8b5b6f678277-606\"\n\t\t\t\n\t\t>\n<div class=\"sow-image-container\">\n\t\t<img \n\tsrc=\"https:\/\/brueckenbauer.kulturundwir.de\/wp-content\/uploads\/2025\/12\/DSCF5017-001-200x300.jpg\" width=\"200\" height=\"300\" srcset=\"https:\/\/brueckenbauer.kulturundwir.de\/wp-content\/uploads\/2025\/12\/DSCF5017-001-200x300.jpg 200w, https:\/\/brueckenbauer.kulturundwir.de\/wp-content\/uploads\/2025\/12\/DSCF5017-001.jpg 402w\" sizes=\"(max-width: 200px) 100vw, 200px\" title=\"MFOS Mindler\" alt=\"\" \t\tclass=\"so-widget-image\"\/>\n\t<\/div>\n\n<\/div><\/div><\/div><div id=\"pgc-606-5-1\"  class=\"panel-grid-cell\" ><div id=\"panel-606-5-1-0\" class=\"so-panel widget widget_sow-editor panel-first-child panel-last-child\" data-index=\"9\" ><div\n\t\t\t\n\t\t\tclass=\"so-widget-sow-editor so-widget-sow-editor-base\"\n\t\t\t\n\t\t>\n<div class=\"siteorigin-widget-tinymce textwidget\">\n\t<p>Dieses Streetart-Werk zum Br\u00fcckenbauer <a href=\"https:\/\/brueckenbauer.kulturundwir.de\/index.php\/joseph-mindler\/\">Joseph Maximilian Mindler<\/a> der Sch\u00fclerinnen und Sch\u00fclern der Montessori FOS Wertingen befindet sich in Wertingen, Zusmarshauser Str. 9.<\/p>\n<p>Foto: Michael Stark<\/p>\n<\/div>\n<\/div><\/div><\/div><\/div><div id=\"pg-606-6\"  class=\"panel-grid panel-no-style\" ><div id=\"pgc-606-6-0\"  class=\"panel-grid-cell\" ><div id=\"panel-606-6-0-0\" class=\"so-panel widget widget_sow-editor panel-first-child panel-last-child\" data-index=\"10\" ><div class=\"panel-widget-style panel-widget-style-for-606-6-0-0\" ><div\n\t\t\t\n\t\t\tclass=\"so-widget-sow-editor so-widget-sow-editor-base\"\n\t\t\t\n\t\t>\n<div class=\"siteorigin-widget-tinymce textwidget\">\n\t<\/div>\n<\/div><\/div><\/div><\/div><\/div><div id=\"pg-606-7\"  class=\"panel-grid panel-no-style\" ><div id=\"pgc-606-7-0\"  class=\"panel-grid-cell\" ><div id=\"panel-606-7-0-0\" class=\"so-panel widget widget_sow-image panel-first-child panel-last-child\" data-index=\"11\" ><div\n\t\t\t\n\t\t\tclass=\"so-widget-sow-image so-widget-sow-image-default-8b5b6f678277-606\"\n\t\t\t\n\t\t>\n<div class=\"sow-image-container\">\n\t\t<img \n\tsrc=\"https:\/\/brueckenbauer.kulturundwir.de\/wp-content\/uploads\/2025\/12\/DSCF5049-001.jpg\" width=\"602\" height=\"402\" srcset=\"https:\/\/brueckenbauer.kulturundwir.de\/wp-content\/uploads\/2025\/12\/DSCF5049-001.jpg 602w, https:\/\/brueckenbauer.kulturundwir.de\/wp-content\/uploads\/2025\/12\/DSCF5049-001-300x200.jpg 300w, https:\/\/brueckenbauer.kulturundwir.de\/wp-content\/uploads\/2025\/12\/DSCF5049-001-272x182.jpg 272w\" sizes=\"(max-width: 602px) 100vw, 602px\" title=\"FOSW Mindler\" alt=\"\" \t\tclass=\"so-widget-image\"\/>\n\t<\/div>\n\n<\/div><\/div><\/div><div id=\"pgc-606-7-1\"  class=\"panel-grid-cell\" ><div id=\"panel-606-7-1-0\" class=\"so-panel widget widget_sow-editor panel-first-child panel-last-child\" data-index=\"12\" ><div\n\t\t\t\n\t\t\tclass=\"so-widget-sow-editor so-widget-sow-editor-base\"\n\t\t\t\n\t\t>\n<div class=\"siteorigin-widget-tinymce textwidget\">\n\t<p>Dieses Streetart-Werk zum Br\u00fcckenbauer <a href=\"https:\/\/brueckenbauer.kulturundwir.de\/index.php\/joseph-mindler\/\">Joseph Maximilian Mindler<\/a> der Sch\u00fclerinnen und Sch\u00fclern der Montessori FOS Wertingen befindet sich in Wertingen, Laugnaparkplatz.<\/p>\n<p>Foto: Michael Stark<\/p>\n<\/div>\n<\/div><\/div><\/div><\/div><div id=\"pg-606-8\"  class=\"panel-grid panel-no-style\" ><div id=\"pgc-606-8-0\"  class=\"panel-grid-cell\" ><div id=\"panel-606-8-0-0\" class=\"so-panel widget widget_sow-editor panel-first-child panel-last-child\" data-index=\"13\" ><div class=\"panel-widget-style panel-widget-style-for-606-8-0-0\" ><div\n\t\t\t\n\t\t\tclass=\"so-widget-sow-editor so-widget-sow-editor-base\"\n\t\t\t\n\t\t>\n<div class=\"siteorigin-widget-tinymce textwidget\">\n\t<\/div>\n<\/div><\/div><\/div><\/div><\/div><div id=\"pg-606-9\"  class=\"panel-grid panel-no-style\" ><div id=\"pgc-606-9-0\"  class=\"panel-grid-cell\" ><div id=\"panel-606-9-0-0\" class=\"so-panel widget widget_sow-image panel-first-child panel-last-child\" data-index=\"14\" ><div\n\t\t\t\n\t\t\tclass=\"so-widget-sow-image so-widget-sow-image-default-8b5b6f678277-606\"\n\t\t\t\n\t\t>\n<div class=\"sow-image-container\">\n\t\t<img \n\tsrc=\"https:\/\/brueckenbauer.kulturundwir.de\/wp-content\/uploads\/2025\/08\/Joseph-Mindler-225x300.jpg\" width=\"225\" height=\"300\" srcset=\"https:\/\/brueckenbauer.kulturundwir.de\/wp-content\/uploads\/2025\/08\/Joseph-Mindler-225x300.jpg 225w, https:\/\/brueckenbauer.kulturundwir.de\/wp-content\/uploads\/2025\/08\/Joseph-Mindler.jpg 600w\" sizes=\"(max-width: 225px) 100vw, 225px\" title=\"Joseph M. Mindler\" alt=\"\" \t\tclass=\"so-widget-image\"\/>\n\t<\/div>\n\n<\/div><\/div><\/div><div id=\"pgc-606-9-1\"  class=\"panel-grid-cell\" ><div id=\"panel-606-9-1-0\" class=\"so-panel widget widget_sow-editor panel-first-child panel-last-child\" data-index=\"15\" ><div\n\t\t\t\n\t\t\tclass=\"so-widget-sow-editor so-widget-sow-editor-base\"\n\t\t\t\n\t\t><h3 class=\"widget-title\">JOSEPH M. MINDLER<\/h3>\n<div class=\"siteorigin-widget-tinymce textwidget\">\n\t<p>Wirkte ab 1832 in Griechenland am institutionellen Staatsaufbau mit.<\/p>\n<p>Mehr zu Joseph M. Mindler <a href=\"https:\/\/brueckenbauer.kulturundwir.de\/index.php\/joseph-mindler\/\">hier...<\/a><\/p>\n<\/div>\n<\/div><\/div><\/div><\/div><div id=\"pg-606-10\"  class=\"panel-grid panel-no-style\" ><div id=\"pgc-606-10-0\"  class=\"panel-grid-cell\" ><div id=\"panel-606-10-0-0\" class=\"so-panel widget widget_sow-editor panel-first-child panel-last-child\" data-index=\"16\" ><div class=\"panel-widget-style panel-widget-style-for-606-10-0-0\" ><div\n\t\t\t\n\t\t\tclass=\"so-widget-sow-editor so-widget-sow-editor-base\"\n\t\t\t\n\t\t>\n<div class=\"siteorigin-widget-tinymce textwidget\">\n\t<\/div>\n<\/div><\/div><\/div><\/div><\/div><\/div>","protected":false},"excerpt":{"rendered":"<p>Webseite der Montessori FOS Wertingen: https:\/\/montessori-fos.de Dieses Streetart-Werk zum Br\u00fcckenbauer Pr\u00e4lat Anton Trauner der Sch\u00fclerinnen und Sch\u00fclern der Montessori FOS Wertingen befindet sich in Wertingen, Gottmannshofer-Str. 9 (bei Esso-Tankstelle). Foto: Michael Stark<\/p>\n","protected":false},"author":1,"featured_media":0,"parent":0,"menu_order":0,"comment_status":"closed","ping_status":"closed","template":"","meta":{"footnotes":""},"class_list":["post-606","page","type-page","status-publish","hentry","post"],"_links":{"self":[{"href":"https:\/\/brueckenbauer.kulturundwir.de\/index.php\/wp-json\/wp\/v2\/pages\/606","targetHints":{"allow":["GET"]}}],"collection":[{"href":"https:\/\/brueckenbauer.kulturundwir.de\/index.php\/wp-json\/wp\/v2\/pages"}],"about":[{"href":"https:\/\/brueckenbauer.kulturundwir.de\/index.php\/wp-json\/wp\/v2\/types\/page"}],"author":[{"embeddable":true,"href":"https:\/\/brueckenbauer.kulturundwir.de\/index.php\/wp-json\/wp\/v2\/users\/1"}],"replies":[{"embeddable":true,"href":"https:\/\/brueckenbauer.kulturundwir.de\/index.php\/wp-json\/wp\/v2\/comments?post=606"}],"version-history":[{"count":11,"href":"https:\/\/brueckenbauer.kulturundwir.de\/index.php\/wp-json\/wp\/v2\/pages\/606\/revisions"}],"predecessor-version":[{"id":962,"href":"https:\/\/brueckenbauer.kulturundwir.de\/index.php\/wp-json\/wp\/v2\/pages\/606\/revisions\/962"}],"wp:attachment":[{"href":"https:\/\/brueckenbauer.kulturundwir.de\/index.php\/wp-json\/wp\/v2\/media?parent=606"}],"curies":[{"name":"wp","href":"https:\/\/api.w.org\/{rel}","templated":true}]}}