{"id":609,"date":"2025-11-15T11:54:30","date_gmt":"2025-11-15T11:54:30","guid":{"rendered":"https:\/\/brueckenbauer.kulturundwir.de\/?page_id=609"},"modified":"2026-02-16T13:38:16","modified_gmt":"2026-02-16T13:38:16","slug":"johann-michael-sailer-gymnasium-dillingen","status":"publish","type":"page","link":"https:\/\/brueckenbauer.kulturundwir.de\/index.php\/johann-michael-sailer-gymnasium-dillingen\/","title":{"rendered":"JOHANN-MICHAEL-SAILER-GYMNASIUM DILLINGEN"},"content":{"rendered":"<div id=\"pl-609\"  class=\"panel-layout\" ><div id=\"pg-609-0\"  class=\"panel-grid panel-no-style\" ><div id=\"pgc-609-0-0\"  class=\"panel-grid-cell\" ><div id=\"panel-609-0-0-0\" class=\"so-panel widget widget_sow-editor panel-first-child\" data-index=\"0\" ><div\n\t\t\t\n\t\t\tclass=\"so-widget-sow-editor so-widget-sow-editor-base\"\n\t\t\t\n\t\t>\n<div class=\"siteorigin-widget-tinymce textwidget\">\n\t<p>Webseite des Johann-Michael-Sailer-Gymnasiums Dillingen: <a href=\"https:\/\/sailer-gymnasium.de\">https:\/\/sailer-gymnasium.de<\/a><\/p>\n<\/div>\n<\/div><\/div><div id=\"panel-609-0-0-1\" class=\"so-panel widget widget_sow-editor panel-last-child\" data-index=\"1\" ><div class=\"panel-widget-style panel-widget-style-for-609-0-0-1\" ><div\n\t\t\t\n\t\t\tclass=\"so-widget-sow-editor so-widget-sow-editor-base\"\n\t\t\t\n\t\t>\n<div class=\"siteorigin-widget-tinymce textwidget\">\n\t<\/div>\n<\/div><\/div><\/div><\/div><\/div><div id=\"pg-609-1\"  class=\"panel-grid panel-no-style\" ><div id=\"pgc-609-1-0\"  class=\"panel-grid-cell\" ><div id=\"panel-609-1-0-0\" class=\"so-panel widget widget_sow-image panel-first-child panel-last-child\" data-index=\"2\" ><div\n\t\t\t\n\t\t\tclass=\"so-widget-sow-image so-widget-sow-image-default-8b5b6f678277-609\"\n\t\t\t\n\t\t>\n<div class=\"sow-image-container\">\n\t\t<img \n\tsrc=\"https:\/\/brueckenbauer.kulturundwir.de\/wp-content\/uploads\/2026\/02\/Roth-sailer@gerhards.jpg\" width=\"402\" height=\"536\" srcset=\"https:\/\/brueckenbauer.kulturundwir.de\/wp-content\/uploads\/2026\/02\/Roth-sailer@gerhards.jpg 402w, https:\/\/brueckenbauer.kulturundwir.de\/wp-content\/uploads\/2026\/02\/Roth-sailer@gerhards-225x300.jpg 225w\" sizes=\"(max-width: 402px) 100vw, 402px\" title=\"JMS Roth\" alt=\"\" \t\tclass=\"so-widget-image\"\/>\n\t<\/div>\n\n<\/div><\/div><\/div><div id=\"pgc-609-1-1\"  class=\"panel-grid-cell\" ><div id=\"panel-609-1-1-0\" class=\"so-panel widget widget_sow-editor panel-first-child panel-last-child\" data-index=\"3\" ><div\n\t\t\t\n\t\t\tclass=\"so-widget-sow-editor so-widget-sow-editor-base\"\n\t\t\t\n\t\t>\n<div class=\"siteorigin-widget-tinymce textwidget\">\n\t<p>Dieses Streetart-Werk zum Br\u00fcckenbauer <a href=\"https:\/\/brueckenbauer.kulturundwir.de\/index.php\/heinrich-roth\/\">Heinrich Roth<\/a> der Sch\u00fclerinnen und Sch\u00fclern des Johann-Michael-Sailer-Gymnasiums Dillingen befindet sich in Dillingen, Lothar-Sch\u00e4tzl-Str. 3.<\/p>\n<p>Foto: Heinz Gerhards<\/p>\n<\/div>\n<\/div><\/div><\/div><\/div><div id=\"pg-609-2\"  class=\"panel-grid panel-no-style\" ><div id=\"pgc-609-2-0\"  class=\"panel-grid-cell\" ><div id=\"panel-609-2-0-0\" class=\"so-panel widget widget_sow-editor panel-first-child panel-last-child\" data-index=\"4\" ><div class=\"panel-widget-style panel-widget-style-for-609-2-0-0\" ><div\n\t\t\t\n\t\t\tclass=\"so-widget-sow-editor so-widget-sow-editor-base\"\n\t\t\t\n\t\t>\n<div class=\"siteorigin-widget-tinymce textwidget\">\n\t<\/div>\n<\/div><\/div><\/div><\/div><\/div><div id=\"pg-609-3\"  class=\"panel-grid panel-no-style\" ><div id=\"pgc-609-3-0\"  class=\"panel-grid-cell\" ><div id=\"panel-609-3-0-0\" class=\"so-panel widget widget_sow-image panel-first-child panel-last-child\" data-index=\"5\" ><div\n\t\t\t\n\t\t\tclass=\"so-widget-sow-image so-widget-sow-image-default-8b5b6f678277-609\"\n\t\t\t\n\t\t>\n<div class=\"sow-image-container\">\n\t\t<img \n\tsrc=\"https:\/\/brueckenbauer.kulturundwir.de\/wp-content\/uploads\/2025\/07\/Heinrich-Roth-296x300.jpg\" width=\"296\" height=\"300\" srcset=\"https:\/\/brueckenbauer.kulturundwir.de\/wp-content\/uploads\/2025\/07\/Heinrich-Roth-296x300.jpg 296w, https:\/\/brueckenbauer.kulturundwir.de\/wp-content\/uploads\/2025\/07\/Heinrich-Roth-768x779.jpg 768w, https:\/\/brueckenbauer.kulturundwir.de\/wp-content\/uploads\/2025\/07\/Heinrich-Roth.jpg 812w\" sizes=\"(max-width: 296px) 100vw, 296px\" title=\"Heinrich Roth\" alt=\"\" \t\tclass=\"so-widget-image\"\/>\n\t<\/div>\n\n<\/div><\/div><\/div><div id=\"pgc-609-3-1\"  class=\"panel-grid-cell\" ><div id=\"panel-609-3-1-0\" class=\"so-panel widget widget_sow-editor panel-first-child panel-last-child\" data-index=\"6\" ><div\n\t\t\t\n\t\t\tclass=\"so-widget-sow-editor so-widget-sow-editor-base\"\n\t\t\t\n\t\t><h3 class=\"widget-title\">HEINRICH ROTH<\/h3>\n<div class=\"siteorigin-widget-tinymce textwidget\">\n\t<p><span class=\"fontstyle0\">Einer <\/span><span class=\"fontstyle0\">der ersten europ\u00e4ischen\u00a0<\/span><span class=\"fontstyle0\">Sanskritforscher<\/span><span class=\"fontstyle0\">.<\/span><\/p>\n<p>Mehr zu Heinrich Roth <a href=\"https:\/\/brueckenbauer.kulturundwir.de\/index.php\/heinrich-roth\/\">hier...<\/a><\/p>\n<\/div>\n<\/div><\/div><\/div><\/div><div id=\"pg-609-4\"  class=\"panel-grid panel-no-style\" ><div id=\"pgc-609-4-0\"  class=\"panel-grid-cell\" ><div id=\"panel-609-4-0-0\" class=\"so-panel widget widget_sow-editor panel-first-child panel-last-child\" data-index=\"7\" ><div class=\"panel-widget-style panel-widget-style-for-609-4-0-0\" ><div\n\t\t\t\n\t\t\tclass=\"so-widget-sow-editor so-widget-sow-editor-base\"\n\t\t\t\n\t\t>\n<div class=\"siteorigin-widget-tinymce textwidget\">\n\t<\/div>\n<\/div><\/div><\/div><\/div><\/div><div id=\"pg-609-5\"  class=\"panel-grid panel-no-style\" ><div id=\"pgc-609-5-0\"  class=\"panel-grid-cell\" ><div id=\"panel-609-5-0-0\" class=\"so-panel widget widget_sow-image panel-first-child panel-last-child\" data-index=\"8\" ><div\n\t\t\t\n\t\t\tclass=\"so-widget-sow-image so-widget-sow-image-default-8b5b6f678277-609\"\n\t\t\t\n\t\t>\n<div class=\"sow-image-container\">\n\t\t<img \n\tsrc=\"https:\/\/brueckenbauer.kulturundwir.de\/wp-content\/uploads\/2025\/12\/DSCF5001-001.jpg\" width=\"402\" height=\"602\" srcset=\"https:\/\/brueckenbauer.kulturundwir.de\/wp-content\/uploads\/2025\/12\/DSCF5001-001.jpg 402w, https:\/\/brueckenbauer.kulturundwir.de\/wp-content\/uploads\/2025\/12\/DSCF5001-001-200x300.jpg 200w\" sizes=\"(max-width: 402px) 100vw, 402px\" title=\"JMS Englert\" alt=\"\" \t\tclass=\"so-widget-image\"\/>\n\t<\/div>\n\n<\/div><\/div><\/div><div id=\"pgc-609-5-1\"  class=\"panel-grid-cell\" ><div id=\"panel-609-5-1-0\" class=\"so-panel widget widget_sow-editor panel-first-child panel-last-child\" data-index=\"9\" ><div\n\t\t\t\n\t\t\tclass=\"so-widget-sow-editor so-widget-sow-editor-base\"\n\t\t\t\n\t\t>\n<div class=\"siteorigin-widget-tinymce textwidget\">\n\t<p>Dieses Streetart-Werk zum Br\u00fcckenbauer <a href=\"https:\/\/brueckenbauer.kulturundwir.de\/index.php\/sebastian-englert\/\">Sebastian Englert<\/a> der Sch\u00fclerinnen und Sch\u00fclern des Johann-Michael-Sailer-Gymnasiums Dillingen befindet sich in Dillingen, Ziegelstr. 8.<\/p>\n<p>Foto: Michael Stark<\/p>\n<\/div>\n<\/div><\/div><\/div><\/div><div id=\"pg-609-6\"  class=\"panel-grid panel-no-style\" ><div id=\"pgc-609-6-0\"  class=\"panel-grid-cell\" ><div id=\"panel-609-6-0-0\" class=\"so-panel widget widget_sow-editor panel-first-child panel-last-child\" data-index=\"10\" ><div class=\"panel-widget-style panel-widget-style-for-609-6-0-0\" ><div\n\t\t\t\n\t\t\tclass=\"so-widget-sow-editor so-widget-sow-editor-base\"\n\t\t\t\n\t\t>\n<div class=\"siteorigin-widget-tinymce textwidget\">\n\t<\/div>\n<\/div><\/div><\/div><\/div><\/div><div id=\"pg-609-7\"  class=\"panel-grid panel-no-style\" ><div id=\"pgc-609-7-0\"  class=\"panel-grid-cell\" ><div id=\"panel-609-7-0-0\" class=\"so-panel widget widget_sow-image panel-first-child panel-last-child\" data-index=\"11\" ><div\n\t\t\t\n\t\t\tclass=\"so-widget-sow-image so-widget-sow-image-default-8b5b6f678277-609\"\n\t\t\t\n\t\t><\/div><\/div><\/div><div id=\"pgc-609-7-1\"  class=\"panel-grid-cell\" ><div id=\"panel-609-7-1-0\" class=\"so-panel widget widget_sow-editor panel-first-child panel-last-child\" data-index=\"12\" ><div\n\t\t\t\n\t\t\tclass=\"so-widget-sow-editor so-widget-sow-editor-base\"\n\t\t\t\n\t\t><h3 class=\"widget-title\">SEBASTIAN ENGLERT<\/h3>\n<div class=\"siteorigin-widget-tinymce textwidget\">\n\t<p><span class=\"fontstyle1\">Missionar, Kapuzinerpater und\u00a0<\/span><span class=\"fontstyle1\">Sprachenforscher.<\/span><\/p>\n<p>Mehr zu Sebastian Englert <a href=\"https:\/\/brueckenbauer.kulturundwir.de\/index.php\/sebastian-englert\/\">hier...<\/a><\/p>\n<\/div>\n<\/div><\/div><\/div><\/div><div id=\"pg-609-8\"  class=\"panel-grid panel-no-style\" ><div id=\"pgc-609-8-0\"  class=\"panel-grid-cell\" ><div id=\"panel-609-8-0-0\" class=\"so-panel widget widget_sow-editor panel-first-child panel-last-child\" data-index=\"13\" ><div class=\"panel-widget-style panel-widget-style-for-609-8-0-0\" ><div\n\t\t\t\n\t\t\tclass=\"so-widget-sow-editor so-widget-sow-editor-base\"\n\t\t\t\n\t\t>\n<div class=\"siteorigin-widget-tinymce textwidget\">\n\t<\/div>\n<\/div><\/div><\/div><\/div><\/div><\/div>","protected":false},"excerpt":{"rendered":"<p>Webseite des Johann-Michael-Sailer-Gymnasiums Dillingen: https:\/\/sailer-gymnasium.de Dieses Streetart-Werk zum Br\u00fcckenbauer Heinrich Roth der Sch\u00fclerinnen und Sch\u00fclern des Johann-Michael-Sailer-Gymnasiums Dillingen befindet sich in Dillingen, Lothar-Sch\u00e4tzl-Str. 3. Foto: Heinz Gerhards<\/p>\n","protected":false},"author":1,"featured_media":0,"parent":0,"menu_order":0,"comment_status":"closed","ping_status":"closed","template":"","meta":{"footnotes":""},"class_list":["post-609","page","type-page","status-publish","hentry","post"],"_links":{"self":[{"href":"https:\/\/brueckenbauer.kulturundwir.de\/index.php\/wp-json\/wp\/v2\/pages\/609","targetHints":{"allow":["GET"]}}],"collection":[{"href":"https:\/\/brueckenbauer.kulturundwir.de\/index.php\/wp-json\/wp\/v2\/pages"}],"about":[{"href":"https:\/\/brueckenbauer.kulturundwir.de\/index.php\/wp-json\/wp\/v2\/types\/page"}],"author":[{"embeddable":true,"href":"https:\/\/brueckenbauer.kulturundwir.de\/index.php\/wp-json\/wp\/v2\/users\/1"}],"replies":[{"embeddable":true,"href":"https:\/\/brueckenbauer.kulturundwir.de\/index.php\/wp-json\/wp\/v2\/comments?post=609"}],"version-history":[{"count":6,"href":"https:\/\/brueckenbauer.kulturundwir.de\/index.php\/wp-json\/wp\/v2\/pages\/609\/revisions"}],"predecessor-version":[{"id":963,"href":"https:\/\/brueckenbauer.kulturundwir.de\/index.php\/wp-json\/wp\/v2\/pages\/609\/revisions\/963"}],"wp:attachment":[{"href":"https:\/\/brueckenbauer.kulturundwir.de\/index.php\/wp-json\/wp\/v2\/media?parent=609"}],"curies":[{"name":"wp","href":"https:\/\/api.w.org\/{rel}","templated":true}]}}