{"id":928,"date":"2026-01-20T13:56:31","date_gmt":"2026-01-20T13:56:31","guid":{"rendered":"https:\/\/brueckenbauer.kulturundwir.de\/?page_id=928"},"modified":"2026-03-08T11:41:01","modified_gmt":"2026-03-08T11:41:01","slug":"wanderausstellung","status":"publish","type":"page","link":"https:\/\/brueckenbauer.kulturundwir.de\/index.php\/wanderausstellung\/","title":{"rendered":"Ausstellung Sparkasse"},"content":{"rendered":"<div id=\"pl-928\"  class=\"panel-layout\" ><div id=\"pg-928-0\"  class=\"panel-grid panel-no-style\" ><div id=\"pgc-928-0-0\"  class=\"panel-grid-cell panel-grid-cell-empty\" ><\/div><\/div><div id=\"pg-928-1\"  class=\"panel-grid panel-no-style\" ><div id=\"pgc-928-1-0\"  class=\"panel-grid-cell\" ><div id=\"panel-928-1-0-0\" class=\"so-panel widget widget_sow-editor panel-first-child panel-last-child\" data-index=\"0\" ><div class=\"panel-widget-style panel-widget-style-for-928-1-0-0\" ><div\n\t\t\t\n\t\t\tclass=\"so-widget-sow-editor so-widget-sow-editor-base\"\n\t\t\t\n\t\t><h3 class=\"widget-title\">STREETART SCHABLONENKUNST<\/h3>\n<div class=\"siteorigin-widget-tinymce textwidget\">\n\t<h4>Ausstellungszeitraum: 26.02. bis 13.03.2026 (mittags)<\/h4>\n<h4><strong>\u00d6ffnungszeiten der Sparkasse Dillingen<\/strong><\/h4>\n<h4>Dillingen, Sparkasse, K\u00f6nigstra\u00dfe 36<\/h4>\n<h4>Eintritt: frei<\/h4>\n<\/div>\n<\/div><\/div><\/div><\/div><div id=\"pgc-928-1-1\"  class=\"panel-grid-cell\" ><div id=\"panel-928-1-1-0\" class=\"so-panel widget widget_sow-editor panel-first-child panel-last-child\" data-index=\"1\" ><div class=\"panel-widget-style panel-widget-style-for-928-1-1-0\" ><div\n\t\t\t\n\t\t\tclass=\"so-widget-sow-editor so-widget-sow-editor-base\"\n\t\t\t\n\t\t><h3 class=\"widget-title\">Br\u00fcckenbauer in Nordschwaben<\/h3>\n<div class=\"siteorigin-widget-tinymce textwidget\">\n\t<h4>Erg\u00e4nzend zu den vielen Werken im \u00f6ffentlichen Raum zeigt die Ausstellung in der Sparkasse Dillingen alle Arbeiten, die im Rahmen des Projekts \"Br\u00fcckenbauer in Nordschwaben\" vom franz\u00f6sischen K\u00fcnstler Christian Gu\u00e9my und den Sch\u00fclerinnen und Sch\u00fclern von sieben weiterf\u00fchrenden Schulen aus Nordschwaben gestaltet wurden. Die Pr\u00e4sentation er\u00f6ffnet somit einen spannungsreichen Blick auf die portraitierten historischen Pers\u00f6nlichkeiten.<\/h4>\n<\/div>\n<\/div><\/div><\/div><\/div><\/div><div id=\"pg-928-2\"  class=\"panel-grid panel-has-style\" ><div class=\"panel-row-style panel-row-style-for-928-2\" ><div id=\"pgc-928-2-0\"  class=\"panel-grid-cell panel-grid-cell-empty\" ><\/div><\/div><\/div><div id=\"pg-928-3\"  class=\"panel-grid panel-no-style\" ><div id=\"pgc-928-3-0\"  class=\"panel-grid-cell\" ><div id=\"panel-928-3-0-0\" class=\"so-panel widget widget_sow-image panel-first-child panel-last-child\" data-index=\"2\" ><div class=\"panel-widget-style panel-widget-style-for-928-3-0-0\" ><div\n\t\t\t\n\t\t\tclass=\"so-widget-sow-image so-widget-sow-image-default-8b5b6f678277-928\"\n\t\t\t\n\t\t>\n<div class=\"sow-image-container\">\n\t\t<img \n\tsrc=\"https:\/\/brueckenbauer.kulturundwir.de\/wp-content\/uploads\/2025\/12\/DSCF5027-001.jpg\" width=\"267\" height=\"400\" srcset=\"https:\/\/brueckenbauer.kulturundwir.de\/wp-content\/uploads\/2025\/12\/DSCF5027-001.jpg 402w, https:\/\/brueckenbauer.kulturundwir.de\/wp-content\/uploads\/2025\/12\/DSCF5027-001-200x300.jpg 200w\" sizes=\"(max-width: 267px) 100vw, 267px\" title=\"Lamm\" alt=\"\" \t\tclass=\"so-widget-image\"\/>\n\t<\/div>\n\n<\/div><\/div><\/div><\/div><div id=\"pgc-928-3-1\"  class=\"panel-grid-cell\" ><div id=\"panel-928-3-1-0\" class=\"so-panel widget widget_sow-image panel-first-child panel-last-child\" data-index=\"3\" ><div\n\t\t\t\n\t\t\tclass=\"so-widget-sow-image so-widget-sow-image-default-8b5b6f678277-928\"\n\t\t\t\n\t\t>\n<div class=\"sow-image-container\">\n\t\t<img \n\tsrc=\"https:\/\/brueckenbauer.kulturundwir.de\/wp-content\/uploads\/2025\/12\/DSCF5097-001.jpg\" width=\"346\" height=\"400\" srcset=\"https:\/\/brueckenbauer.kulturundwir.de\/wp-content\/uploads\/2025\/12\/DSCF5097-001.jpg 401w, https:\/\/brueckenbauer.kulturundwir.de\/wp-content\/uploads\/2025\/12\/DSCF5097-001-260x300.jpg 260w\" sizes=\"(max-width: 346px) 100vw, 346px\" alt=\"\" \t\tclass=\"so-widget-image\"\/>\n\t<\/div>\n\n<\/div><\/div><\/div><\/div><div id=\"pg-928-4\"  class=\"panel-grid panel-no-style\" ><div id=\"pgc-928-4-0\"  class=\"panel-grid-cell\" ><div id=\"panel-928-4-0-0\" class=\"so-panel widget widget_sow-image panel-first-child panel-last-child\" data-index=\"4\" ><div\n\t\t\t\n\t\t\tclass=\"so-widget-sow-image so-widget-sow-image-default-8b5b6f678277-928\"\n\t\t\t\n\t\t>\n<div class=\"sow-image-container\">\n\t\t<img \n\tsrc=\"https:\/\/brueckenbauer.kulturundwir.de\/wp-content\/uploads\/2025\/12\/DSCF5003-001.jpg\" width=\"602\" height=\"402\" srcset=\"https:\/\/brueckenbauer.kulturundwir.de\/wp-content\/uploads\/2025\/12\/DSCF5003-001.jpg 602w, https:\/\/brueckenbauer.kulturundwir.de\/wp-content\/uploads\/2025\/12\/DSCF5003-001-300x200.jpg 300w, https:\/\/brueckenbauer.kulturundwir.de\/wp-content\/uploads\/2025\/12\/DSCF5003-001-272x182.jpg 272w\" sizes=\"(max-width: 602px) 100vw, 602px\" title=\"Beckler\" alt=\"\" \t\tclass=\"so-widget-image\"\/>\n\t<\/div>\n\n<\/div><\/div><\/div><div id=\"pgc-928-4-1\"  class=\"panel-grid-cell\" ><div id=\"panel-928-4-1-0\" class=\"so-panel widget widget_sow-image panel-first-child panel-last-child\" data-index=\"5\" ><div\n\t\t\t\n\t\t\tclass=\"so-widget-sow-image so-widget-sow-image-default-8b5b6f678277-928\"\n\t\t\t\n\t\t>\n<div class=\"sow-image-container\">\n\t\t<img \n\tsrc=\"https:\/\/brueckenbauer.kulturundwir.de\/wp-content\/uploads\/2025\/12\/DSCF5072-001.jpg\" width=\"602\" height=\"402\" srcset=\"https:\/\/brueckenbauer.kulturundwir.de\/wp-content\/uploads\/2025\/12\/DSCF5072-001.jpg 602w, https:\/\/brueckenbauer.kulturundwir.de\/wp-content\/uploads\/2025\/12\/DSCF5072-001-300x200.jpg 300w, https:\/\/brueckenbauer.kulturundwir.de\/wp-content\/uploads\/2025\/12\/DSCF5072-001-272x182.jpg 272w\" sizes=\"(max-width: 602px) 100vw, 602px\" title=\"Metzger-RSM\" alt=\"\" \t\tclass=\"so-widget-image\"\/>\n\t<\/div>\n\n<\/div><\/div><\/div><div id=\"pgc-928-4-2\"  class=\"panel-grid-cell\" ><div id=\"panel-928-4-2-0\" class=\"so-panel widget widget_sow-image panel-first-child panel-last-child\" data-index=\"6\" ><div\n\t\t\t\n\t\t\tclass=\"so-widget-sow-image so-widget-sow-image-default-8b5b6f678277-928\"\n\t\t\t\n\t\t>\n<div class=\"sow-image-container\">\n\t\t<img \n\tsrc=\"https:\/\/brueckenbauer.kulturundwir.de\/wp-content\/uploads\/2025\/12\/DSCF5008-001.jpg\" width=\"602\" height=\"402\" srcset=\"https:\/\/brueckenbauer.kulturundwir.de\/wp-content\/uploads\/2025\/12\/DSCF5008-001.jpg 602w, https:\/\/brueckenbauer.kulturundwir.de\/wp-content\/uploads\/2025\/12\/DSCF5008-001-300x200.jpg 300w, https:\/\/brueckenbauer.kulturundwir.de\/wp-content\/uploads\/2025\/12\/DSCF5008-001-272x182.jpg 272w\" sizes=\"(max-width: 602px) 100vw, 602px\" title=\"Renz\" alt=\"\" \t\tclass=\"so-widget-image\"\/>\n\t<\/div>\n\n<\/div><\/div><\/div><\/div><div id=\"pg-928-5\"  class=\"panel-grid panel-has-style\" ><div class=\"panel-row-style panel-row-style-for-928-5\" ><div id=\"pgc-928-5-0\"  class=\"panel-grid-cell panel-grid-cell-empty\" ><\/div><\/div><\/div><div id=\"pg-928-6\"  class=\"panel-grid panel-no-style\" ><div id=\"pgc-928-6-0\"  class=\"panel-grid-cell\" ><div id=\"panel-928-6-0-0\" class=\"so-panel widget widget_sow-image panel-first-child panel-last-child\" data-index=\"7\" ><div class=\"panel-widget-style panel-widget-style-for-928-6-0-0\" ><div\n\t\t\t\n\t\t\tclass=\"so-widget-sow-image so-widget-sow-image-default-8b5b6f678277-928\"\n\t\t\t\n\t\t>\n<div class=\"sow-image-container\">\n\t\t<img \n\tsrc=\"https:\/\/brueckenbauer.kulturundwir.de\/wp-content\/uploads\/2025\/12\/albertus@michael-stark.jpg\" width=\"1500\" height=\"1002\" srcset=\"https:\/\/brueckenbauer.kulturundwir.de\/wp-content\/uploads\/2025\/12\/albertus@michael-stark.jpg 1500w, https:\/\/brueckenbauer.kulturundwir.de\/wp-content\/uploads\/2025\/12\/albertus@michael-stark-300x200.jpg 300w, https:\/\/brueckenbauer.kulturundwir.de\/wp-content\/uploads\/2025\/12\/albertus@michael-stark-1024x684.jpg 1024w, https:\/\/brueckenbauer.kulturundwir.de\/wp-content\/uploads\/2025\/12\/albertus@michael-stark-768x513.jpg 768w, https:\/\/brueckenbauer.kulturundwir.de\/wp-content\/uploads\/2025\/12\/albertus@michael-stark-720x480.jpg 720w, https:\/\/brueckenbauer.kulturundwir.de\/wp-content\/uploads\/2025\/12\/albertus@michael-stark-272x182.jpg 272w\" sizes=\"(max-width: 1500px) 100vw, 1500px\" alt=\"\" \t\tclass=\"so-widget-image\"\/>\n\t<\/div>\n\n<\/div><\/div><\/div><\/div><div id=\"pgc-928-6-1\"  class=\"panel-grid-cell\" ><div id=\"panel-928-6-1-0\" class=\"so-panel widget widget_sow-editor panel-first-child panel-last-child\" data-index=\"8\" ><div class=\"panel-widget-style panel-widget-style-for-928-6-1-0\" ><div\n\t\t\t\n\t\t\tclass=\"so-widget-sow-editor so-widget-sow-editor-base\"\n\t\t\t\n\t\t>\n<div class=\"siteorigin-widget-tinymce textwidget\">\n\t<h4>Der franz\u00f6sische Streetart-K\u00fcnstler C215 (Christian Gu\u00e9my) praktiziert seine Kunst in St\u00e4dten auf der ganzen Welt und wurde bereits mit vielen Preisen ausgezeichnet. Mit seiner ausgefeilten Schablonenkunst gestaltete C215 im Projekt \u201eBr\u00fcckenbauer\u201c in f\u00fcnf nodschw\u00e4bischen Orten Werke zu historischen Pers\u00f6nlichkeiten aus unserer Region.<\/h4>\n<h4>Mehr zu C215 <a href=\"https:\/\/brueckenbauer.kulturundwir.de\/index.php\/c215\/\">hier...<\/a><\/h4>\n<\/div>\n<\/div><\/div><\/div><\/div><\/div><div id=\"pg-928-7\"  class=\"panel-grid panel-has-style\" ><div class=\"panel-row-style panel-row-style-for-928-7\" ><div id=\"pgc-928-7-0\"  class=\"panel-grid-cell panel-grid-cell-empty\" ><\/div><\/div><\/div><\/div>","protected":false},"excerpt":{"rendered":"<p>Ausstellungszeitraum: 26.02. bis 13.03.2026 (mittags) \u00d6ffnungszeiten der Sparkasse Dillingen Dillingen, Sparkasse, K\u00f6nigstra\u00dfe 36 Eintritt: frei Erg\u00e4nzend zu den vielen Werken im \u00f6ffentlichen Raum zeigt die Ausstellung in der Sparkasse Dillingen alle Arbeiten, die im Rahmen des Projekts &#8222;Br\u00fcckenbauer in Nordschwaben&#8220; vom franz\u00f6sischen K\u00fcnstler Christian Gu\u00e9my und den Sch\u00fclerinnen und Sch\u00fclern von sieben weiterf\u00fchrenden Schulen aus [&hellip;]<\/p>\n","protected":false},"author":1,"featured_media":0,"parent":0,"menu_order":0,"comment_status":"closed","ping_status":"closed","template":"","meta":{"footnotes":""},"class_list":["post-928","page","type-page","status-publish","hentry","post"],"_links":{"self":[{"href":"https:\/\/brueckenbauer.kulturundwir.de\/index.php\/wp-json\/wp\/v2\/pages\/928","targetHints":{"allow":["GET"]}}],"collection":[{"href":"https:\/\/brueckenbauer.kulturundwir.de\/index.php\/wp-json\/wp\/v2\/pages"}],"about":[{"href":"https:\/\/brueckenbauer.kulturundwir.de\/index.php\/wp-json\/wp\/v2\/types\/page"}],"author":[{"embeddable":true,"href":"https:\/\/brueckenbauer.kulturundwir.de\/index.php\/wp-json\/wp\/v2\/users\/1"}],"replies":[{"embeddable":true,"href":"https:\/\/brueckenbauer.kulturundwir.de\/index.php\/wp-json\/wp\/v2\/comments?post=928"}],"version-history":[{"count":13,"href":"https:\/\/brueckenbauer.kulturundwir.de\/index.php\/wp-json\/wp\/v2\/pages\/928\/revisions"}],"predecessor-version":[{"id":971,"href":"https:\/\/brueckenbauer.kulturundwir.de\/index.php\/wp-json\/wp\/v2\/pages\/928\/revisions\/971"}],"wp:attachment":[{"href":"https:\/\/brueckenbauer.kulturundwir.de\/index.php\/wp-json\/wp\/v2\/media?parent=928"}],"curies":[{"name":"wp","href":"https:\/\/api.w.org\/{rel}","templated":true}]}}